{"id":33,"date":"2019-09-01T08:57:52","date_gmt":"2019-09-01T08:57:52","guid":{"rendered":"https:\/\/revier67.ch\/solothurn\/?page_id=33"},"modified":"2025-08-06T11:42:31","modified_gmt":"2025-08-06T09:42:31","slug":"start","status":"publish","type":"page","link":"https:\/\/www.revier67.ch\/solothurn\/","title":{"rendered":"Start"},"content":{"rendered":"\t\t<div data-elementor-type=\"wp-post\" data-elementor-id=\"33\" class=\"elementor elementor-33\" data-elementor-post-type=\"page\">\n\t\t\t\t\t\t<section class=\"elementor-section elementor-top-section elementor-element elementor-element-7f826d3 elementor-section-boxed elementor-section-height-default elementor-section-height-default\" data-id=\"7f826d3\" data-element_type=\"section\" data-e-type=\"section\">\n\t\t\t\t\t\t<div class=\"elementor-container elementor-column-gap-default\">\n\t\t\t\t\t<div class=\"elementor-column elementor-col-33 elementor-top-column elementor-element elementor-element-38b7114\" data-id=\"38b7114\" data-element_type=\"column\" data-e-type=\"column\">\n\t\t\t<div class=\"elementor-widget-wrap elementor-element-populated\">\n\t\t\t\t\t\t<div class=\"elementor-element elementor-element-c0b6b68 elementor-position-top elementor-widget elementor-widget-image-box\" data-id=\"c0b6b68\" data-element_type=\"widget\" data-e-type=\"widget\" data-widget_type=\"image-box.default\">\n\t\t\t\t<div class=\"elementor-widget-container\">\n\t\t\t\t\t<div class=\"elementor-image-box-wrapper\"><figure class=\"elementor-image-box-img\"><a href=\"https:\/\/www.revier67.ch\/solothurn\/jagd\/rehkitzrettung\/\" tabindex=\"-1\"><img fetchpriority=\"high\" decoding=\"async\" width=\"768\" height=\"276\" src=\"https:\/\/i0.wp.com\/www.revier67.ch\/solothurn\/wp-content\/uploads\/2021\/06\/Rehkitzerttung-titel.jpg?fit=768%2C276&amp;ssl=1\" class=\"attachment-medium_large size-medium_large wp-image-599\" alt=\"\" srcset=\"https:\/\/i0.wp.com\/www.revier67.ch\/solothurn\/wp-content\/uploads\/2021\/06\/Rehkitzerttung-titel.jpg?w=891&amp;ssl=1 891w, https:\/\/i0.wp.com\/www.revier67.ch\/solothurn\/wp-content\/uploads\/2021\/06\/Rehkitzerttung-titel.jpg?resize=300%2C108&amp;ssl=1 300w, https:\/\/i0.wp.com\/www.revier67.ch\/solothurn\/wp-content\/uploads\/2021\/06\/Rehkitzerttung-titel.jpg?resize=768%2C276&amp;ssl=1 768w\" sizes=\"(max-width: 768px) 100vw, 768px\" \/><\/a><\/figure><div class=\"elementor-image-box-content\"><h3 class=\"elementor-image-box-title\"><a href=\"https:\/\/www.revier67.ch\/solothurn\/jagd\/rehkitzrettung\/\">Rehkitzrettung<\/a><\/h3><p class=\"elementor-image-box-description\">Die Rehkitzrettung erscheint in keiner Statistik\u2026<\/br>\nDie Jagdstatistik vermeldet jedoch pro Jahr 1500 Rehkitze die durch das M\u00e4hen landwirtschaftlich genutzter Wiesen ums leben kommen. Die Dunkelziffer d\u00fcrfte noch erheblich h\u00f6her liegen\u2026<\/p><\/div><\/div>\t\t\t\t<\/div>\n\t\t\t\t<\/div>\n\t\t\t\t\t<\/div>\n\t\t<\/div>\n\t\t\t\t<div class=\"elementor-column elementor-col-33 elementor-top-column elementor-element elementor-element-102100d4\" data-id=\"102100d4\" data-element_type=\"column\" data-e-type=\"column\">\n\t\t\t<div class=\"elementor-widget-wrap elementor-element-populated\">\n\t\t\t\t\t\t<div class=\"elementor-element elementor-element-631da31f elementor-position-top elementor-widget elementor-widget-image-box\" data-id=\"631da31f\" data-element_type=\"widget\" data-e-type=\"widget\" data-widget_type=\"image-box.default\">\n\t\t\t\t<div class=\"elementor-widget-container\">\n\t\t\t\t\t<div class=\"elementor-image-box-wrapper\"><figure class=\"elementor-image-box-img\"><a href=\"https:\/\/www.revier67.ch\/solothurn\/die-jagd\/\" tabindex=\"-1\"><img decoding=\"async\" width=\"768\" height=\"282\" src=\"https:\/\/i0.wp.com\/www.revier67.ch\/solothurn\/wp-content\/uploads\/2021\/06\/Jagd_Logo.png?fit=768%2C282&amp;ssl=1\" class=\"attachment-medium_large size-medium_large wp-image-598\" alt=\"Jagd\" srcset=\"https:\/\/i0.wp.com\/www.revier67.ch\/solothurn\/wp-content\/uploads\/2021\/06\/Jagd_Logo.png?w=870&amp;ssl=1 870w, https:\/\/i0.wp.com\/www.revier67.ch\/solothurn\/wp-content\/uploads\/2021\/06\/Jagd_Logo.png?resize=300%2C110&amp;ssl=1 300w, https:\/\/i0.wp.com\/www.revier67.ch\/solothurn\/wp-content\/uploads\/2021\/06\/Jagd_Logo.png?resize=768%2C282&amp;ssl=1 768w\" sizes=\"(max-width: 768px) 100vw, 768px\" \/><\/a><\/figure><div class=\"elementor-image-box-content\"><h3 class=\"elementor-image-box-title\"><a href=\"https:\/\/www.revier67.ch\/solothurn\/die-jagd\/\">Jagd<\/a><\/h3><p class=\"elementor-image-box-description\">Im Kanton Solothurn gibt es die Revierjagd seit 1932. F\u00fcr den Revierj\u00e4ger gibt es keine Jagdsaison, Jagdgesellschaft hegen und\n jagen im Revier das ganze Jahr auch wenn von Aussenstehenden oft nur \ndie Herbstjagd als Jagd wargenommen wird.<\/p><\/div><\/div>\t\t\t\t<\/div>\n\t\t\t\t<\/div>\n\t\t\t\t\t<\/div>\n\t\t<\/div>\n\t\t\t\t<div class=\"elementor-column elementor-col-33 elementor-top-column elementor-element elementor-element-3448f6b\" data-id=\"3448f6b\" data-element_type=\"column\" data-e-type=\"column\">\n\t\t\t<div class=\"elementor-widget-wrap elementor-element-populated\">\n\t\t\t\t\t\t<div class=\"elementor-element elementor-element-3f1ef7d elementor-position-top elementor-widget elementor-widget-image-box\" data-id=\"3f1ef7d\" data-element_type=\"widget\" data-e-type=\"widget\" data-widget_type=\"image-box.default\">\n\t\t\t\t<div class=\"elementor-widget-container\">\n\t\t\t\t\t<div class=\"elementor-image-box-wrapper\"><figure class=\"elementor-image-box-img\"><a href=\"https:\/\/www.revier67.ch\/solothurn\/unser-revier\/\" tabindex=\"-1\"><img decoding=\"async\" width=\"768\" height=\"282\" src=\"https:\/\/i0.wp.com\/www.revier67.ch\/solothurn\/wp-content\/uploads\/2021\/06\/revier_titel.jpg?fit=768%2C282&amp;ssl=1\" class=\"attachment-medium_large size-medium_large wp-image-601\" alt=\"\" srcset=\"https:\/\/i0.wp.com\/www.revier67.ch\/solothurn\/wp-content\/uploads\/2021\/06\/revier_titel.jpg?w=870&amp;ssl=1 870w, https:\/\/i0.wp.com\/www.revier67.ch\/solothurn\/wp-content\/uploads\/2021\/06\/revier_titel.jpg?resize=300%2C110&amp;ssl=1 300w, https:\/\/i0.wp.com\/www.revier67.ch\/solothurn\/wp-content\/uploads\/2021\/06\/revier_titel.jpg?resize=768%2C282&amp;ssl=1 768w\" sizes=\"(max-width: 768px) 100vw, 768px\" \/><\/a><\/figure><div class=\"elementor-image-box-content\"><h3 class=\"elementor-image-box-title\"><a href=\"https:\/\/www.revier67.ch\/solothurn\/unser-revier\/\">Unser Revier<\/a><\/h3><p class=\"elementor-image-box-description\">Innerhalb der Reviergrenzen bestimmt der Faltenjura das Landschaftsbild \nund gibt im Jahresrhtymus den Takt f\u00fcr Mensch und Tier vor.<\/p><\/div><\/div>\t\t\t\t<\/div>\n\t\t\t\t<\/div>\n\t\t\t\t\t<\/div>\n\t\t<\/div>\n\t\t\t\t\t<\/div>\n\t\t<\/section>\n\t\t\t\t<section class=\"elementor-section elementor-top-section elementor-element elementor-element-69601200 elementor-section-boxed elementor-section-height-default elementor-section-height-default\" data-id=\"69601200\" data-element_type=\"section\" data-e-type=\"section\">\n\t\t\t\t\t\t<div class=\"elementor-container elementor-column-gap-wider\">\n\t\t\t\t\t<div class=\"elementor-column elementor-col-50 elementor-top-column elementor-element elementor-element-66e6c0ff\" data-id=\"66e6c0ff\" data-element_type=\"column\" data-e-type=\"column\">\n\t\t\t<div class=\"elementor-widget-wrap elementor-element-populated\">\n\t\t\t\t\t\t<div class=\"elementor-element elementor-element-a4f9dbc elementor--h-position-left elementor--v-position-top elementor-arrows-position-inside elementor-pagination-position-inside elementor-widget elementor-widget-slides\" data-id=\"a4f9dbc\" data-element_type=\"widget\" data-e-type=\"widget\" data-settings=\"{&quot;transition&quot;:&quot;fade&quot;,&quot;navigation&quot;:&quot;both&quot;,&quot;transition_speed&quot;:500}\" data-widget_type=\"slides.default\">\n\t\t\t\t<div class=\"elementor-widget-container\">\n\t\t\t\t\t\t\t\t\t<div class=\"elementor-swiper\">\n\t\t\t\t\t<div class=\"elementor-slides-wrapper elementor-main-swiper swiper\" role=\"region\" aria-roledescription=\"carousel\" aria-label=\"Slider\" dir=\"ltr\" data-animation=\"zoomIn\">\n\t\t\t\t<div class=\"swiper-wrapper elementor-slides\">\n\t\t\t\t\t\t\t\t\t\t<div class=\"elementor-repeater-item-ac9b3cd swiper-slide\" role=\"group\" aria-roledescription=\"slide\"><div class=\"swiper-slide-bg\"><\/div><div class=\"swiper-slide-inner\" ><div class=\"swiper-slide-contents\"><div class=\"elementor-slide-heading\">Rehkitzrettung<\/div><div class=\"elementor-slide-description\">Unser Dronenteam ist flexibel und beweglich - rufen Sie uns an, damit wir auch Ihr Feld vor den M\u00e4harbeiten nach Tieren absuchen k\u00f6nnen - nur so k\u00f6nnen wir gemeinsam Tierleid verhindern!\n\n\n<\/div><a href=\"https:\/\/www.revier67.ch\/solothurn\/rehkitzrettung-kontakte\/\" target=\"_blank\" class=\"elementor-button elementor-slide-button elementor-size-xs\">Kontakt<\/a><\/div><\/div><\/div>\t\t\t\t<\/div>\n\t\t\t\t\t\t\t<\/div>\n\t\t\t\t<\/div>\n\t\t\t\t\t\t\t\t<\/div>\n\t\t\t\t<\/div>\n\t\t\t\t\t<\/div>\n\t\t<\/div>\n\t\t\t\t<div class=\"elementor-column elementor-col-50 elementor-top-column elementor-element elementor-element-294028f\" data-id=\"294028f\" data-element_type=\"column\" data-e-type=\"column\">\n\t\t\t<div class=\"elementor-widget-wrap elementor-element-populated\">\n\t\t\t\t\t\t<div class=\"elementor-element elementor-element-6d9f3db elementor--h-position-left elementor--v-position-top elementor-arrows-position-inside elementor-pagination-position-inside elementor-widget elementor-widget-slides\" data-id=\"6d9f3db\" data-element_type=\"widget\" data-e-type=\"widget\" data-settings=\"{&quot;transition&quot;:&quot;fade&quot;,&quot;navigation&quot;:&quot;both&quot;,&quot;transition_speed&quot;:500}\" data-widget_type=\"slides.default\">\n\t\t\t\t<div class=\"elementor-widget-container\">\n\t\t\t\t\t\t\t\t\t<div class=\"elementor-swiper\">\n\t\t\t\t\t<div class=\"elementor-slides-wrapper elementor-main-swiper swiper\" role=\"region\" aria-roledescription=\"carousel\" aria-label=\"Slider\" dir=\"ltr\" data-animation=\"zoomIn\">\n\t\t\t\t<div class=\"swiper-wrapper elementor-slides\">\n\t\t\t\t\t\t\t\t\t\t<div class=\"elementor-repeater-item-ac9b3cd swiper-slide\" role=\"group\" aria-roledescription=\"slide\"><div class=\"swiper-slide-bg\"><\/div><div class=\"swiper-slide-inner\" ><div class=\"swiper-slide-contents\"><div class=\"elementor-slide-heading\">Wildunfall - was tun?<\/div><div class=\"elementor-slide-description\"><ol><li>Halten Sie umgehend an und schalten Sie den Warnblinker ein.<\/li><li>Sichern Sie die Unfallstelle mit einem Pannendreieck.<\/li><li>Rufen Sie die Polizei (Telefon 117).<\/li><li>N\u00e4hern Sie sich dem verletzten Tier auf keinen Fall; dies f\u00fchrt zu zus\u00e4tzlichem Stress und Leid.<\/li><li>Warten Sie im Auto, bis die Polizei und der Wildh\u00fcter oder der J\u00e4ger am Unfallort eingetroffen sind.<\/li><\/ol><\/div><a href=\"https:\/\/www.revier67.ch\/solothurn\/https-www-revier67-ch-solothurn-wildunfall-ursachen-und-neue-erkenntnisse-offnet-in-neuem-tab\/\" target=\"_blank\" class=\"elementor-button elementor-slide-button elementor-size-xs\">Mehr zum Thema<\/a><\/div><\/div><\/div>\t\t\t\t<\/div>\n\t\t\t\t\t\t\t<\/div>\n\t\t\t\t<\/div>\n\t\t\t\t\t\t\t\t<\/div>\n\t\t\t\t<\/div>\n\t\t\t\t\t<\/div>\n\t\t<\/div>\n\t\t\t\t\t<\/div>\n\t\t<\/section>\n\t\t\t\t<section class=\"elementor-section elementor-top-section elementor-element elementor-element-541c015 elementor-section-boxed elementor-section-height-default elementor-section-height-default\" data-id=\"541c015\" data-element_type=\"section\" data-e-type=\"section\">\n\t\t\t\t\t\t<div class=\"elementor-container elementor-column-gap-default\">\n\t\t\t\t\t<div class=\"elementor-column elementor-col-100 elementor-top-column elementor-element elementor-element-57b2588\" data-id=\"57b2588\" data-element_type=\"column\" data-e-type=\"column\">\n\t\t\t<div class=\"elementor-widget-wrap elementor-element-populated\">\n\t\t\t\t\t\t<div class=\"elementor-element elementor-element-6354e1f elementor-grid-3 elementor-grid-tablet-2 elementor-grid-mobile-1 elementor-posts--thumbnail-top elementor-card-shadow-yes elementor-posts__hover-gradient elementor-widget elementor-widget-posts\" data-id=\"6354e1f\" data-element_type=\"widget\" data-e-type=\"widget\" data-settings=\"{&quot;cards_columns&quot;:&quot;3&quot;,&quot;cards_columns_tablet&quot;:&quot;2&quot;,&quot;cards_columns_mobile&quot;:&quot;1&quot;,&quot;cards_row_gap&quot;:{&quot;unit&quot;:&quot;px&quot;,&quot;size&quot;:35,&quot;sizes&quot;:[]},&quot;cards_row_gap_tablet&quot;:{&quot;unit&quot;:&quot;px&quot;,&quot;size&quot;:&quot;&quot;,&quot;sizes&quot;:[]},&quot;cards_row_gap_mobile&quot;:{&quot;unit&quot;:&quot;px&quot;,&quot;size&quot;:&quot;&quot;,&quot;sizes&quot;:[]}}\" data-widget_type=\"posts.cards\">\n\t\t\t\t<div class=\"elementor-widget-container\">\n\t\t\t\t\t\t\t<div class=\"elementor-posts-container elementor-posts elementor-posts--skin-cards elementor-grid\" role=\"list\">\n\t\t\t\t<article class=\"elementor-post elementor-grid-item post-1032 post type-post status-publish format-standard has-post-thumbnail hentry category-revier-aktuell category-unser-revier tag-hegetag tag-verein entry has-media\" role=\"listitem\">\n\t\t\t<div class=\"elementor-post__card\">\n\t\t\t\t<a class=\"elementor-post__thumbnail__link\" href=\"https:\/\/www.revier67.ch\/solothurn\/heimwerker-im-wald-hegetag-im-herbst\/\" tabindex=\"-1\" target=\"_blank\"><div class=\"elementor-post__thumbnail\"><img loading=\"lazy\" decoding=\"async\" width=\"870\" height=\"320\" src=\"https:\/\/i0.wp.com\/www.revier67.ch\/solothurn\/wp-content\/uploads\/2021\/10\/Title-1.jpg?fit=870%2C320&amp;ssl=1\" class=\"attachment-large size-large wp-image-1036\" alt=\"Hegetag 2\/2021\" srcset=\"https:\/\/i0.wp.com\/www.revier67.ch\/solothurn\/wp-content\/uploads\/2021\/10\/Title-1.jpg?w=870&amp;ssl=1 870w, https:\/\/i0.wp.com\/www.revier67.ch\/solothurn\/wp-content\/uploads\/2021\/10\/Title-1.jpg?resize=300%2C110&amp;ssl=1 300w, https:\/\/i0.wp.com\/www.revier67.ch\/solothurn\/wp-content\/uploads\/2021\/10\/Title-1.jpg?resize=768%2C282&amp;ssl=1 768w\" sizes=\"(max-width: 870px) 100vw, 870px\" \/><\/div><\/a>\n\t\t\t\t<div class=\"elementor-post__text\">\n\t\t\t\t<h3 class=\"elementor-post__title\">\n\t\t\t<a href=\"https:\/\/www.revier67.ch\/solothurn\/heimwerker-im-wald-hegetag-im-herbst\/\" target=&quot;_blank&quot;>\n\t\t\t\tHegetag im Herbst &#8211; Heimwerker im Wald\t\t\t<\/a>\n\t\t<\/h3>\n\t\t\t\t<div class=\"elementor-post__excerpt\">\n\t\t\t<p>Ein Revier wie das unsere braucht regelm\u00e4ssige Wartung, die Kanzeln und Hochsitze m\u00fcssen repariert werden, B\u00fcsche und Hecken ben\u00f6tigen einen Schnitt, das Jagdhaus braucht eine Innenreinigung &#8211; Hegetag steht auf dem Programm&#8230;<\/p>\n\t\t<\/div>\n\t\t\n\t\t<a class=\"elementor-post__read-more\" href=\"https:\/\/www.revier67.ch\/solothurn\/heimwerker-im-wald-hegetag-im-herbst\/\" aria-label=\"Mehr \u00fcber Hegetag im Herbst &#8211; Heimwerker im Wald\" tabindex=\"-1\" target=\"_blank\">\n\t\t\tlesen Sie weiter \u00bb\t\t<\/a>\n\n\t\t\t\t<\/div>\n\t\t\t\t<div class=\"elementor-post__meta-data\">\n\t\t\t\t\t<span class=\"elementor-post-date\">\n\t\t\t16. Oktober 2023\t\t<\/span>\n\t\t\t\t<span class=\"elementor-post-avatar\">\n\t\t\tKeine Kommentare\t\t<\/span>\n\t\t\t\t<\/div>\n\t\t\t\t\t<\/div>\n\t\t<\/article>\n\t\t\t\t<article class=\"elementor-post elementor-grid-item post-3113 post type-post status-publish format-standard has-post-thumbnail hentry category-naturschutz category-im-wald tag-biodiversitaet tag-natur tag-wald entry has-media\" role=\"listitem\">\n\t\t\t<div class=\"elementor-post__card\">\n\t\t\t\t<a class=\"elementor-post__thumbnail__link\" href=\"https:\/\/www.revier67.ch\/solothurn\/invasive-pflanzen\/\" tabindex=\"-1\" target=\"_blank\"><div class=\"elementor-post__thumbnail\"><img loading=\"lazy\" decoding=\"async\" width=\"1024\" height=\"600\" src=\"https:\/\/i0.wp.com\/www.revier67.ch\/solothurn\/wp-content\/uploads\/2023\/09\/c9c66c93-83e5-469f-a570-70272b7ab7f2.jpeg?fit=1024%2C600&amp;ssl=1\" class=\"attachment-large size-large wp-image-3195\" alt=\"Invasive Neophyten\" srcset=\"https:\/\/i0.wp.com\/www.revier67.ch\/solothurn\/wp-content\/uploads\/2023\/09\/c9c66c93-83e5-469f-a570-70272b7ab7f2.jpeg?w=2000&amp;ssl=1 2000w, https:\/\/i0.wp.com\/www.revier67.ch\/solothurn\/wp-content\/uploads\/2023\/09\/c9c66c93-83e5-469f-a570-70272b7ab7f2.jpeg?resize=300%2C176&amp;ssl=1 300w, https:\/\/i0.wp.com\/www.revier67.ch\/solothurn\/wp-content\/uploads\/2023\/09\/c9c66c93-83e5-469f-a570-70272b7ab7f2.jpeg?resize=1024%2C600&amp;ssl=1 1024w, https:\/\/i0.wp.com\/www.revier67.ch\/solothurn\/wp-content\/uploads\/2023\/09\/c9c66c93-83e5-469f-a570-70272b7ab7f2.jpeg?resize=768%2C450&amp;ssl=1 768w, https:\/\/i0.wp.com\/www.revier67.ch\/solothurn\/wp-content\/uploads\/2023\/09\/c9c66c93-83e5-469f-a570-70272b7ab7f2.jpeg?resize=1536%2C900&amp;ssl=1 1536w\" sizes=\"(max-width: 1024px) 100vw, 1024px\" \/><\/div><\/a>\n\t\t\t\t<div class=\"elementor-post__text\">\n\t\t\t\t<h3 class=\"elementor-post__title\">\n\t\t\t<a href=\"https:\/\/www.revier67.ch\/solothurn\/invasive-pflanzen\/\" target=&quot;_blank&quot;>\n\t\t\t\tInvasive Pflanzen\t\t\t<\/a>\n\t\t<\/h3>\n\t\t\t\t<div class=\"elementor-post__excerpt\">\n\t\t\t<p>Es sind Namen wie &#8222;Riesen-B\u00e4renklau&#8220;, &#8222;Amborsie&#8220; oder &#8222;Dr\u00fcsiges Springkraut&#8220; die den Botanikern in der Schweiz Sorge bereiten. <\/p>\n\t\t<\/div>\n\t\t\n\t\t<a class=\"elementor-post__read-more\" href=\"https:\/\/www.revier67.ch\/solothurn\/invasive-pflanzen\/\" aria-label=\"Mehr \u00fcber Invasive Pflanzen\" tabindex=\"-1\" target=\"_blank\">\n\t\t\tlesen Sie weiter \u00bb\t\t<\/a>\n\n\t\t\t\t<\/div>\n\t\t\t\t<div class=\"elementor-post__meta-data\">\n\t\t\t\t\t<span class=\"elementor-post-date\">\n\t\t\t17. September 2023\t\t<\/span>\n\t\t\t\t<span class=\"elementor-post-avatar\">\n\t\t\tKeine Kommentare\t\t<\/span>\n\t\t\t\t<\/div>\n\t\t\t\t\t<\/div>\n\t\t<\/article>\n\t\t\t\t<article class=\"elementor-post elementor-grid-item post-1553 post type-post status-publish format-standard has-post-thumbnail hentry category-jagd-aktuell entry has-media\" role=\"listitem\">\n\t\t\t<div class=\"elementor-post__card\">\n\t\t\t\t<a class=\"elementor-post__thumbnail__link\" href=\"https:\/\/www.revier67.ch\/solothurn\/der-todeskampf-im-weidezaun\/\" tabindex=\"-1\" target=\"_blank\"><div class=\"elementor-post__thumbnail\"><img loading=\"lazy\" decoding=\"async\" width=\"1024\" height=\"768\" src=\"https:\/\/i0.wp.com\/www.revier67.ch\/solothurn\/wp-content\/uploads\/2022\/04\/Rehbock-in-Weidenetz-verendet-1-1024x768.jpg?fit=1024%2C768&amp;ssl=1\" class=\"attachment-large size-large wp-image-1561\" alt=\"Rehbock in Weidezaun verendet\" srcset=\"https:\/\/i0.wp.com\/www.revier67.ch\/solothurn\/wp-content\/uploads\/2022\/04\/Rehbock-in-Weidenetz-verendet-1-1024x768.jpg?resize=1024%2C768&amp;ssl=1 1024w, https:\/\/i0.wp.com\/www.revier67.ch\/solothurn\/wp-content\/uploads\/2022\/04\/Rehbock-in-Weidenetz-verendet-1-1024x768.jpg?resize=300%2C225&amp;ssl=1 300w, https:\/\/i0.wp.com\/www.revier67.ch\/solothurn\/wp-content\/uploads\/2022\/04\/Rehbock-in-Weidenetz-verendet-1-1024x768.jpg?resize=768%2C576&amp;ssl=1 768w\" sizes=\"(max-width: 1024px) 100vw, 1024px\" \/><\/div><\/a>\n\t\t\t\t<div class=\"elementor-post__text\">\n\t\t\t\t<h3 class=\"elementor-post__title\">\n\t\t\t<a href=\"https:\/\/www.revier67.ch\/solothurn\/der-todeskampf-im-weidezaun\/\" target=&quot;_blank&quot;>\n\t\t\t\tDer Todeskampf im Weidezaun\t\t\t<\/a>\n\t\t<\/h3>\n\t\t\t\t<div class=\"elementor-post__excerpt\">\n\t\t\t<p>Der Unsachgem\u00e4ss oder gar gesetzwidrig erstellte, sowie der vernachl\u00e4ssigte \u00abWeidezaun\u00bb ist seit Jahrzehnten ein ungel\u00f6stes Problem&#8230;<br \/>\nWer sich diesem Thema ernsthaft annehmen will, sp\u00fcrt sofort, dass sich niemand wirklich daf\u00fcr verantwortlich f\u00fchlt&#8230;<\/p>\n\t\t<\/div>\n\t\t\n\t\t<a class=\"elementor-post__read-more\" href=\"https:\/\/www.revier67.ch\/solothurn\/der-todeskampf-im-weidezaun\/\" aria-label=\"Mehr \u00fcber Der Todeskampf im Weidezaun\" tabindex=\"-1\" target=\"_blank\">\n\t\t\tlesen Sie weiter \u00bb\t\t<\/a>\n\n\t\t\t\t<\/div>\n\t\t\t\t<div class=\"elementor-post__meta-data\">\n\t\t\t\t\t<span class=\"elementor-post-date\">\n\t\t\t11. April 2022\t\t<\/span>\n\t\t\t\t<span class=\"elementor-post-avatar\">\n\t\t\tKeine Kommentare\t\t<\/span>\n\t\t\t\t<\/div>\n\t\t\t\t\t<\/div>\n\t\t<\/article>\n\t\t\t\t<\/div>\n\t\t\n\t\t\t\t\t\t<\/div>\n\t\t\t\t<\/div>\n\t\t\t\t<section class=\"elementor-section elementor-inner-section elementor-element elementor-element-9ff726c elementor-section-boxed elementor-section-height-default elementor-section-height-default\" data-id=\"9ff726c\" data-element_type=\"section\" data-e-type=\"section\">\n\t\t\t\t\t\t<div class=\"elementor-container elementor-column-gap-default\">\n\t\t\t\t\t<div class=\"elementor-column elementor-col-100 elementor-inner-column elementor-element elementor-element-bbcbaf5\" data-id=\"bbcbaf5\" data-element_type=\"column\" data-e-type=\"column\">\n\t\t\t<div class=\"elementor-widget-wrap elementor-element-populated\">\n\t\t\t\t\t\t<div class=\"elementor-element elementor-element-b575ac5 elementor-widget elementor-widget-video\" data-id=\"b575ac5\" data-element_type=\"widget\" data-e-type=\"widget\" data-settings=\"{&quot;youtube_url&quot;:&quot;https:\\\/\\\/youtu.be\\\/3aTKQ5y17ik&quot;,&quot;autoplay&quot;:&quot;yes&quot;,&quot;play_on_mobile&quot;:&quot;yes&quot;,&quot;video_type&quot;:&quot;youtube&quot;,&quot;controls&quot;:&quot;yes&quot;}\" data-widget_type=\"video.default\">\n\t\t\t\t<div class=\"elementor-widget-container\">\n\t\t\t\t\t\t\t<div class=\"elementor-wrapper elementor-open-inline\">\n\t\t\t<div class=\"elementor-video\"><\/div>\t\t<\/div>\n\t\t\t\t\t\t<\/div>\n\t\t\t\t<\/div>\n\t\t\t\t\t<\/div>\n\t\t<\/div>\n\t\t\t\t\t<\/div>\n\t\t<\/section>\n\t\t\t\t\t<\/div>\n\t\t<\/div>\n\t\t\t\t\t<\/div>\n\t\t<\/section>\n\t\t\t\t<section class=\"elementor-section elementor-top-section elementor-element elementor-element-acad18a elementor-section-boxed elementor-section-height-default elementor-section-height-default\" data-id=\"acad18a\" data-element_type=\"section\" data-e-type=\"section\">\n\t\t\t\t\t\t<div class=\"elementor-container elementor-column-gap-default\">\n\t\t\t\t\t<div class=\"elementor-column elementor-col-100 elementor-top-column elementor-element elementor-element-2577728\" data-id=\"2577728\" data-element_type=\"column\" data-e-type=\"column\">\n\t\t\t<div class=\"elementor-widget-wrap elementor-element-populated\">\n\t\t\t\t\t\t<div class=\"elementor-element elementor-element-c5442bd elementor-widget elementor-widget-spacer\" data-id=\"c5442bd\" data-element_type=\"widget\" data-e-type=\"widget\" data-widget_type=\"spacer.default\">\n\t\t\t\t<div class=\"elementor-widget-container\">\n\t\t\t\t\t\t\t<div class=\"elementor-spacer\">\n\t\t\t<div class=\"elementor-spacer-inner\"><\/div>\n\t\t<\/div>\n\t\t\t\t\t\t<\/div>\n\t\t\t\t<\/div>\n\t\t\t\t\t<\/div>\n\t\t<\/div>\n\t\t\t\t\t<\/div>\n\t\t<\/section>\n\t\t\t\t<section class=\"elementor-section elementor-top-section elementor-element elementor-element-6a55f4da elementor-section-height-min-height elementor-section-content-middle elementor-section-boxed elementor-section-height-default elementor-section-items-middle\" data-id=\"6a55f4da\" data-element_type=\"section\" data-e-type=\"section\" data-settings=\"{&quot;background_background&quot;:&quot;classic&quot;}\">\n\t\t\t\t\t\t<div class=\"elementor-container elementor-column-gap-default\">\n\t\t\t\t\t<div class=\"elementor-column elementor-col-50 elementor-top-column elementor-element elementor-element-3adffe0b\" data-id=\"3adffe0b\" data-element_type=\"column\" data-e-type=\"column\">\n\t\t\t<div class=\"elementor-widget-wrap elementor-element-populated\">\n\t\t\t\t\t\t<div class=\"elementor-element elementor-element-31b90220 elementor-widget elementor-widget-heading\" data-id=\"31b90220\" data-element_type=\"widget\" data-e-type=\"widget\" data-widget_type=\"heading.default\">\n\t\t\t\t<div class=\"elementor-widget-container\">\n\t\t\t\t\t<h3 class=\"elementor-heading-title elementor-size-large\">M\u00f6chten Sie uns erreichen?<\/h3>\t\t\t\t<\/div>\n\t\t\t\t<\/div>\n\t\t\t\t\t<\/div>\n\t\t<\/div>\n\t\t\t\t<div class=\"elementor-column elementor-col-50 elementor-top-column elementor-element elementor-element-60e6540c\" data-id=\"60e6540c\" data-element_type=\"column\" data-e-type=\"column\">\n\t\t\t<div class=\"elementor-widget-wrap elementor-element-populated\">\n\t\t\t\t\t\t<div class=\"elementor-element elementor-element-53be450a elementor-align-center elementor-widget elementor-widget-button\" data-id=\"53be450a\" data-element_type=\"widget\" data-e-type=\"widget\" data-widget_type=\"button.default\">\n\t\t\t\t<div class=\"elementor-widget-container\">\n\t\t\t\t\t\t\t\t\t<div class=\"elementor-button-wrapper\">\n\t\t\t\t\t<a class=\"elementor-button elementor-button-link elementor-size-lg\" href=\"#\">\n\t\t\t\t\t\t<span class=\"elementor-button-content-wrapper\">\n\t\t\t\t\t\t\t\t\t<span class=\"elementor-button-text\">Kontakt<\/span>\n\t\t\t\t\t<\/span>\n\t\t\t\t\t<\/a>\n\t\t\t\t<\/div>\n\t\t\t\t\t\t\t\t<\/div>\n\t\t\t\t<\/div>\n\t\t\t\t\t<\/div>\n\t\t<\/div>\n\t\t\t\t\t<\/div>\n\t\t<\/section>\n\t\t\t\t<section class=\"elementor-section elementor-top-section elementor-element elementor-element-179e789 elementor-section-boxed elementor-section-height-default elementor-section-height-default\" data-id=\"179e789\" data-element_type=\"section\" data-e-type=\"section\">\n\t\t\t\t\t\t<div class=\"elementor-container elementor-column-gap-default\">\n\t\t\t\t\t<div class=\"elementor-column elementor-col-100 elementor-top-column elementor-element elementor-element-fe5819f\" data-id=\"fe5819f\" data-element_type=\"column\" data-e-type=\"column\">\n\t\t\t<div class=\"elementor-widget-wrap elementor-element-populated\">\n\t\t\t\t\t\t<div class=\"elementor-element elementor-element-95b896f elementor-icon-list--layout-traditional elementor-list-item-link-full_width elementor-widget elementor-widget-icon-list\" data-id=\"95b896f\" data-element_type=\"widget\" data-e-type=\"widget\" data-widget_type=\"icon-list.default\">\n\t\t\t\t<div class=\"elementor-widget-container\">\n\t\t\t\t\t\t\t<ul class=\"elementor-icon-list-items\">\n\t\t\t\t\t\t\t<li class=\"elementor-icon-list-item\">\n\t\t\t\t\t\t\t\t\t\t\t<a href=\"https:\/\/jvdt.ch\/\" target=\"_blank\">\n\n\t\t\t\t\t\t\t\t\t\t\t\t<span class=\"elementor-icon-list-icon\">\n\t\t\t\t\t\t\t<i aria-hidden=\"true\" class=\"fas fa-external-link-alt\"><\/i>\t\t\t\t\t\t<\/span>\n\t\t\t\t\t\t\t\t\t\t<span class=\"elementor-icon-list-text\">J\u00e4gervereinigung Dorneck-Thierstein<\/span>\n\t\t\t\t\t\t\t\t\t\t\t<\/a>\n\t\t\t\t\t\t\t\t\t<\/li>\n\t\t\t\t\t\t\t\t<li class=\"elementor-icon-list-item\">\n\t\t\t\t\t\t\t\t\t\t\t<a href=\"https:\/\/www.revierjagd-solothurn.ch\" target=\"_blank\">\n\n\t\t\t\t\t\t\t\t\t\t\t\t<span class=\"elementor-icon-list-icon\">\n\t\t\t\t\t\t\t<i aria-hidden=\"true\" class=\"fas fa-external-link-alt\"><\/i>\t\t\t\t\t\t<\/span>\n\t\t\t\t\t\t\t\t\t\t<span class=\"elementor-icon-list-text\">Revierjagd Solothurn<\/span>\n\t\t\t\t\t\t\t\t\t\t\t<\/a>\n\t\t\t\t\t\t\t\t\t<\/li>\n\t\t\t\t\t\t\t\t<li class=\"elementor-icon-list-item\">\n\t\t\t\t\t\t\t\t\t\t\t<a href=\"https:\/\/so.ch\/verwaltung\/volkswirtschaftsdepartement\/amt-fuer-wald-jagd-und-fischerei\/aktuell\/\" target=\"_blank\">\n\n\t\t\t\t\t\t\t\t\t\t\t\t<span class=\"elementor-icon-list-icon\">\n\t\t\t\t\t\t\t<i aria-hidden=\"true\" class=\"fas fa-external-link-alt\"><\/i>\t\t\t\t\t\t<\/span>\n\t\t\t\t\t\t\t\t\t\t<span class=\"elementor-icon-list-text\">Amt f\u00fcr Wald, Jagd und Fischerei<\/span>\n\t\t\t\t\t\t\t\t\t\t\t<\/a>\n\t\t\t\t\t\t\t\t\t<\/li>\n\t\t\t\t\t\t<\/ul>\n\t\t\t\t\t\t<\/div>\n\t\t\t\t<\/div>\n\t\t\t\t\t<\/div>\n\t\t<\/div>\n\t\t\t\t\t<\/div>\n\t\t<\/section>\n\t\t\t\t<section class=\"elementor-section elementor-top-section elementor-element elementor-element-91c3ba2 elementor-section-boxed elementor-section-height-default elementor-section-height-default\" data-id=\"91c3ba2\" data-element_type=\"section\" data-e-type=\"section\">\n\t\t\t\t\t\t<div class=\"elementor-container elementor-column-gap-default\">\n\t\t\t\t\t<div class=\"elementor-column elementor-col-100 elementor-top-column elementor-element elementor-element-94e1706\" data-id=\"94e1706\" data-element_type=\"column\" data-e-type=\"column\">\n\t\t\t<div class=\"elementor-widget-wrap elementor-element-populated\">\n\t\t\t\t\t\t<div class=\"elementor-element elementor-element-e8c2150 elementor-nav-menu--dropdown-tablet elementor-nav-menu__text-align-aside elementor-nav-menu--toggle elementor-nav-menu--burger elementor-widget elementor-widget-nav-menu\" data-id=\"e8c2150\" data-element_type=\"widget\" data-e-type=\"widget\" data-settings=\"{&quot;layout&quot;:&quot;horizontal&quot;,&quot;submenu_icon&quot;:{&quot;value&quot;:&quot;&lt;i class=\\&quot;fas fa-caret-down\\&quot; aria-hidden=\\&quot;true\\&quot;&gt;&lt;\\\/i&gt;&quot;,&quot;library&quot;:&quot;fa-solid&quot;},&quot;toggle&quot;:&quot;burger&quot;}\" data-widget_type=\"nav-menu.default\">\n\t\t\t\t<div class=\"elementor-widget-container\">\n\t\t\t\t\t\t\t\t<nav aria-label=\"Men\u00fc\" class=\"elementor-nav-menu--main elementor-nav-menu__container elementor-nav-menu--layout-horizontal e--pointer-underline e--animation-fade\">\n\t\t\t\t<ul id=\"menu-1-e8c2150\" class=\"elementor-nav-menu\"><li class=\"menu-item menu-item-type-post_type menu-item-object-page menu-item-home menu-item-has-children menu-item-35\"><a href=\"https:\/\/www.revier67.ch\/solothurn\/\" class=\"elementor-item\">Revier 67<\/a>\n<ul class=\"sub-menu elementor-nav-menu--dropdown\">\n\t<li class=\"menu-item menu-item-type-post_type menu-item-object-page menu-item-118\"><a href=\"https:\/\/www.revier67.ch\/solothurn\/unser-revier\/vereinsmitglieder\/\" class=\"elementor-sub-item\">Vereinsmitglieder<\/a><\/li>\n<\/ul>\n<\/li>\n<li class=\"menu-item menu-item-type-post_type menu-item-object-page menu-item-has-children menu-item-38\"><a href=\"https:\/\/www.revier67.ch\/solothurn\/unser-revier\/\" class=\"elementor-item\">Unser Revier<\/a>\n<ul class=\"sub-menu elementor-nav-menu--dropdown\">\n\t<li class=\"menu-item menu-item-type-post_type menu-item-object-page current_page_parent menu-item-668\"><a href=\"https:\/\/www.revier67.ch\/solothurn\/neues-aus-dem-revier-67\/\" class=\"elementor-sub-item\">Neues aus dem Revier<\/a><\/li>\n<\/ul>\n<\/li>\n<li class=\"menu-item menu-item-type-post_type menu-item-object-page menu-item-892\"><a href=\"https:\/\/www.revier67.ch\/solothurn\/unsere-hunde\/\" class=\"elementor-item\">Unsere Hunde<\/a><\/li>\n<li class=\"menu-item menu-item-type-post_type menu-item-object-page menu-item-has-children menu-item-37\"><a href=\"https:\/\/www.revier67.ch\/solothurn\/jagd\/\" class=\"elementor-item\">Jagd<\/a>\n<ul class=\"sub-menu elementor-nav-menu--dropdown\">\n\t<li class=\"menu-item menu-item-type-post_type menu-item-object-page menu-item-620\"><a href=\"https:\/\/www.revier67.ch\/solothurn\/die-jagd\/das-jagdbrauchtum\/\" class=\"elementor-sub-item\">Das Brauchtum<\/a><\/li>\n\t<li class=\"menu-item menu-item-type-post_type menu-item-object-page menu-item-694\"><a href=\"https:\/\/www.revier67.ch\/solothurn\/jagdsignale-so-klingt-der-herbst\/\" class=\"elementor-sub-item\">Jagdsignale \u2013 so klingt der Herbst<\/a><\/li>\n\t<li class=\"menu-item menu-item-type-post_type menu-item-object-page menu-item-has-children menu-item-100\"><a href=\"https:\/\/www.revier67.ch\/solothurn\/die-jagd\/jagd-hege\/\" class=\"elementor-sub-item\">Jagd &#038; Hege<\/a>\n\t<ul class=\"sub-menu elementor-nav-menu--dropdown\">\n\t\t<li class=\"menu-item menu-item-type-post_type menu-item-object-page menu-item-878\"><a href=\"https:\/\/www.revier67.ch\/solothurn\/jagd\/rehkitzrettung\/\" class=\"elementor-sub-item\">Rehkitzrettung<\/a><\/li>\n\t\t<li class=\"menu-item menu-item-type-post_type menu-item-object-page menu-item-99\"><a href=\"https:\/\/www.revier67.ch\/solothurn\/die-jagd\/wildschaden\/\" class=\"elementor-sub-item\">Wildschaden<\/a><\/li>\n\t\t<li class=\"menu-item menu-item-type-post_type menu-item-object-page menu-item-561\"><a href=\"https:\/\/www.revier67.ch\/solothurn\/https-www-revier67-ch-solothurn-wildunfall-ursachen-und-neue-erkenntnisse-offnet-in-neuem-tab\/\" class=\"elementor-sub-item\">Wildunfall \u2013 Ursachen und neue Erkenntnisse<\/a><\/li>\n\t<\/ul>\n<\/li>\n\t<li class=\"menu-item menu-item-type-post_type menu-item-object-page menu-item-has-children menu-item-388\"><a href=\"https:\/\/www.revier67.ch\/solothurn\/die-jagd\/unser-wild\/\" class=\"elementor-sub-item\">Unser Wild<\/a>\n\t<ul class=\"sub-menu elementor-nav-menu--dropdown\">\n\t\t<li class=\"menu-item menu-item-type-post_type menu-item-object-page menu-item-389\"><a href=\"https:\/\/www.revier67.ch\/solothurn\/die-jagd\/unser-wild\/dachs\/\" class=\"elementor-sub-item\">Der Dachs<\/a><\/li>\n\t\t<li class=\"menu-item menu-item-type-post_type menu-item-object-page menu-item-424\"><a href=\"https:\/\/www.revier67.ch\/solothurn\/die-jagd\/unser-wild\/https-www-revier67-ch-solothurn-page-id413\/\" class=\"elementor-sub-item\">Der Fuchs<\/a><\/li>\n\t\t<li class=\"menu-item menu-item-type-post_type menu-item-object-page menu-item-446\"><a href=\"https:\/\/www.revier67.ch\/solothurn\/die-jagd\/unser-wild\/das-reh\/\" class=\"elementor-sub-item\">Das Reh<\/a><\/li>\n\t\t<li class=\"menu-item menu-item-type-post_type menu-item-object-page menu-item-517\"><a href=\"https:\/\/www.revier67.ch\/solothurn\/die-jagd\/unser-wild\/die-gams\/\" class=\"elementor-sub-item\">Die Gams<\/a><\/li>\n\t\t<li class=\"menu-item menu-item-type-post_type menu-item-object-page menu-item-463\"><a href=\"https:\/\/www.revier67.ch\/solothurn\/das-wildschwein\/\" class=\"elementor-sub-item\">Das Wildschwein<\/a><\/li>\n\t\t<li class=\"menu-item menu-item-type-post_type menu-item-object-page menu-item-476\"><a href=\"https:\/\/www.revier67.ch\/solothurn\/die-jagd\/unser-wild\/https-www-revier67-ch-solothurn-jagd-unser-wild-der-luchs\/\" class=\"elementor-sub-item\">Der Luchs<\/a><\/li>\n\t\t<li class=\"menu-item menu-item-type-post_type menu-item-object-page menu-item-538\"><a href=\"https:\/\/www.revier67.ch\/solothurn\/die-jagd\/unser-wild\/der-wolf\/\" class=\"elementor-sub-item\">Der Wolf<\/a><\/li>\n\t<\/ul>\n<\/li>\n\t<li class=\"menu-item menu-item-type-post_type menu-item-object-page menu-item-has-children menu-item-746\"><a href=\"https:\/\/www.revier67.ch\/solothurn\/die-jagd\/unsere-voegel\/\" class=\"elementor-sub-item\">Unsere V\u00f6gel<\/a>\n\t<ul class=\"sub-menu elementor-nav-menu--dropdown\">\n\t\t<li class=\"menu-item menu-item-type-post_type menu-item-object-page menu-item-745\"><a href=\"https:\/\/www.revier67.ch\/solothurn\/die-jagd\/unsere-voegel\/der-rotmilan\/\" class=\"elementor-sub-item\">Der Rotmilan<\/a><\/li>\n\t<\/ul>\n<\/li>\n<\/ul>\n<\/li>\n<li class=\"menu-item menu-item-type-post_type menu-item-object-page menu-item-has-children menu-item-43\"><a href=\"https:\/\/www.revier67.ch\/solothurn\/kontakt\/\" class=\"elementor-item\">Kontakt<\/a>\n<ul class=\"sub-menu elementor-nav-menu--dropdown\">\n\t<li class=\"menu-item menu-item-type-post_type menu-item-object-page menu-item-privacy-policy menu-item-335\"><a rel=\"privacy-policy\" href=\"https:\/\/www.revier67.ch\/solothurn\/datenschutzerklaerung\/\" class=\"elementor-sub-item\">Datenschutzerkl\u00e4rung<\/a><\/li>\n<\/ul>\n<\/li>\n<li class=\"menu-item menu-item-type- menu-item-object-login menu-item-1137\"><a href=\"https:\/\/www.revier67.ch\/solothurn\/wp-login.php?redirect_to=https%3A%2F%2Fwww.revier67.ch%2Fsolothurn%2Fintern%2F\" class=\"elementor-item\">Anmelden<\/a><\/li>\n<li class=\"menu-item menu-item-type-post_type menu-item-object-page menu-item-3591\"><a href=\"https:\/\/www.revier67.ch\/solothurn\/wp-booking-calendar-full-day\/\" class=\"elementor-item\">Full Day Booking<\/a><\/li>\n<li class=\"menu-item menu-item-type-post_type menu-item-object-page menu-item-3593\"><a href=\"https:\/\/www.revier67.ch\/solothurn\/wp-booking-calendar-time-slots\/\" class=\"elementor-item\">Time Slots Booking<\/a><\/li>\n<li class=\"menu-item menu-item-type-post_type menu-item-object-page menu-item-3595\"><a href=\"https:\/\/www.revier67.ch\/solothurn\/wp-booking-calendar-time-appointments\/\" class=\"elementor-item\">Time Appointments Booking<\/a><\/li>\n<li class=\"menu-item menu-item-type-post_type menu-item-object-page menu-item-3597\"><a href=\"https:\/\/www.revier67.ch\/solothurn\/wp-booking-calendar-contact\/\" class=\"elementor-item\">Contact Form<\/a><\/li>\n<\/ul>\t\t\t<\/nav>\n\t\t\t\t\t<div class=\"elementor-menu-toggle\" role=\"button\" tabindex=\"0\" aria-label=\"Men\u00fc Umschalter\" aria-expanded=\"false\">\n\t\t\t<i aria-hidden=\"true\" role=\"presentation\" class=\"elementor-menu-toggle__icon--open eicon-menu-bar\"><\/i><i aria-hidden=\"true\" role=\"presentation\" class=\"elementor-menu-toggle__icon--close eicon-close\"><\/i>\t\t<\/div>\n\t\t\t\t\t<nav class=\"elementor-nav-menu--dropdown elementor-nav-menu__container\" aria-hidden=\"true\">\n\t\t\t\t<ul id=\"menu-2-e8c2150\" class=\"elementor-nav-menu\"><li class=\"menu-item menu-item-type-post_type menu-item-object-page menu-item-home menu-item-has-children menu-item-35\"><a href=\"https:\/\/www.revier67.ch\/solothurn\/\" class=\"elementor-item\" tabindex=\"-1\">Revier 67<\/a>\n<ul class=\"sub-menu elementor-nav-menu--dropdown\">\n\t<li class=\"menu-item menu-item-type-post_type menu-item-object-page menu-item-118\"><a href=\"https:\/\/www.revier67.ch\/solothurn\/unser-revier\/vereinsmitglieder\/\" class=\"elementor-sub-item\" tabindex=\"-1\">Vereinsmitglieder<\/a><\/li>\n<\/ul>\n<\/li>\n<li class=\"menu-item menu-item-type-post_type menu-item-object-page menu-item-has-children menu-item-38\"><a href=\"https:\/\/www.revier67.ch\/solothurn\/unser-revier\/\" class=\"elementor-item\" tabindex=\"-1\">Unser Revier<\/a>\n<ul class=\"sub-menu elementor-nav-menu--dropdown\">\n\t<li class=\"menu-item menu-item-type-post_type menu-item-object-page current_page_parent menu-item-668\"><a href=\"https:\/\/www.revier67.ch\/solothurn\/neues-aus-dem-revier-67\/\" class=\"elementor-sub-item\" tabindex=\"-1\">Neues aus dem Revier<\/a><\/li>\n<\/ul>\n<\/li>\n<li class=\"menu-item menu-item-type-post_type menu-item-object-page menu-item-892\"><a href=\"https:\/\/www.revier67.ch\/solothurn\/unsere-hunde\/\" class=\"elementor-item\" tabindex=\"-1\">Unsere Hunde<\/a><\/li>\n<li class=\"menu-item menu-item-type-post_type menu-item-object-page menu-item-has-children menu-item-37\"><a href=\"https:\/\/www.revier67.ch\/solothurn\/jagd\/\" class=\"elementor-item\" tabindex=\"-1\">Jagd<\/a>\n<ul class=\"sub-menu elementor-nav-menu--dropdown\">\n\t<li class=\"menu-item menu-item-type-post_type menu-item-object-page menu-item-620\"><a href=\"https:\/\/www.revier67.ch\/solothurn\/die-jagd\/das-jagdbrauchtum\/\" class=\"elementor-sub-item\" tabindex=\"-1\">Das Brauchtum<\/a><\/li>\n\t<li class=\"menu-item menu-item-type-post_type menu-item-object-page menu-item-694\"><a href=\"https:\/\/www.revier67.ch\/solothurn\/jagdsignale-so-klingt-der-herbst\/\" class=\"elementor-sub-item\" tabindex=\"-1\">Jagdsignale \u2013 so klingt der Herbst<\/a><\/li>\n\t<li class=\"menu-item menu-item-type-post_type menu-item-object-page menu-item-has-children menu-item-100\"><a href=\"https:\/\/www.revier67.ch\/solothurn\/die-jagd\/jagd-hege\/\" class=\"elementor-sub-item\" tabindex=\"-1\">Jagd &#038; Hege<\/a>\n\t<ul class=\"sub-menu elementor-nav-menu--dropdown\">\n\t\t<li class=\"menu-item menu-item-type-post_type menu-item-object-page menu-item-878\"><a href=\"https:\/\/www.revier67.ch\/solothurn\/jagd\/rehkitzrettung\/\" class=\"elementor-sub-item\" tabindex=\"-1\">Rehkitzrettung<\/a><\/li>\n\t\t<li class=\"menu-item menu-item-type-post_type menu-item-object-page menu-item-99\"><a href=\"https:\/\/www.revier67.ch\/solothurn\/die-jagd\/wildschaden\/\" class=\"elementor-sub-item\" tabindex=\"-1\">Wildschaden<\/a><\/li>\n\t\t<li class=\"menu-item menu-item-type-post_type menu-item-object-page menu-item-561\"><a href=\"https:\/\/www.revier67.ch\/solothurn\/https-www-revier67-ch-solothurn-wildunfall-ursachen-und-neue-erkenntnisse-offnet-in-neuem-tab\/\" class=\"elementor-sub-item\" tabindex=\"-1\">Wildunfall \u2013 Ursachen und neue Erkenntnisse<\/a><\/li>\n\t<\/ul>\n<\/li>\n\t<li class=\"menu-item menu-item-type-post_type menu-item-object-page menu-item-has-children menu-item-388\"><a href=\"https:\/\/www.revier67.ch\/solothurn\/die-jagd\/unser-wild\/\" class=\"elementor-sub-item\" tabindex=\"-1\">Unser Wild<\/a>\n\t<ul class=\"sub-menu elementor-nav-menu--dropdown\">\n\t\t<li class=\"menu-item menu-item-type-post_type menu-item-object-page menu-item-389\"><a href=\"https:\/\/www.revier67.ch\/solothurn\/die-jagd\/unser-wild\/dachs\/\" class=\"elementor-sub-item\" tabindex=\"-1\">Der Dachs<\/a><\/li>\n\t\t<li class=\"menu-item menu-item-type-post_type menu-item-object-page menu-item-424\"><a href=\"https:\/\/www.revier67.ch\/solothurn\/die-jagd\/unser-wild\/https-www-revier67-ch-solothurn-page-id413\/\" class=\"elementor-sub-item\" tabindex=\"-1\">Der Fuchs<\/a><\/li>\n\t\t<li class=\"menu-item menu-item-type-post_type menu-item-object-page menu-item-446\"><a href=\"https:\/\/www.revier67.ch\/solothurn\/die-jagd\/unser-wild\/das-reh\/\" class=\"elementor-sub-item\" tabindex=\"-1\">Das Reh<\/a><\/li>\n\t\t<li class=\"menu-item menu-item-type-post_type menu-item-object-page menu-item-517\"><a href=\"https:\/\/www.revier67.ch\/solothurn\/die-jagd\/unser-wild\/die-gams\/\" class=\"elementor-sub-item\" tabindex=\"-1\">Die Gams<\/a><\/li>\n\t\t<li class=\"menu-item menu-item-type-post_type menu-item-object-page menu-item-463\"><a href=\"https:\/\/www.revier67.ch\/solothurn\/das-wildschwein\/\" class=\"elementor-sub-item\" tabindex=\"-1\">Das Wildschwein<\/a><\/li>\n\t\t<li class=\"menu-item menu-item-type-post_type menu-item-object-page menu-item-476\"><a href=\"https:\/\/www.revier67.ch\/solothurn\/die-jagd\/unser-wild\/https-www-revier67-ch-solothurn-jagd-unser-wild-der-luchs\/\" class=\"elementor-sub-item\" tabindex=\"-1\">Der Luchs<\/a><\/li>\n\t\t<li class=\"menu-item menu-item-type-post_type menu-item-object-page menu-item-538\"><a href=\"https:\/\/www.revier67.ch\/solothurn\/die-jagd\/unser-wild\/der-wolf\/\" class=\"elementor-sub-item\" tabindex=\"-1\">Der Wolf<\/a><\/li>\n\t<\/ul>\n<\/li>\n\t<li class=\"menu-item menu-item-type-post_type menu-item-object-page menu-item-has-children menu-item-746\"><a href=\"https:\/\/www.revier67.ch\/solothurn\/die-jagd\/unsere-voegel\/\" class=\"elementor-sub-item\" tabindex=\"-1\">Unsere V\u00f6gel<\/a>\n\t<ul class=\"sub-menu elementor-nav-menu--dropdown\">\n\t\t<li class=\"menu-item menu-item-type-post_type menu-item-object-page menu-item-745\"><a href=\"https:\/\/www.revier67.ch\/solothurn\/die-jagd\/unsere-voegel\/der-rotmilan\/\" class=\"elementor-sub-item\" tabindex=\"-1\">Der Rotmilan<\/a><\/li>\n\t<\/ul>\n<\/li>\n<\/ul>\n<\/li>\n<li class=\"menu-item menu-item-type-post_type menu-item-object-page menu-item-has-children menu-item-43\"><a href=\"https:\/\/www.revier67.ch\/solothurn\/kontakt\/\" class=\"elementor-item\" tabindex=\"-1\">Kontakt<\/a>\n<ul class=\"sub-menu elementor-nav-menu--dropdown\">\n\t<li class=\"menu-item menu-item-type-post_type menu-item-object-page menu-item-privacy-policy menu-item-335\"><a rel=\"privacy-policy\" href=\"https:\/\/www.revier67.ch\/solothurn\/datenschutzerklaerung\/\" class=\"elementor-sub-item\" tabindex=\"-1\">Datenschutzerkl\u00e4rung<\/a><\/li>\n<\/ul>\n<\/li>\n<li class=\"menu-item menu-item-type- menu-item-object-login menu-item-1137\"><a href=\"https:\/\/www.revier67.ch\/solothurn\/wp-login.php?redirect_to=https%3A%2F%2Fwww.revier67.ch%2Fsolothurn%2Fintern%2F\" class=\"elementor-item\" tabindex=\"-1\">Anmelden<\/a><\/li>\n<li class=\"menu-item menu-item-type-post_type menu-item-object-page menu-item-3591\"><a href=\"https:\/\/www.revier67.ch\/solothurn\/wp-booking-calendar-full-day\/\" class=\"elementor-item\" tabindex=\"-1\">Full Day Booking<\/a><\/li>\n<li class=\"menu-item menu-item-type-post_type menu-item-object-page menu-item-3593\"><a href=\"https:\/\/www.revier67.ch\/solothurn\/wp-booking-calendar-time-slots\/\" class=\"elementor-item\" tabindex=\"-1\">Time Slots Booking<\/a><\/li>\n<li class=\"menu-item menu-item-type-post_type menu-item-object-page menu-item-3595\"><a href=\"https:\/\/www.revier67.ch\/solothurn\/wp-booking-calendar-time-appointments\/\" class=\"elementor-item\" tabindex=\"-1\">Time Appointments Booking<\/a><\/li>\n<li class=\"menu-item menu-item-type-post_type menu-item-object-page menu-item-3597\"><a href=\"https:\/\/www.revier67.ch\/solothurn\/wp-booking-calendar-contact\/\" class=\"elementor-item\" tabindex=\"-1\">Contact Form<\/a><\/li>\n<\/ul>\t\t\t<\/nav>\n\t\t\t\t\t\t<\/div>\n\t\t\t\t<\/div>\n\t\t\t\t\t<\/div>\n\t\t<\/div>\n\t\t\t\t\t<\/div>\n\t\t<\/section>\n\t\t\t\t<\/div>\n\t\t","protected":false},"excerpt":{"rendered":"<p>Rehkitzrettung Die Rehkitzrettung erscheint in keiner Statistik\u2026 Die Jagdstatistik vermeldet jedoch pro Jahr 1500 Rehkitze die durch das M\u00e4hen landwirtschaftlich genutzter Wiesen ums leben kommen. Die Dunkelziffer d\u00fcrfte noch erheblich h\u00f6her liegen\u2026 Jagd Im Kanton Solothurn gibt es die Revierjagd seit 1932. F\u00fcr den Revierj\u00e4ger gibt es keine Jagdsaison, Jagdgesellschaft hegen und jagen im Revier [&hellip;]<\/p>\n","protected":false},"author":1,"featured_media":0,"parent":0,"menu_order":9,"comment_status":"closed","ping_status":"closed","template":"","meta":{"ocean_post_layout":"full-screen","ocean_both_sidebars_style":"","ocean_both_sidebars_content_width":0,"ocean_both_sidebars_sidebars_width":0,"ocean_sidebar":"sidebar-2","ocean_second_sidebar":"0","ocean_disable_margins":"enable","ocean_add_body_class":"","ocean_shortcode_before_top_bar":"","ocean_shortcode_after_top_bar":"","ocean_shortcode_before_header":"","ocean_shortcode_after_header":"","ocean_has_shortcode":"","ocean_shortcode_after_title":"","ocean_shortcode_before_footer_widgets":"","ocean_shortcode_after_footer_widgets":"","ocean_shortcode_before_footer_bottom":"","ocean_shortcode_after_footer_bottom":"","ocean_display_top_bar":"default","ocean_display_header":"default","ocean_header_style":"","ocean_center_header_left_menu":"0","ocean_custom_header_template":"0","ocean_custom_logo":0,"ocean_custom_retina_logo":0,"ocean_custom_logo_max_width":0,"ocean_custom_logo_tablet_max_width":0,"ocean_custom_logo_mobile_max_width":0,"ocean_custom_logo_max_height":0,"ocean_custom_logo_tablet_max_height":0,"ocean_custom_logo_mobile_max_height":0,"ocean_header_custom_menu":"0","ocean_menu_typo_font_family":"0","ocean_menu_typo_font_subset":"","ocean_menu_typo_font_size":0,"ocean_menu_typo_font_size_tablet":0,"ocean_menu_typo_font_size_mobile":0,"ocean_menu_typo_font_size_unit":"px","ocean_menu_typo_font_weight":"","ocean_menu_typo_font_weight_tablet":"","ocean_menu_typo_font_weight_mobile":"","ocean_menu_typo_transform":"","ocean_menu_typo_transform_tablet":"","ocean_menu_typo_transform_mobile":"","ocean_menu_typo_line_height":0,"ocean_menu_typo_line_height_tablet":0,"ocean_menu_typo_line_height_mobile":0,"ocean_menu_typo_line_height_unit":"","ocean_menu_typo_spacing":0,"ocean_menu_typo_spacing_tablet":0,"ocean_menu_typo_spacing_mobile":0,"ocean_menu_typo_spacing_unit":"","ocean_menu_link_color":"","ocean_menu_link_color_hover":"","ocean_menu_link_color_active":"","ocean_menu_link_background":"","ocean_menu_link_hover_background":"","ocean_menu_link_active_background":"","ocean_menu_social_links_bg":"","ocean_menu_social_hover_links_bg":"","ocean_menu_social_links_color":"","ocean_menu_social_hover_links_color":"","ocean_disable_title":"on","ocean_disable_heading":"default","ocean_post_title":"","ocean_post_subheading":"","ocean_post_title_style":"","ocean_post_title_background_color":"","ocean_post_title_background":0,"ocean_post_title_bg_image_position":"","ocean_post_title_bg_image_attachment":"","ocean_post_title_bg_image_repeat":"","ocean_post_title_bg_image_size":"","ocean_post_title_height":0,"ocean_post_title_bg_overlay":0.5,"ocean_post_title_bg_overlay_color":"","ocean_disable_breadcrumbs":"default","ocean_breadcrumbs_color":"","ocean_breadcrumbs_separator_color":"","ocean_breadcrumbs_links_color":"","ocean_breadcrumbs_links_hover_color":"","ocean_display_footer_widgets":"default","ocean_display_footer_bottom":"default","ocean_custom_footer_template":"0","footnotes":""},"class_list":["post-33","page","type-page","status-publish","hentry","entry","has-media"],"featured_image_urls_v2":{"full":"","thumbnail":"","medium":"","medium_large":"","large":"","1536x1536":"","2048x2048":"","ocean-thumb-m":"","ocean-thumb-ml":"","ocean-thumb-l":""},"post_excerpt_stackable_v2":"<p>Rehkitzrettung Die Rehkitzrettung erscheint in keiner Statistik\u2026 Die Jagdstatistik vermeldet jedoch pro Jahr 1500 Rehkitze die durch das M\u00e4hen landwirtschaftlich genutzter Wiesen ums leben kommen. Die Dunkelziffer d\u00fcrfte noch erheblich h\u00f6her liegen\u2026 Jagd Im Kanton Solothurn gibt es die Revierjagd seit 1932. F\u00fcr den Revierj\u00e4ger gibt es keine Jagdsaison, Jagdgesellschaft hegen und jagen im Revier das ganze Jahr auch wenn von Aussenstehenden oft nur die Herbstjagd als Jagd wargenommen wird. Unser Revier Innerhalb der Reviergrenzen bestimmt der Faltenjura das Landschaftsbild und gibt im Jahresrhtymus den Takt f\u00fcr Mensch und Tier vor. RehkitzrettungUnser Dronenteam ist flexibel und beweglich &#8211; rufen Sie&hellip;<\/p>\n","category_list_v2":"","author_info_v2":{"name":"Gernot Seitz","url":"https:\/\/www.revier67.ch\/solothurn\/author\/gernot_wn7gg262\/"},"comments_num_v2":"0 comments","jetpack_sharing_enabled":true,"_links":{"self":[{"href":"https:\/\/www.revier67.ch\/solothurn\/wp-json\/wp\/v2\/pages\/33","targetHints":{"allow":["GET"]}}],"collection":[{"href":"https:\/\/www.revier67.ch\/solothurn\/wp-json\/wp\/v2\/pages"}],"about":[{"href":"https:\/\/www.revier67.ch\/solothurn\/wp-json\/wp\/v2\/types\/page"}],"author":[{"embeddable":true,"href":"https:\/\/www.revier67.ch\/solothurn\/wp-json\/wp\/v2\/users\/1"}],"replies":[{"embeddable":true,"href":"https:\/\/www.revier67.ch\/solothurn\/wp-json\/wp\/v2\/comments?post=33"}],"version-history":[{"count":156,"href":"https:\/\/www.revier67.ch\/solothurn\/wp-json\/wp\/v2\/pages\/33\/revisions"}],"predecessor-version":[{"id":3539,"href":"https:\/\/www.revier67.ch\/solothurn\/wp-json\/wp\/v2\/pages\/33\/revisions\/3539"}],"wp:attachment":[{"href":"https:\/\/www.revier67.ch\/solothurn\/wp-json\/wp\/v2\/media?parent=33"}],"curies":[{"name":"wp","href":"https:\/\/api.w.org\/{rel}","templated":true}]}}