{"id":365,"date":"2021-05-29T16:00:08","date_gmt":"2021-05-29T16:00:08","guid":{"rendered":"https:\/\/www.revier67.ch\/solothurn\/?page_id=365"},"modified":"2021-08-12T18:14:03","modified_gmt":"2021-08-12T16:14:03","slug":"unser-wild","status":"publish","type":"page","link":"https:\/\/www.revier67.ch\/solothurn\/die-jagd\/unser-wild\/","title":{"rendered":"Unser Wild"},"content":{"rendered":"\n<p>In den W\u00e4ldern in unserer Region ist mancherlei Wild zu finden. Angefangen vom Dachs bis hin zum Luchs ist einiges zu entdecken.<br>Gespannt d\u00fcrfen wir auch sein wann uns der Rothirsch und der Wolf einen Besuch abstatten wird&#8230;<\/p>\n\n\n\n<p>Nehmen Sie sich Zeit um mehr \u00fcber diese Waldbewohner zu erfahren!<\/p>\n\n\n\n<h2 class=\"wp-block-heading\">Unsere aktuellen Mitbewohner<\/h2>\n\n\n\n<div class=\"wp-block-image\"><figure class=\"aligncenter size-large is-resized\"><a href=\"https:\/\/www.revier67.ch\/solothurn\/jagd\/unser-wild\/dachs\/\" target=\"_blank\" rel=\"noopener\"><img data-recalc-dims=\"1\" fetchpriority=\"high\" decoding=\"async\" src=\"https:\/\/i0.wp.com\/www.revier67.ch\/solothurn\/wp-content\/uploads\/2021\/05\/Title.jpg?resize=668%2C240&#038;ssl=1\" alt=\"Dachs\" class=\"wp-image-358\" width=\"668\" height=\"240\" srcset=\"https:\/\/i0.wp.com\/www.revier67.ch\/solothurn\/wp-content\/uploads\/2021\/05\/Title.jpg?w=891&amp;ssl=1 891w, https:\/\/i0.wp.com\/www.revier67.ch\/solothurn\/wp-content\/uploads\/2021\/05\/Title.jpg?resize=300%2C108&amp;ssl=1 300w, https:\/\/i0.wp.com\/www.revier67.ch\/solothurn\/wp-content\/uploads\/2021\/05\/Title.jpg?resize=768%2C276&amp;ssl=1 768w\" sizes=\"(max-width: 668px) 100vw, 668px\" \/><\/a><\/figure><\/div>\n\n\n\n<div class=\"wp-block-image\"><figure class=\"aligncenter size-large is-resized\"><a href=\"https:\/\/www.revier67.ch\/solothurn\/jagd\/unser-wild\/https-www-revier67-ch-solothurn-page-id413\/\" target=\"_blank\" rel=\"noopener\"><img data-recalc-dims=\"1\" decoding=\"async\" src=\"https:\/\/i0.wp.com\/www.revier67.ch\/solothurn\/wp-content\/uploads\/2021\/05\/Titel.jpg?resize=668%2C240&#038;ssl=1\" alt=\"Fuchs\" class=\"wp-image-391\" width=\"668\" height=\"240\" srcset=\"https:\/\/i0.wp.com\/www.revier67.ch\/solothurn\/wp-content\/uploads\/2021\/05\/Titel.jpg?w=891&amp;ssl=1 891w, https:\/\/i0.wp.com\/www.revier67.ch\/solothurn\/wp-content\/uploads\/2021\/05\/Titel.jpg?resize=300%2C108&amp;ssl=1 300w, https:\/\/i0.wp.com\/www.revier67.ch\/solothurn\/wp-content\/uploads\/2021\/05\/Titel.jpg?resize=768%2C276&amp;ssl=1 768w\" sizes=\"(max-width: 668px) 100vw, 668px\" \/><\/a><\/figure><\/div>\n\n\n\n<div class=\"wp-block-image\"><figure class=\"aligncenter size-large is-resized\"><a href=\"https:\/\/www.revier67.ch\/solothurn\/jagd\/unser-wild\/das-reh\/\" target=\"_blank\" rel=\"noopener\"><img data-recalc-dims=\"1\" decoding=\"async\" src=\"https:\/\/i0.wp.com\/www.revier67.ch\/solothurn\/wp-content\/uploads\/2021\/05\/reh_Titel.jpg?resize=668%2C240&#038;ssl=1\" alt=\"Reh\" class=\"wp-image-393\" width=\"668\" height=\"240\"\/><\/a><\/figure><\/div>\n\n\n\n<div class=\"wp-block-image\"><figure class=\"aligncenter size-large is-resized\"><a href=\"https:\/\/www.revier67.ch\/solothurn\/jagd\/unser-wild\/die-gams\/\" target=\"_blank\" rel=\"noopener\"><img data-recalc-dims=\"1\" loading=\"lazy\" decoding=\"async\" src=\"https:\/\/i0.wp.com\/www.revier67.ch\/solothurn\/wp-content\/uploads\/2021\/05\/Title-1.jpg?resize=668%2C240&#038;ssl=1\" alt=\"Gemse\" class=\"wp-image-402\" width=\"668\" height=\"240\"\/><\/a><\/figure><\/div>\n\n\n\n<div class=\"wp-block-image\"><figure class=\"aligncenter size-large is-resized\"><a href=\"https:\/\/www.revier67.ch\/solothurn\/das-wildschwein-schwarzwild\/\" target=\"_blank\" rel=\"noopener\"><img data-recalc-dims=\"1\" loading=\"lazy\" decoding=\"async\" src=\"https:\/\/i0.wp.com\/www.revier67.ch\/solothurn\/wp-content\/uploads\/2021\/05\/Wildschein-Title.jpg?resize=668%2C240&#038;ssl=1\" alt=\"Wildschwein\" class=\"wp-image-408\" width=\"668\" height=\"240\"\/><\/a><\/figure><\/div>\n\n\n\n<div class=\"wp-block-image\"><figure class=\"aligncenter size-large is-resized\"><a href=\"https:\/\/www.revier67.ch\/solothurn\/jagd\/unser-wild\/https-www-revier67-ch-solothurn-jagd-unser-wild-der-luchs\/\" target=\"_blank\" rel=\"noopener\"><img data-recalc-dims=\"1\" loading=\"lazy\" decoding=\"async\" src=\"https:\/\/i0.wp.com\/www.revier67.ch\/solothurn\/wp-content\/uploads\/2021\/05\/Titel-1.jpg?resize=668%2C240&#038;ssl=1\" alt=\"Luchs\" class=\"wp-image-394\" width=\"668\" height=\"240\"\/><\/a><\/figure><\/div>\n\n\n\n<h2 class=\"wp-block-heading\">Zuk\u00fcnftige Mitbewohner<\/h2>\n\n\n\n<div class=\"wp-block-image\"><figure class=\"aligncenter size-large is-resized\"><a href=\"https:\/\/www.revier67.ch\/solothurn\/jagd\/unser-wild\/https-www-revier67-ch-solothurn-der-rothirsch\/\" target=\"_blank\" rel=\"noopener\"><img data-recalc-dims=\"1\" loading=\"lazy\" decoding=\"async\" src=\"https:\/\/i0.wp.com\/www.revier67.ch\/solothurn\/wp-content\/uploads\/2021\/05\/Hirsch_Titelbild.jpg?resize=668%2C240&#038;ssl=1\" alt=\"Rothirsch\" class=\"wp-image-395\" width=\"668\" height=\"240\" srcset=\"https:\/\/i0.wp.com\/www.revier67.ch\/solothurn\/wp-content\/uploads\/2021\/05\/Hirsch_Titelbild.jpg?w=891&amp;ssl=1 891w, https:\/\/i0.wp.com\/www.revier67.ch\/solothurn\/wp-content\/uploads\/2021\/05\/Hirsch_Titelbild.jpg?resize=300%2C108&amp;ssl=1 300w, https:\/\/i0.wp.com\/www.revier67.ch\/solothurn\/wp-content\/uploads\/2021\/05\/Hirsch_Titelbild.jpg?resize=768%2C276&amp;ssl=1 768w\" sizes=\"(max-width: 668px) 100vw, 668px\" \/><\/a><\/figure><\/div>\n\n\n\n<div class=\"wp-block-image\"><figure class=\"aligncenter size-large is-resized\"><a href=\"https:\/\/www.revier67.ch\/solothurn\/der-wolf\/\" target=\"_blank\" rel=\"noopener\"><img data-recalc-dims=\"1\" loading=\"lazy\" decoding=\"async\" src=\"https:\/\/i0.wp.com\/www.revier67.ch\/solothurn\/wp-content\/uploads\/2021\/05\/Titel-2.jpg?resize=668%2C240&#038;ssl=1\" alt=\"Wolf\" class=\"wp-image-396\" width=\"668\" height=\"240\" srcset=\"https:\/\/i0.wp.com\/www.revier67.ch\/solothurn\/wp-content\/uploads\/2021\/05\/Titel-2.jpg?w=891&amp;ssl=1 891w, https:\/\/i0.wp.com\/www.revier67.ch\/solothurn\/wp-content\/uploads\/2021\/05\/Titel-2.jpg?resize=300%2C108&amp;ssl=1 300w, https:\/\/i0.wp.com\/www.revier67.ch\/solothurn\/wp-content\/uploads\/2021\/05\/Titel-2.jpg?resize=768%2C276&amp;ssl=1 768w\" sizes=\"(max-width: 668px) 100vw, 668px\" \/><\/a><\/figure><\/div>\n","protected":false},"excerpt":{"rendered":"<p>In den W\u00e4ldern in unserer Region ist mancherlei Wild zu finden. Angefangen vom Dachs bis hin zum Luchs ist einiges zu entdecken.Gespannt d\u00fcrfen wir auch sein wann uns der Rothirsch und der Wolf einen Besuch abstatten wird&#8230; Nehmen Sie sich Zeit um mehr \u00fcber diese Waldbewohner zu erfahren! Unsere aktuellen Mitbewohner Zuk\u00fcnftige Mitbewohner<\/p>\n","protected":false},"author":6,"featured_media":359,"parent":765,"menu_order":3,"comment_status":"closed","ping_status":"closed","template":"elementor_theme","meta":{"ocean_post_layout":"","ocean_both_sidebars_style":"","ocean_both_sidebars_content_width":0,"ocean_both_sidebars_sidebars_width":0,"ocean_sidebar":"0","ocean_second_sidebar":"0","ocean_disable_margins":"enable","ocean_add_body_class":"","ocean_shortcode_before_top_bar":"","ocean_shortcode_after_top_bar":"","ocean_shortcode_before_header":"","ocean_shortcode_after_header":"","ocean_has_shortcode":"","ocean_shortcode_after_title":"","ocean_shortcode_before_footer_widgets":"","ocean_shortcode_after_footer_widgets":"","ocean_shortcode_before_footer_bottom":"","ocean_shortcode_after_footer_bottom":"","ocean_display_top_bar":"default","ocean_display_header":"default","ocean_header_style":"","ocean_center_header_left_menu":"0","ocean_custom_header_template":"0","ocean_custom_logo":0,"ocean_custom_retina_logo":0,"ocean_custom_logo_max_width":0,"ocean_custom_logo_tablet_max_width":0,"ocean_custom_logo_mobile_max_width":0,"ocean_custom_logo_max_height":0,"ocean_custom_logo_tablet_max_height":0,"ocean_custom_logo_mobile_max_height":0,"ocean_header_custom_menu":"0","ocean_menu_typo_font_family":"0","ocean_menu_typo_font_subset":"","ocean_menu_typo_font_size":0,"ocean_menu_typo_font_size_tablet":0,"ocean_menu_typo_font_size_mobile":0,"ocean_menu_typo_font_size_unit":"px","ocean_menu_typo_font_weight":"","ocean_menu_typo_font_weight_tablet":"","ocean_menu_typo_font_weight_mobile":"","ocean_menu_typo_transform":"","ocean_menu_typo_transform_tablet":"","ocean_menu_typo_transform_mobile":"","ocean_menu_typo_line_height":0,"ocean_menu_typo_line_height_tablet":0,"ocean_menu_typo_line_height_mobile":0,"ocean_menu_typo_line_height_unit":"","ocean_menu_typo_spacing":0,"ocean_menu_typo_spacing_tablet":0,"ocean_menu_typo_spacing_mobile":0,"ocean_menu_typo_spacing_unit":"","ocean_menu_link_color":"","ocean_menu_link_color_hover":"","ocean_menu_link_color_active":"","ocean_menu_link_background":"","ocean_menu_link_hover_background":"","ocean_menu_link_active_background":"","ocean_menu_social_links_bg":"","ocean_menu_social_hover_links_bg":"","ocean_menu_social_links_color":"","ocean_menu_social_hover_links_color":"","ocean_disable_title":"default","ocean_disable_heading":"default","ocean_post_title":"","ocean_post_subheading":"","ocean_post_title_style":"","ocean_post_title_background_color":"","ocean_post_title_background":0,"ocean_post_title_bg_image_position":"","ocean_post_title_bg_image_attachment":"","ocean_post_title_bg_image_repeat":"","ocean_post_title_bg_image_size":"","ocean_post_title_height":0,"ocean_post_title_bg_overlay":0.5,"ocean_post_title_bg_overlay_color":"","ocean_disable_breadcrumbs":"default","ocean_breadcrumbs_color":"","ocean_breadcrumbs_separator_color":"","ocean_breadcrumbs_links_color":"","ocean_breadcrumbs_links_hover_color":"","ocean_display_footer_widgets":"default","ocean_display_footer_bottom":"default","ocean_custom_footer_template":"0","footnotes":""},"class_list":["post-365","page","type-page","status-publish","has-post-thumbnail","hentry","entry","has-media"],"featured_image_urls_v2":{"full":["https:\/\/i0.wp.com\/www.revier67.ch\/solothurn\/wp-content\/uploads\/2021\/05\/beautiful-shot-forest-with-tall-trees-bright-sun-rays-shining-scaled.jpg?fit=2560%2C1707&ssl=1",2560,1707,false],"thumbnail":["https:\/\/i0.wp.com\/www.revier67.ch\/solothurn\/wp-content\/uploads\/2021\/05\/beautiful-shot-forest-with-tall-trees-bright-sun-rays-shining-scaled.jpg?resize=150%2C150&ssl=1",150,150,true],"medium":["https:\/\/i0.wp.com\/www.revier67.ch\/solothurn\/wp-content\/uploads\/2021\/05\/beautiful-shot-forest-with-tall-trees-bright-sun-rays-shining-scaled.jpg?fit=300%2C200&ssl=1",300,200,true],"medium_large":["https:\/\/i0.wp.com\/www.revier67.ch\/solothurn\/wp-content\/uploads\/2021\/05\/beautiful-shot-forest-with-tall-trees-bright-sun-rays-shining-scaled.jpg?fit=768%2C512&ssl=1",768,512,true],"large":["https:\/\/i0.wp.com\/www.revier67.ch\/solothurn\/wp-content\/uploads\/2021\/05\/beautiful-shot-forest-with-tall-trees-bright-sun-rays-shining-scaled.jpg?fit=1024%2C683&ssl=1",1024,683,true],"1536x1536":["https:\/\/i0.wp.com\/www.revier67.ch\/solothurn\/wp-content\/uploads\/2021\/05\/beautiful-shot-forest-with-tall-trees-bright-sun-rays-shining-scaled.jpg?fit=1536%2C1024&ssl=1",1536,1024,true],"2048x2048":["https:\/\/i0.wp.com\/www.revier67.ch\/solothurn\/wp-content\/uploads\/2021\/05\/beautiful-shot-forest-with-tall-trees-bright-sun-rays-shining-scaled.jpg?fit=2048%2C1365&ssl=1",2048,1365,true],"ocean-thumb-m":["https:\/\/i0.wp.com\/www.revier67.ch\/solothurn\/wp-content\/uploads\/2021\/05\/beautiful-shot-forest-with-tall-trees-bright-sun-rays-shining-scaled.jpg?resize=600%2C600&ssl=1",600,600,true],"ocean-thumb-ml":["https:\/\/i0.wp.com\/www.revier67.ch\/solothurn\/wp-content\/uploads\/2021\/05\/beautiful-shot-forest-with-tall-trees-bright-sun-rays-shining-scaled.jpg?resize=800%2C450&ssl=1",800,450,true],"ocean-thumb-l":["https:\/\/i0.wp.com\/www.revier67.ch\/solothurn\/wp-content\/uploads\/2021\/05\/beautiful-shot-forest-with-tall-trees-bright-sun-rays-shining-scaled.jpg?resize=1200%2C700&ssl=1",1200,700,true]},"post_excerpt_stackable_v2":"<p>In den W\u00e4ldern in unserer Region ist mancherlei Wild zu finden. Angefangen vom Dachs bis hin zum Luchs ist einiges zu entdecken.Gespannt d\u00fcrfen wir auch sein wann uns der Rothirsch und der Wolf einen Besuch abstatten wird&#8230; Nehmen Sie sich Zeit um mehr \u00fcber diese Waldbewohner zu erfahren! Unsere aktuellen Mitbewohner Zuk\u00fcnftige Mitbewohner<\/p>\n","category_list_v2":"","author_info_v2":{"name":"Peter Treier","url":"https:\/\/www.revier67.ch\/solothurn\/author\/peter-treier\/"},"comments_num_v2":"0 comments","jetpack_sharing_enabled":true,"_links":{"self":[{"href":"https:\/\/www.revier67.ch\/solothurn\/wp-json\/wp\/v2\/pages\/365","targetHints":{"allow":["GET"]}}],"collection":[{"href":"https:\/\/www.revier67.ch\/solothurn\/wp-json\/wp\/v2\/pages"}],"about":[{"href":"https:\/\/www.revier67.ch\/solothurn\/wp-json\/wp\/v2\/types\/page"}],"author":[{"embeddable":true,"href":"https:\/\/www.revier67.ch\/solothurn\/wp-json\/wp\/v2\/users\/6"}],"replies":[{"embeddable":true,"href":"https:\/\/www.revier67.ch\/solothurn\/wp-json\/wp\/v2\/comments?post=365"}],"version-history":[{"count":24,"href":"https:\/\/www.revier67.ch\/solothurn\/wp-json\/wp\/v2\/pages\/365\/revisions"}],"predecessor-version":[{"id":539,"href":"https:\/\/www.revier67.ch\/solothurn\/wp-json\/wp\/v2\/pages\/365\/revisions\/539"}],"up":[{"embeddable":true,"href":"https:\/\/www.revier67.ch\/solothurn\/wp-json\/wp\/v2\/pages\/765"}],"wp:featuredmedia":[{"embeddable":true,"href":"https:\/\/www.revier67.ch\/solothurn\/wp-json\/wp\/v2\/media\/359"}],"wp:attachment":[{"href":"https:\/\/www.revier67.ch\/solothurn\/wp-json\/wp\/v2\/media?parent=365"}],"curies":[{"name":"wp","href":"https:\/\/api.w.org\/{rel}","templated":true}]}}