{"id":427,"date":"2021-05-31T20:47:16","date_gmt":"2021-05-31T20:47:16","guid":{"rendered":"https:\/\/www.revier67.ch\/solothurn\/?page_id=427"},"modified":"2021-05-31T21:16:24","modified_gmt":"2021-05-31T21:16:24","slug":"das-reh","status":"publish","type":"page","link":"https:\/\/www.revier67.ch\/solothurn\/die-jagd\/unser-wild\/das-reh\/","title":{"rendered":"Das Reh"},"content":{"rendered":"\n<figure class=\"wp-block-image size-large\"><img data-recalc-dims=\"1\" fetchpriority=\"high\" decoding=\"async\" width=\"831\" height=\"320\" src=\"https:\/\/i0.wp.com\/www.revier67.ch\/solothurn\/wp-content\/uploads\/2021\/05\/reh_Titel.jpg?resize=831%2C320&#038;ssl=1\" alt=\"Reh\" class=\"wp-image-393\" srcset=\"https:\/\/i0.wp.com\/www.revier67.ch\/solothurn\/wp-content\/uploads\/2021\/05\/reh_Titel.jpg?w=831&amp;ssl=1 831w, https:\/\/i0.wp.com\/www.revier67.ch\/solothurn\/wp-content\/uploads\/2021\/05\/reh_Titel.jpg?resize=300%2C116&amp;ssl=1 300w, https:\/\/i0.wp.com\/www.revier67.ch\/solothurn\/wp-content\/uploads\/2021\/05\/reh_Titel.jpg?resize=768%2C296&amp;ssl=1 768w\" sizes=\"(max-width: 831px) 100vw, 831px\" \/><\/figure>\n\n\n<blockquote class=\"wp-block-quote\">\n<p>Als Kitz das niedliche Tier schlechthin, beim Fressen ein Nascher und auf der Flucht clever! Das Reh&#8230;<\/p>\n<\/blockquote>\n<h2>Einleitung<\/h2>\n<p>Das Reh ist seit Jahrzehnten die h\u00e4ufigste Huftierart in den Schweizer W\u00e4ldern. Das hohe Nahrungsangebot in der heutigen Kulturlandschaft sowie der geringe Feinddruck hilft dabei, den Bestand mit r\u00fccksichtsvoller Bejagung stabil zu halten. In der Schweiz werden j\u00e4hrlich rund 40&#8217;000 Rehe erlegt, dies hat unter anderem zum Ziel den Bestand der Tragf\u00e4higkeit der heutigen Lebensr\u00e4ume anzupassen.<\/p>\n<div class=\"su-accordion su-u-trim\">\n<div class=\"su-spoiler su-spoiler-style-default su-spoiler-icon-plus su-spoiler-closed\" data-scroll-offset=\"0\" data-anchor-in-url=\"no\"><div class=\"su-spoiler-title\" tabindex=\"0\" role=\"button\"><span class=\"su-spoiler-icon\"><\/span>Steckbrief<\/div><div class=\"su-spoiler-content su-u-clearfix su-u-trim\">\n<figure class=\"wp-block-table\">\n<table class=\"has-fixed-layout\">\n<tbody>\n<tr>\n<td>Einordnung<\/td>\n<td>Paarhufer &gt; Wiederk\u00e4uer &gt; Geweihtr\u00e4ger<\/td>\n<\/tr>\n<tr>\n<td>Gewicht<\/td>\n<td>B\u00f6cke bis 23kg, Geissen bis 20kg<\/td>\n<\/tr>\n<tr>\n<td>Kennzeichen der erwachsenen Tiere<\/td>\n<td>Sommerhaar: rotbraun<br \/>Winterhaar: graubraun<br \/>Spiegel im Winterfell beim Bock nierenf\u00f6rmig, bei der Geiss herzf\u00f6rmig mit Sch\u00fcrze.<\/td>\n<\/tr>\n<tr>\n<td>Paarungszeit<br \/>(Brunft oder auch Blattzeit)<\/td>\n<td>Juli\/August<\/td>\n<\/tr>\n<tr>\n<td>Tragzeit<\/td>\n<td>42 Wochen, jedoch mit Keimruhe (August bis Dezember). Die effektive Tragzeit dauert 24 Wochen.<\/td>\n<\/tr>\n<tr>\n<td>Setzzeit<\/td>\n<td>Mai bis Juni<\/td>\n<\/tr>\n<tr>\n<td>Anzahl Junge (Kitze)<\/td>\n<td>meist 2<\/td>\n<\/tr>\n<tr>\n<td>S\u00e4ugezeit<\/td>\n<td>ca. 5 bis 6 Monate<\/td>\n<\/tr>\n<tr>\n<td>Geweihzyklus beim erwachsenen Bock<\/td>\n<td><span style=\"text-decoration: underline;\">Wachstum<\/span>: Dezember bis April ~100 Tage.<br \/><span style=\"text-decoration: underline;\">Fegen<\/span>: M\u00e4rz bis Mai.<br \/><span style=\"text-decoration: underline;\">Abwurf<\/span>: Oktober bis Dezember.<\/td>\n<\/tr>\n<tr>\n<td>Nahrung<\/td>\n<td>Kr\u00e4uter, Knospen, Bl\u00e4tter, Bl\u00fcten, Fr\u00fcchte, Eicheln, Buchn\u00fcsschen.<\/td>\n<\/tr>\n<tr>\n<td>\u00c4sungstyp<\/td>\n<td><a class=\"rank-math-link\" href=\"https:\/\/de.wikipedia.org\/wiki\/Selektierer\" target=\"_blank\" rel=\"noreferrer noopener\" aria-label=\"Konzentrationsselektierer (opens in a new tab)\">Konzentrationsselektierer<\/a><\/td>\n<\/tr>\n<tr>\n<td>Nat\u00fcrliche Beutegreifer<\/td>\n<td>Fuchs, Luchs, Wolf<\/td>\n<\/tr>\n<tr>\n<td>H\u00e4ufigste Sch\u00e4den<\/td>\n<td>Verbiss- und Fegesch\u00e4den.<\/td>\n<\/tr>\n<tr>\n<td>Verbreitungsgebiet (CH)<\/td>\n<td>Ganze Schweiz, h\u00f6chste Dichte im Mittelland.<br \/>Kommt bis zur Baumgrenze vor.<\/td>\n<\/tr>\n<\/tbody>\n<\/table>\n<\/figure>\n<\/div><\/div>\n<div class=\"su-spoiler su-spoiler-style-default su-spoiler-icon-plus su-spoiler-closed\" data-scroll-offset=\"0\" data-anchor-in-url=\"no\"><div class=\"su-spoiler-title\" tabindex=\"0\" role=\"button\"><span class=\"su-spoiler-icon\"><\/span>Jagdsprachliche Bezeichnungen<\/div><div class=\"su-spoiler-content su-u-clearfix su-u-trim\">\n<figure class=\"wp-block-table\">\n<table class=\"has-fixed-layout\">\n<tbody>\n<tr>\n<td>Erwachsene Tiere<\/td>\n<td>Bock \u2642<br \/>Geiss \u2640<\/td>\n<\/tr>\n<tr>\n<td>Jungtiere<\/td>\n<td>Bockkitz\u00a0 \u2642<br \/>Geisskitz \u2640<\/td>\n<\/tr>\n<tr>\n<td>Tiergruppe<\/td>\n<td>Sprung<\/td>\n<\/tr>\n<tr>\n<td>Fell<\/td>\n<td>Decke<\/td>\n<\/tr>\n<tr>\n<td>Augen<\/td>\n<td>Lichter<\/td>\n<\/tr>\n<tr>\n<td>Ohren<\/td>\n<td>Lauscher<\/td>\n<\/tr>\n<tr>\n<td>Beine \/ F\u00fcsse<\/td>\n<td>L\u00e4ufe \/ Schalen<\/td>\n<\/tr>\n<tr>\n<td>Schwanz<\/td>\n<td>&#8211;<\/td>\n<\/tr>\n<tr>\n<td>Paarungszeit<\/td>\n<td>Brunft<\/td>\n<\/tr>\n<tr>\n<td>Geburt<\/td>\n<td>Setzen<\/td>\n<\/tr>\n<\/tbody>\n<\/table>\n<\/figure>\n<\/div><\/div>\n<div class=\"su-spoiler su-spoiler-style-default su-spoiler-icon-plus su-spoiler-closed\" data-scroll-offset=\"0\" data-anchor-in-url=\"no\"><div class=\"su-spoiler-title\" tabindex=\"0\" role=\"button\"><span class=\"su-spoiler-icon\"><\/span>Sinne<\/div><div class=\"su-spoiler-content su-u-clearfix su-u-trim\">\n<p>Windet und vernimmt sehr gut = Geruchssinn und Geh\u00f6r sehr gut,<br \/>\u00e4ugt nur bewegte Objekte (Bewegungsseher)<\/p>\n<\/div><\/div>\n<div class=\"su-spoiler su-spoiler-style-default su-spoiler-icon-plus su-spoiler-closed\" data-scroll-offset=\"0\" data-anchor-in-url=\"no\"><div class=\"su-spoiler-title\" tabindex=\"0\" role=\"button\"><span class=\"su-spoiler-icon\"><\/span>Der Lebensraum<\/div><div class=\"su-spoiler-content su-u-clearfix su-u-trim\">\n<p>Das Reh ist sehr anpassungsf\u00e4hig was die Wahl des Lebensraumes angeht. Grunds\u00e4tzlich bevorzugt es jedoch ein Gel\u00e4nde das sowohl \u00c4sungs- wie auch Deckungsm\u00f6glichkeiten bietet. Dieses Art von Gel\u00e4nde findet man besonders in den \u00dcberg\u00e4ngen zwischen Wald und offener Landschaft (sch\u00f6nes Beispiel ist hier in der Region Aesch, das Feldgebiet beim <a class=\"rank-math-link\" href=\"https:\/\/jagen.blog\/2018\/02\/03\/schlatthof\/\" target=\"_blank\" rel=\"noreferrer noopener\" aria-label=\"Schlatthof (opens in a new tab)\">Schlatthof<\/a>, das Aescherfeld).<\/p>\n<p>Das Waldinnere wird ebenfalls gerne als Siedelgebiet angenommen, sehr willkommen sind W\u00e4lder mit sog. inneren Waldr\u00e4ndern die durch Windwurf, Waldbr\u00e4nde oder Bewirtschaftung entstehen.<br \/>Im europ\u00e4ischen Ausland gibt es auch reine Feldrehe welche das ganze Jahr hindurch im offenen Ackerland leben und dort Rudel bilden.<\/p>\n<\/div><\/div>\n<div class=\"su-spoiler su-spoiler-style-default su-spoiler-icon-plus su-spoiler-closed\" data-scroll-offset=\"0\" data-anchor-in-url=\"no\"><div class=\"su-spoiler-title\" tabindex=\"0\" role=\"button\"><span class=\"su-spoiler-icon\"><\/span>Verhalten<\/div><div class=\"su-spoiler-content su-u-clearfix su-u-trim\">\n<p>Erwachsene Rehe sind standorttreu und w\u00e4hlen jedes Jahr die selben Waldgebiete. Die Streifgebiete sind mit selten gr\u00f6sser wie 100ha eher bescheiden. In bergigen Gebieten wie den Alpen oder dem Jura k\u00f6nnen saisonale Wanderungen zwischen Winter und Sommer vorkommen.<\/p>\n<p>Die erwachsenen B\u00f6cke nehmen im Fr\u00fchjahr und Sommer ihre Territorien (Einst\u00e4nde) in Beschlag die sie gegen\u00fcber anderen B\u00f6cken sicht- und riechbar markieren &#8211; man nennt dies Fege- und Pl\u00e4tzstellen. Diese Pl\u00e4tze werden heftig verteidigt. Damit sichern sich die B\u00f6cke den Zugang zu den Geissen w\u00e4hrend der Brunftzeit. Geissen besetzen im Sommer ebenfalls Gebiete welche sie jedoch weit weniger heftig gegen andere Geissen verteidigen.<\/p>\n<p>Ein Bockrevier besteht aus mehreren Sommereinst\u00e4nden von Geissen und deren Kitzen.<\/p>\n<p>Junge, einj\u00e4hrige B\u00f6cke k\u00f6nnen keinen Einstand bilden und werden von den \u00e4lteren B\u00f6cken vertrieben. Dies sorgt unter anderem zu einer genetischen Durchmischung der Rehbest\u00e4nde.<\/p>\n<p>Im Winter schliessen sich Rehe beiderlei Geschlechtes und unterschiedlichen Alters zu sog. Winterspr\u00fcgen zusammen. Solche Spr\u00fcnge erh\u00f6hen die Sicherheit des einzelnen Rehs vor Raubfeinden.<\/p>\n<\/div><\/div>\n<div class=\"su-spoiler su-spoiler-style-default su-spoiler-icon-plus su-spoiler-closed\" data-scroll-offset=\"0\" data-anchor-in-url=\"no\"><div class=\"su-spoiler-title\" tabindex=\"0\" role=\"button\"><span class=\"su-spoiler-icon\"><\/span>Aktivit\u00e4tsmuster<\/div><div class=\"su-spoiler-content su-u-clearfix su-u-trim\">\n<p>Ein Reh hat t\u00e4glich bis zu zw\u00f6lf auf Tag und Nacht verteilte \u00c4sungsperioden! Bei h\u00e4uffigen St\u00f6rungen kann es vorkommen das sich das Reh nur noch Nachts in das offene Kulturland traut und tags\u00fcber nur noch im sicheren und deckungsreichen Tageseinstand \u00e4st. Dadurch kann es zu erh\u00f6htem Verbiss an Tannen und dergleichen kommen.<\/p>\n<\/div><\/div>\n<div class=\"su-spoiler su-spoiler-style-default su-spoiler-icon-plus su-spoiler-closed\" data-scroll-offset=\"0\" data-anchor-in-url=\"no\"><div class=\"su-spoiler-title\" tabindex=\"0\" role=\"button\"><span class=\"su-spoiler-icon\"><\/span>Fortbewegung<\/div><div class=\"su-spoiler-content su-u-clearfix su-u-trim\">\n<p>Das Reh ist kein ausdauernder L\u00e4ufer. Es schl\u00fcpft bei Gefahr lieber in Deckung. Daf\u00fcr ist der K\u00f6rper des Rehs bestens angepasst. Seine langen und starken Hinterl\u00e4ufe erm\u00f6glichen es kurze aber explosive Fluchten anzutreten. Das Reh versucht dabei im Dickicht durch mehrfaches kreuzen der eigenen F\u00e4hrte und gar durch zur\u00fcckkehren auf der F\u00e4hrte mit seitlichem Abspringen (man nennt dies auch Wiedergang) den Verfolger abzusch\u00fctteln.<\/p>\n<\/div><\/div>\n<div class=\"su-spoiler su-spoiler-style-default su-spoiler-icon-plus su-spoiler-closed\" data-scroll-offset=\"0\" data-anchor-in-url=\"no\"><div class=\"su-spoiler-title\" tabindex=\"0\" role=\"button\"><span class=\"su-spoiler-icon\"><\/span>Trittsiegel<\/div><div class=\"su-spoiler-content su-u-clearfix su-u-trim\">\n<p><img data-recalc-dims=\"1\" decoding=\"async\" class=\"size-medium wp-image-439 aligncenter\" src=\"https:\/\/i0.wp.com\/www.revier67.ch\/solothurn\/wp-content\/uploads\/2021\/05\/Trittsiegel.gif?resize=248%2C300&#038;ssl=1\" alt=\"\" width=\"248\" height=\"300\" \/><\/p>\n<\/div><\/div>\n<div class=\"su-spoiler su-spoiler-style-default su-spoiler-icon-plus su-spoiler-closed\" data-scroll-offset=\"0\" data-anchor-in-url=\"no\"><div class=\"su-spoiler-title\" tabindex=\"0\" role=\"button\"><span class=\"su-spoiler-icon\"><\/span>Geweihentwicklung<\/div><div class=\"su-spoiler-content su-u-clearfix su-u-trim\">\n<p>Das Geweih oder auch Geh\u00f6rn des erwachsenen Bockes bildet sich als Spiesser-, Gabler- und Sechsergeweih aus. Eine Vielfalt von abnormen Genweihformen bilden sich als Folge von Verletzungen, Krankheiten oder hormoneller St\u00f6rung aus. Die Form und Gr\u00f6sse des Geweihs steht nicht im Zusammenhang mit dem Alter oder der Erbanlage, es sind sozialer Status, Ern\u00e4hrungsbedingung und Konkurrenzsituation massgebend.<\/p>\n<\/div><\/div>\n<div class=\"su-spoiler su-spoiler-style-default su-spoiler-icon-plus su-spoiler-closed\" data-scroll-offset=\"0\" data-anchor-in-url=\"no\"><div class=\"su-spoiler-title\" tabindex=\"0\" role=\"button\"><span class=\"su-spoiler-icon\"><\/span>Geweihzyklus<\/div><div class=\"su-spoiler-content su-u-clearfix su-u-trim\">\n<p>Das Geweih wird im M\u00e4rz\/April gefegt und im Herbst abgeworfen. Das erste Geweih (Kn\u00f6pfchen oder auch Spiesschen) k\u00f6nnen sich schon beim Kietz ende Jahr bilden, es wird aber in den folgenden Monaten wieder abgeworfen. Im Sp\u00e4twinter schiebt der Kietzbock das sog. &#8218;J\u00e4hrlingsgeweih&#8216; das er dann im Mai und Juni fegt und dann wie die erwachsenen B\u00f6cke im Herbst abwirft. Starke einj\u00e4hrige (J\u00e4hrlinge) B\u00f6cke k\u00f6nnen durchaus schon ein Sechsergeweih tragen.<\/p>\n<div class=\"wp-block-image\">\n<figure class=\"aligncenter\"><img data-recalc-dims=\"1\" decoding=\"async\" class=\"wp-image-884 aligncenter\" src=\"https:\/\/i0.wp.com\/jagen.blog\/wp-content\/uploads\/2018\/09\/Geh%C3%B6rnzyklus.jpg?w=1200&#038;ssl=1\" alt=\"Reh\" \/>\n<p>\u00a0<\/p>\n<figcaption>Geweihbildung beim Reh \u00a9 Michael St\u00fcnzi<\/figcaption>\n<\/figure>\n<\/div>\n<\/div><\/div>\n<div class=\"su-spoiler su-spoiler-style-default su-spoiler-icon-plus su-spoiler-closed\" data-scroll-offset=\"0\" data-anchor-in-url=\"no\"><div class=\"su-spoiler-title\" tabindex=\"0\" role=\"button\"><span class=\"su-spoiler-icon\"><\/span>Ern\u00e4hrung<\/div><div class=\"su-spoiler-content su-u-clearfix su-u-trim\">\n<p>Das Reh ist ein sogenannter &#8218;Konzentrationsselektierer&#8216; oder eben auch ein &#8218;Nascher&#8216;. Der Grund f\u00fcr diese Bezeichnung liegt im kleinen Pansen den das Reh besitzt. Dies bedeutet f\u00fcr das Tier das es leicht verdauliche Nahrung aufnimmt dies daf\u00fcr in vielen kleinen \u00c4sungen. Das Reh nimmt als Nahrung energiereiche Kr\u00e4uter, Bl\u00fcten und Fr\u00fcchte auf &#8211; jedoch wenig Gras. Wie das Reh seine Nahrung selektiert kann man beim \u00e4senden Reh sehr sch\u00f6ne beobachten.<\/p>\n<p>Als Konsequenz ist das Reh auf konstant gute \u00c4sungen angewiesen und kann weniger Fettreserven wie zB. G\u00e4mse oder Steinbock anlegen. Es ist somit im Winter schlecht auf Hungerperioden vorbereitet. In den Wintermonaten nimmt es gerne Knospen von Laubh\u00f6lzern, Buchn\u00fcsschen und Eicheln zu sich.<\/p>\n<p>Ein Problem was den <a class=\"rank-math-link\" href=\"https:\/\/jagen.blog\/2018\/09\/24\/schutz-des-wildes\/\" target=\"_blank\" rel=\"noreferrer noopener\" aria-label=\" (opens in a new tab)\">Tierschutz <\/a>anbelangt ist mit der Ern\u00e4hrungsweise des Rehes auch verbunden: Stress.<br \/>Rehe die durch Hunde, Spazierg\u00e4nger oder Sportler im Winter aufgescheucht werden, verbrauchen f\u00fcr die Flucht wichtige Energie! Aus diesem Grund sollten &#8211; nein &#8211; m\u00fcssen Hunde die nicht gut gef\u00fchrt werden im Wald und den Waldr\u00e4ndern an die Leine! So sch\u00f6n ein Winterspaziergang oder eine Jogging-runde in einem Winterwald auch sein m\u00f6gen, so sch\u00e4dlich sind sie f\u00fcr Waldbewohner wie das Reh&#8230;<\/p>\n<\/div><\/div>\n<div class=\"su-spoiler su-spoiler-style-default su-spoiler-icon-plus su-spoiler-closed\" data-scroll-offset=\"0\" data-anchor-in-url=\"no\"><div class=\"su-spoiler-title\" tabindex=\"0\" role=\"button\"><span class=\"su-spoiler-icon\"><\/span>Losung<\/div><div class=\"su-spoiler-content su-u-clearfix su-u-trim\">\n<p>Die Losung des Rehes ist schwarzbraun gef\u00e4rbt und gl\u00e4nzt im frischen Zustand. (L\u00e4nge: 10-15 mm, Durchmesser: 7-10 mm)<br \/>Geschlechterbestimmung:<br \/>\u2013 Rehbock an einem Ende eingedellt, am anderen z\u00e4pfchenartig ausgezogen<br \/>\u2013 Rehgei\u00df schwach eif\u00f6rmig<\/p>\n<div class=\"wp-block-image\">\n<figure class=\"aligncenter\"><img data-recalc-dims=\"1\" height=\"450\" width=\"600\" decoding=\"async\" class=\"wp-image-1419\" src=\"https:\/\/i0.wp.com\/jagen.blog\/wp-content\/uploads\/2018\/11\/Losung001-600x450.jpg?resize=600%2C450&#038;ssl=1\" alt=\"\" \/>\n<p>\u00a0<\/p>\n<figcaption>Frische Losung<\/figcaption>\n<\/figure>\n<\/div>\n<\/div><\/div>\n<div class=\"su-spoiler su-spoiler-style-default su-spoiler-icon-plus su-spoiler-closed\" data-scroll-offset=\"0\" data-anchor-in-url=\"no\"><div class=\"su-spoiler-title\" tabindex=\"0\" role=\"button\"><span class=\"su-spoiler-icon\"><\/span>Fortpflanzung<\/div><div class=\"su-spoiler-content su-u-clearfix su-u-trim\">\n<p>Die Hauptbrunft auch als Blattzeit bezeichnet, findet im Sommer (Juni\/August) statt. Es gibt auch vereinzelt eine Nebenbrunft im November\/Dezember. In dieser Zeit verteidigt der Platzbock sein Revier gegen Konkurrenten wobei es auch zu Territorialk\u00e4mpfen kommen kann.<\/p>\n<p>Ein junger Rehbock ist bereits ab dem ersten Lebensjahr Geschlechtsreif. Ob seine Teilnahme an der Brunft von Erfolg gekr\u00f6nt ist, h\u00e4ngt von der Anwesenheit und somit Konkurrenz der \u00e4lteren Rehb\u00f6cke ab.<\/p>\n<p>Rehgeissen werden bei guten \u00c4sungsbedingungen bereits als Einj\u00e4hrige sog. Schmalrehe befruchtet\/beschlagen. Diese Rehgeissen f\u00fchren also im alter von 2 Jahren das erste mal Jungtiere.<\/p>\n<h3>Keimruhe<\/h3>\n<p>Nach dem Befruchten\/Beschlagen f\u00e4llt das befruchtete Ei in eine viermonatige Keimruhe. Der Embryo entwickelt sich erst im Januar. Dadurch wird sichergestellt, dass das Kitz in einer Nahrungsreichen Zeit zur Welt kommt (Mai\/Juni).<\/p>\n<h3>Setzplatz<\/h3>\n<p>Die Rehgeiss w\u00e4hlt den Setzplatz so, dass er sonnig und trocken an einem gut bewachsenen Ort liegt &#8211; Felder sind hierbei bevorzugt.<\/p>\n<p>Die frisch geborenen Kitze (in der Regel 2 bis 3) werden sofort nach der Geburt trocken geleckt, die Nachgeburt wird von der Mutter gefressen damit keine Fressfeinde angelockt werden. Die Kitze verstecken sich anschliessend in der Vegetation, dies wird &#8218;ablegen&#8216; genannt.<\/p>\n<h3>Tarnung<\/h3>\n<p>Die gute Tarnung des Kitzfelles und ihr absolut ruhiges Verhalten gepaart mit den praktisch nicht existierenden Eigengeruch machen die Kitze f\u00fcr Raubtiere sehr schwer wahrnehmbar.<\/p>\n<p>Dies ist \u00fcberlebenswichtig, da sie in den ersten Wochen noch nicht mit der Mutter fl\u00fcchten k\u00f6nnen &#8211; die Mutter bleibt in dieser Phase beim Kitz um es gegen kleiner Raubfeinde &#8211; Raben, F\u00fcchse etc. &#8211; zu verteidigen. Die Rehgeiss setzt dazu die Vorderl\u00e4ufe ein.<\/p>\n<figure class=\"wp-block-image\"><img data-recalc-dims=\"1\" height=\"744\" width=\"940\" decoding=\"async\" class=\"wp-image-982\" src=\"https:\/\/i0.wp.com\/jagen.blog\/wp-content\/uploads\/2018\/10\/Rehkitz-im-Gras-940x744.jpg?resize=940%2C744&#038;ssl=1\" alt=\"Reh\" \/>\n<p>\u00a0<\/p>\n<figcaption>Ein abgelegtes Rehkitz<\/figcaption>\n<\/figure>\n<\/div><\/div>\n<div class=\"su-spoiler su-spoiler-style-default su-spoiler-icon-plus su-spoiler-closed\" data-scroll-offset=\"0\" data-anchor-in-url=\"no\"><div class=\"su-spoiler-title\" tabindex=\"0\" role=\"button\"><span class=\"su-spoiler-icon\"><\/span>Rehkitzrettung<\/div><div class=\"su-spoiler-content su-u-clearfix su-u-trim\">\n<p>Hierzu m\u00f6chte ich auf folgenden\u00a0<a class=\"rank-math-link\" href=\"https:\/\/jagen.blog\/2018\/10\/01\/rehkitzrettung\/\" target=\"_blank\" rel=\"noreferrer noopener nofollow\" aria-label=\" (opens in a new tab)\">Artikel <\/a>verweisen<\/p>\n<\/div><\/div>\n<div class=\"su-spoiler su-spoiler-style-default su-spoiler-icon-plus su-spoiler-closed\" data-scroll-offset=\"0\" data-anchor-in-url=\"no\"><div class=\"su-spoiler-title\" tabindex=\"0\" role=\"button\"><span class=\"su-spoiler-icon\"><\/span>Population<\/div><div class=\"su-spoiler-content su-u-clearfix su-u-trim\">\n<p>Da Rehe eine hohe Fortpflanzungsrate haben werden Einbr\u00fcche im Bestand in der Regel schnell ausgeglichen.<br \/>Es gibt jedoch Faktoren die den Bestand negativ beeinflussen&#8230;<\/p>\n\n\n<ul class=\"wp-block-list\"><li>geringen Nahrungsangebot<\/li><li googl=\"true\">starke Konkurrenz mit anderen Rehen oder anderem Schalenwild<\/li><li>Nasskaltes Wetter w\u00e4hrend der Setzzeit<\/li><li googl=\"true\">Lange Schneereiche Winter<\/li><li googl=\"true\">hohe Pr\u00e4senz von Grossraubtieren (Fuchs, Luchs, Wolf)<\/li><li googl=\"true\">\u00fcberm\u00e4ssige Jagd<\/li><\/ul>\n\n\n<p>Rehe werde selten \u00e4lter wie 8 Jahre.<\/p>\n<\/div><\/div>\n<div class=\"su-spoiler su-spoiler-style-default su-spoiler-icon-plus su-spoiler-closed\" data-scroll-offset=\"0\" data-anchor-in-url=\"no\"><div class=\"su-spoiler-title\" tabindex=\"0\" role=\"button\"><span class=\"su-spoiler-icon\"><\/span>Konflikte<\/div><div class=\"su-spoiler-content su-u-clearfix su-u-trim\">\n<p>Hohe Rehbest\u00e4nde k\u00f6nnen Fegesch\u00e4den durch markierende Rehb\u00f6cke und Verbisssch\u00e4den an Gipfeltrieben von Junb\u00e4umen im Waldverursachen.<\/p>\n<p>Weil das Reh gewissen Baumarten bevorzugt zb. die Weisstanne kann es zum Ausfall einer bestimmten Baumart f\u00fchren.<\/p>\n<\/div><\/div><\/div>","protected":false},"excerpt":{"rendered":"<p>Als Kitz das niedliche Tier schlechthin, beim Fressen ein Nascher und auf der Flucht clever! Das Reh&#8230; Einleitung Das Reh ist seit Jahrzehnten die h\u00e4ufigste Huftierart in den Schweizer W\u00e4ldern. Das hohe Nahrungsangebot in der heutigen Kulturlandschaft sowie der geringe Feinddruck hilft dabei, den Bestand mit r\u00fccksichtsvoller Bejagung stabil zu halten. In der Schweiz werden [&hellip;]<\/p>\n","protected":false},"author":6,"featured_media":393,"parent":365,"menu_order":5,"comment_status":"closed","ping_status":"closed","template":"","meta":{"ocean_post_layout":"","ocean_both_sidebars_style":"","ocean_both_sidebars_content_width":0,"ocean_both_sidebars_sidebars_width":0,"ocean_sidebar":"0","ocean_second_sidebar":"0","ocean_disable_margins":"enable","ocean_add_body_class":"","ocean_shortcode_before_top_bar":"","ocean_shortcode_after_top_bar":"","ocean_shortcode_before_header":"","ocean_shortcode_after_header":"","ocean_has_shortcode":"","ocean_shortcode_after_title":"","ocean_shortcode_before_footer_widgets":"","ocean_shortcode_after_footer_widgets":"","ocean_shortcode_before_footer_bottom":"","ocean_shortcode_after_footer_bottom":"","ocean_display_top_bar":"default","ocean_display_header":"default","ocean_header_style":"","ocean_center_header_left_menu":"0","ocean_custom_header_template":"0","ocean_custom_logo":0,"ocean_custom_retina_logo":0,"ocean_custom_logo_max_width":0,"ocean_custom_logo_tablet_max_width":0,"ocean_custom_logo_mobile_max_width":0,"ocean_custom_logo_max_height":0,"ocean_custom_logo_tablet_max_height":0,"ocean_custom_logo_mobile_max_height":0,"ocean_header_custom_menu":"0","ocean_menu_typo_font_family":"0","ocean_menu_typo_font_subset":"","ocean_menu_typo_font_size":0,"ocean_menu_typo_font_size_tablet":0,"ocean_menu_typo_font_size_mobile":0,"ocean_menu_typo_font_size_unit":"px","ocean_menu_typo_font_weight":"","ocean_menu_typo_font_weight_tablet":"","ocean_menu_typo_font_weight_mobile":"","ocean_menu_typo_transform":"","ocean_menu_typo_transform_tablet":"","ocean_menu_typo_transform_mobile":"","ocean_menu_typo_line_height":0,"ocean_menu_typo_line_height_tablet":0,"ocean_menu_typo_line_height_mobile":0,"ocean_menu_typo_line_height_unit":"","ocean_menu_typo_spacing":0,"ocean_menu_typo_spacing_tablet":0,"ocean_menu_typo_spacing_mobile":0,"ocean_menu_typo_spacing_unit":"","ocean_menu_link_color":"","ocean_menu_link_color_hover":"","ocean_menu_link_color_active":"","ocean_menu_link_background":"","ocean_menu_link_hover_background":"","ocean_menu_link_active_background":"","ocean_menu_social_links_bg":"","ocean_menu_social_hover_links_bg":"","ocean_menu_social_links_color":"","ocean_menu_social_hover_links_color":"","ocean_disable_title":"default","ocean_disable_heading":"default","ocean_post_title":"","ocean_post_subheading":"","ocean_post_title_style":"","ocean_post_title_background_color":"","ocean_post_title_background":0,"ocean_post_title_bg_image_position":"","ocean_post_title_bg_image_attachment":"","ocean_post_title_bg_image_repeat":"","ocean_post_title_bg_image_size":"","ocean_post_title_height":0,"ocean_post_title_bg_overlay":0.5,"ocean_post_title_bg_overlay_color":"","ocean_disable_breadcrumbs":"default","ocean_breadcrumbs_color":"","ocean_breadcrumbs_separator_color":"","ocean_breadcrumbs_links_color":"","ocean_breadcrumbs_links_hover_color":"","ocean_display_footer_widgets":"default","ocean_display_footer_bottom":"default","ocean_custom_footer_template":"0","footnotes":""},"class_list":["post-427","page","type-page","status-publish","has-post-thumbnail","hentry","entry","has-media"],"featured_image_urls_v2":{"full":["https:\/\/i0.wp.com\/www.revier67.ch\/solothurn\/wp-content\/uploads\/2021\/05\/reh_Titel.jpg?fit=831%2C320&ssl=1",831,320,false],"thumbnail":["https:\/\/i0.wp.com\/www.revier67.ch\/solothurn\/wp-content\/uploads\/2021\/05\/reh_Titel.jpg?resize=150%2C150&ssl=1",150,150,true],"medium":["https:\/\/i0.wp.com\/www.revier67.ch\/solothurn\/wp-content\/uploads\/2021\/05\/reh_Titel.jpg?fit=300%2C116&ssl=1",300,116,true],"medium_large":["https:\/\/i0.wp.com\/www.revier67.ch\/solothurn\/wp-content\/uploads\/2021\/05\/reh_Titel.jpg?fit=768%2C296&ssl=1",768,296,true],"large":["https:\/\/i0.wp.com\/www.revier67.ch\/solothurn\/wp-content\/uploads\/2021\/05\/reh_Titel.jpg?fit=831%2C320&ssl=1",831,320,true],"1536x1536":["https:\/\/i0.wp.com\/www.revier67.ch\/solothurn\/wp-content\/uploads\/2021\/05\/reh_Titel.jpg?fit=831%2C320&ssl=1",831,320,true],"2048x2048":["https:\/\/i0.wp.com\/www.revier67.ch\/solothurn\/wp-content\/uploads\/2021\/05\/reh_Titel.jpg?fit=831%2C320&ssl=1",831,320,true],"ocean-thumb-m":["https:\/\/i0.wp.com\/www.revier67.ch\/solothurn\/wp-content\/uploads\/2021\/05\/reh_Titel.jpg?resize=600%2C320&ssl=1",600,320,true],"ocean-thumb-ml":["https:\/\/i0.wp.com\/www.revier67.ch\/solothurn\/wp-content\/uploads\/2021\/05\/reh_Titel.jpg?resize=800%2C320&ssl=1",800,320,true],"ocean-thumb-l":["https:\/\/i0.wp.com\/www.revier67.ch\/solothurn\/wp-content\/uploads\/2021\/05\/reh_Titel.jpg?resize=831%2C320&ssl=1",831,320,true]},"post_excerpt_stackable_v2":"<p>Als Kitz das niedliche Tier schlechthin, beim Fressen ein Nascher und auf der Flucht clever! Das Reh&#8230; Einleitung Das Reh ist seit Jahrzehnten die h\u00e4ufigste Huftierart in den Schweizer W\u00e4ldern. Das hohe Nahrungsangebot in der heutigen Kulturlandschaft sowie der geringe Feinddruck hilft dabei, den Bestand mit r\u00fccksichtsvoller Bejagung stabil zu halten. In der Schweiz werden j\u00e4hrlich rund 40&#8217;000 Rehe erlegt, dies hat unter anderem zum Ziel den Bestand der Tragf\u00e4higkeit der heutigen Lebensr\u00e4ume anzupassen. Steckbrief Einordnung Paarhufer &gt; Wiederk\u00e4uer &gt; Geweihtr\u00e4ger Gewicht B\u00f6cke bis 23kg, Geissen bis 20kg Kennzeichen der erwachsenen Tiere Sommerhaar: rotbraunWinterhaar: graubraunSpiegel im Winterfell beim Bock nierenf\u00f6rmig,&hellip;<\/p>\n","category_list_v2":"","author_info_v2":{"name":"Peter Treier","url":"https:\/\/www.revier67.ch\/solothurn\/author\/peter-treier\/"},"comments_num_v2":"0 comments","jetpack_sharing_enabled":true,"_links":{"self":[{"href":"https:\/\/www.revier67.ch\/solothurn\/wp-json\/wp\/v2\/pages\/427","targetHints":{"allow":["GET"]}}],"collection":[{"href":"https:\/\/www.revier67.ch\/solothurn\/wp-json\/wp\/v2\/pages"}],"about":[{"href":"https:\/\/www.revier67.ch\/solothurn\/wp-json\/wp\/v2\/types\/page"}],"author":[{"embeddable":true,"href":"https:\/\/www.revier67.ch\/solothurn\/wp-json\/wp\/v2\/users\/6"}],"replies":[{"embeddable":true,"href":"https:\/\/www.revier67.ch\/solothurn\/wp-json\/wp\/v2\/comments?post=427"}],"version-history":[{"count":14,"href":"https:\/\/www.revier67.ch\/solothurn\/wp-json\/wp\/v2\/pages\/427\/revisions"}],"predecessor-version":[{"id":444,"href":"https:\/\/www.revier67.ch\/solothurn\/wp-json\/wp\/v2\/pages\/427\/revisions\/444"}],"up":[{"embeddable":true,"href":"https:\/\/www.revier67.ch\/solothurn\/wp-json\/wp\/v2\/pages\/365"}],"wp:featuredmedia":[{"embeddable":true,"href":"https:\/\/www.revier67.ch\/solothurn\/wp-json\/wp\/v2\/media\/393"}],"wp:attachment":[{"href":"https:\/\/www.revier67.ch\/solothurn\/wp-json\/wp\/v2\/media?parent=427"}],"curies":[{"name":"wp","href":"https:\/\/api.w.org\/{rel}","templated":true}]}}