{"id":448,"date":"2021-06-01T17:11:11","date_gmt":"2021-06-01T17:11:11","guid":{"rendered":"https:\/\/www.revier67.ch\/solothurn\/?page_id=448"},"modified":"2021-09-21T16:50:41","modified_gmt":"2021-09-21T14:50:41","slug":"das-wildschwein","status":"publish","type":"page","link":"https:\/\/www.revier67.ch\/solothurn\/das-wildschwein\/","title":{"rendered":"Das Wildschwein"},"content":{"rendered":"\n<figure class=\"wp-block-image size-large\"><img data-recalc-dims=\"1\" fetchpriority=\"high\" decoding=\"async\" width=\"870\" height=\"335\" src=\"https:\/\/i0.wp.com\/www.revier67.ch\/solothurn\/wp-content\/uploads\/2021\/05\/Wildschein-Title.jpg?resize=870%2C335&#038;ssl=1\" alt=\"Wildschwein\" class=\"wp-image-408\" srcset=\"https:\/\/i0.wp.com\/www.revier67.ch\/solothurn\/wp-content\/uploads\/2021\/05\/Wildschein-Title.jpg?w=870&amp;ssl=1 870w, https:\/\/i0.wp.com\/www.revier67.ch\/solothurn\/wp-content\/uploads\/2021\/05\/Wildschein-Title.jpg?resize=300%2C116&amp;ssl=1 300w, https:\/\/i0.wp.com\/www.revier67.ch\/solothurn\/wp-content\/uploads\/2021\/05\/Wildschein-Title.jpg?resize=768%2C296&amp;ssl=1 768w\" sizes=\"(max-width: 870px) 100vw, 870px\" \/><\/figure>\n\n\n\n<blockquote class=\"wp-block-quote is-layout-flow wp-block-quote-is-layout-flow\"><p>Die Wildsau &#8211; einst galt es als ausgerottet ist es heute wieder auf den Vormarsch&#8230;<\/p><\/blockquote>\n\n\n\n<h2 class=\"wp-block-heading\">Einleitung<\/h2>\n\n\n\n<p>Die Wildsau &#8211; das Schwarzwild &#8211;&nbsp; lebt in vielen Teilen Europas und Asiens. Sie ist auf Grund von Aussetzungen heute praktisch auf der ganzen Welt zu finden. Dies ist nur m\u00f6glich durch die F\u00e4higkeit der Wildsau sich in verschiedenen Lebensr\u00e4umen zurecht zu finden..<br>In der Schweiz galt sie im 19. Jahrhundert als praktisch ausgerottet. Gr\u00fcnde daf\u00fcr waren ihr schlechter Ruf als Sch\u00e4dling in der Landwirtschaft aber auch der Verlust an Lebensraum in folge intensiver Waldnutzung.<br>Da sie ein <a href=\"https:\/\/de.wikipedia.org\/wiki\/Kulturfolger\" target=\"_blank\" rel=\"noreferrer noopener\">Kulturfolger <\/a>mit hohem Fortpflanzungspotential ist hat sich der Bestand ab den 1960er wieder erholt.<\/p>\n\n\n<div class=\"su-accordion su-u-trim\">\n<div class=\"su-spoiler su-spoiler-style-default su-spoiler-icon-plus su-spoiler-closed\" data-scroll-offset=\"0\" data-anchor-in-url=\"no\"><div class=\"su-spoiler-title\" tabindex=\"0\" role=\"button\"><span class=\"su-spoiler-icon\"><\/span>Steckbrief<\/div><div class=\"su-spoiler-content su-u-clearfix su-u-trim\">\n<figure class=\"wp-block-table\">\n<table class=\"has-fixed-layout\">\n<tbody>\n<tr>\n<td>Einordnung<\/td>\n<td>Paarhufer &gt; Schweineartige &gt;  Echte Schweine<\/td>\n<\/tr>\n<tr>\n<td>Gewicht<\/td>\n<td>Keiler bis 150kg, Bachen bis 90kg<br \/>\n\u00dcberl\u00e4ufer 30-80kg, Frischlinge bis 40kg<\/td>\n<\/tr>\n<tr>\n<td>Tragzeit<\/td>\n<td>16-17 Wochen<br \/>\n(Merkregel: 3 Monate, 3 Wochen, 3 Tage)<\/td>\n<\/tr>\n<tr>\n<td>Wurfzeit, Anzahl Frischlinge<\/td>\n<td>M\u00e4rz-Juni, 4-8<\/td>\n<\/tr>\n<tr>\n<td>S\u00e4ugezeit<\/td>\n<td>3-4 Monate<\/td>\n<\/tr>\n<tr>\n<td>Nahrung<\/td>\n<td>Allesfresser<\/td>\n<\/tr>\n<tr>\n<td>Nat\u00fcrliche Beutegreifer<\/td>\n<td>Wolf<\/td>\n<\/tr>\n<tr>\n<td>H\u00e4ufigste Sch\u00e4den<\/td>\n<td>W\u00fchlsch\u00e4den in Weiden, Wiesen und \u00c4ckern.<br \/>\nFrasssch\u00e4den in den Landwirtschaftlichen Kulturen.<\/td>\n<\/tr>\n<tr>\n<td>Verbreitungsgebiet (CH)<\/td>\n<td>Mittelland, Jurabogen, Tessin.<br \/>\nIn den Alpen kaum Standwild.<\/td>\n<\/tr>\n<\/tbody>\n<\/table>\n<\/figure>\n<\/div><\/div>\n<div class=\"su-spoiler su-spoiler-style-default su-spoiler-icon-plus su-spoiler-closed\" data-scroll-offset=\"0\" data-anchor-in-url=\"no\"><div class=\"su-spoiler-title\" tabindex=\"0\" role=\"button\"><span class=\"su-spoiler-icon\"><\/span>Jagdsprachliche Bezeichnungen<\/div><div class=\"su-spoiler-content su-u-clearfix su-u-trim\">\n<figure class=\"wp-block-table\">\n<table>\n<tbody>\n<tr>\n<td> Erwachsene Tiere<\/td>\n<td>Keiler \u2642 Bache \u2640<\/td>\n<\/tr>\n<tr>\n<td> Jungtiere<\/td>\n<td>Frischling<\/td>\n<\/tr>\n<tr>\n<td> Tiergruppe<\/td>\n<td>Rotte<\/td>\n<\/tr>\n<tr>\n<td> Fell<\/td>\n<td>Schwarte<\/td>\n<\/tr>\n<tr>\n<td> Augen<\/td>\n<td>Lichter<\/td>\n<\/tr>\n<tr>\n<td> Ohren<\/td>\n<td>Teller<\/td>\n<\/tr>\n<tr>\n<td> Beine \/ F\u00fcsse<\/td>\n<td>L\u00e4ufe \/ Schalen<\/td>\n<\/tr>\n<tr>\n<td>Schwanz<\/td>\n<td>B\u00fcrzel<\/td>\n<\/tr>\n<tr>\n<td> Paarungszeit<\/td>\n<td>Rauschzeit<\/td>\n<\/tr>\n<tr>\n<td> Geburt<\/td>\n<td>Frischen<\/td>\n<\/tr>\n<\/tbody>\n<\/table>\n<\/figure>\n<\/div><\/div>\n<div class=\"su-spoiler su-spoiler-style-default su-spoiler-icon-plus su-spoiler-closed\" data-scroll-offset=\"0\" data-anchor-in-url=\"no\"><div class=\"su-spoiler-title\" tabindex=\"0\" role=\"button\"><span class=\"su-spoiler-icon\"><\/span>Sinne<\/div><div class=\"su-spoiler-content su-u-clearfix su-u-trim\">\n<p>Geruchssinn sehr gut<br \/>\nGeh\u00f6r gut<br \/>\nGesichtssinn schlecht<\/p>\n<\/div><\/div>\n<div class=\"su-spoiler su-spoiler-style-default su-spoiler-icon-plus su-spoiler-closed\" data-scroll-offset=\"0\" data-anchor-in-url=\"no\"><div class=\"su-spoiler-title\" tabindex=\"0\" role=\"button\"><span class=\"su-spoiler-icon\"><\/span>Der Lebensraum<\/div><div class=\"su-spoiler-content su-u-clearfix su-u-trim\">\n<p>Das Wildschwein bewohnt Laub- und Laubmischw\u00e4lder in den tiefen Lagen welche reich an Buchen, Eichen und &#8211; im S\u00fcden &#8211; reich an Kastanien sind. Sumpf und Schildg\u00fcrtel sind ebenso beliebt. Als Kulturfolger kann sich die Wildsau aber auch an landwirtschaftliche Kulturen und die n\u00e4he des Menschen gew\u00f6hnen, sie kommt auch zunehmend in h\u00f6her gelegenen Gebieten vor. Ein limitierender Faktor ist das Winterklima, gefrorene B\u00f6den und hoher Schnee.<\/p>\n<\/div><\/div>\n<div class=\"su-spoiler su-spoiler-style-default su-spoiler-icon-plus su-spoiler-closed\" data-scroll-offset=\"0\" data-anchor-in-url=\"no\"><div class=\"su-spoiler-title\" tabindex=\"0\" role=\"button\"><span class=\"su-spoiler-icon\"><\/span>Verhalten<\/div><div class=\"su-spoiler-content su-u-clearfix su-u-trim\">\n<p>Wildschweine leben &#8211; ausser die erwachsenen Keiler &#8211; in Familienrotten oder \u00dcberl\u00e4uferrotten, rotten aus einj\u00e4hrigen Tieren. Eine Familienrotte besteht mindestens aus einer Bache, dem Muttertier und ihren Frischlingen. Meist sind aber auch verwandte Bachen mit ihren Frischlingen ebenfalls in dieser Rotte.<\/p>\n<p>Keiler werden als \u00dcberl\u00e4ufer, also als einj\u00e4hrige Tiere aus dem Verband vertrieben. \u00c4ltere Keiler sind Einzelg\u00e4nger und gesellen sich nur zur Paarung zu einer Rotte<\/p>\n<p>In einer Familienrotte \u00fcbernimmt meist die \u00e4lteste der Bachen die F\u00fchrung. Diese Leitbache ist \u00fcberlebenswichting f\u00fcr die Rotte, sie ist f\u00fcr das Funktionieren und die Sicherheit der ganzen Rotte von grosser Bedeutung. Sie erkennt Einst\u00e4nde (Ruhe- und Schutzr\u00e4ume) , Suhlen (eine morastige Bodenvertiefung), Nahrungs- und Gefahrenquellen.<\/p>\n<p>Eine Familienrotte lebt in einem Streifgebiet, aus welchem sie andere Rotten verdr\u00e4ngt. Die Gr\u00f6sse dieses Streifgebietes kann sich \u00fcber einige dutzend bis mehreren Tausend Hektar erstrecken (1 Hektar entspricht 10000m2 oder 0.01 km2)<\/p>\n<\/div><\/div>\n<div class=\"su-spoiler su-spoiler-style-default su-spoiler-icon-plus su-spoiler-closed\" data-scroll-offset=\"0\" data-anchor-in-url=\"no\"><div class=\"su-spoiler-title\" tabindex=\"0\" role=\"button\"><span class=\"su-spoiler-icon\"><\/span>Aktivit\u00e4tsmuster<\/div><div class=\"su-spoiler-content su-u-clearfix su-u-trim\">\n<p>Wildschweine sind Tag- und D\u00e4mmerungsaktiv und ruhen nachts. Starke St\u00f6rungen oder Jagddruck zwingen sie aber in der heutigen Zeit zu D\u00e4mmerungs- und Nachtaktivit\u00e4t, sie verbringen den Tag ruhend in Dickungen (auch &#8218;Schonung&#8216; genannt, Bereiche in denen Wild Deckung findet) und dichten Kulturen wo sie in flachen Mulden sog. Kesseln oftmals dicht aneinander gedr\u00e4ngt, ruhen.<\/p>\n<p>Erst in der D\u00e4mmerung brechen die Rotten auf zur Nahrungssuche. Dabei verwenden sie oft \u00fcber l\u00e4ngere Zeit dieselben Wechsel.<\/p>\n<\/div><\/div>\n<div class=\"su-spoiler su-spoiler-style-default su-spoiler-icon-plus su-spoiler-closed\" data-scroll-offset=\"0\" data-anchor-in-url=\"no\"><div class=\"su-spoiler-title\" tabindex=\"0\" role=\"button\"><span class=\"su-spoiler-icon\"><\/span>Fortbewegung<\/div><div class=\"su-spoiler-content su-u-clearfix su-u-trim\">\n<p>Der keilf\u00f6rmige K\u00f6rperbau und ihr hartes Borstenkleid sowie die nach innen versetzten kleinen Augen, erm\u00f6glichen dem Wildschwein selbst in dichtestem, dornigem Bewuchs ein schnelles Fortbewegen ohne sich zu verletzen.<\/p>\n<p>Wildschweine sind sowohl im Angriff wie auch auf der Flucht flinke Sprinter, Langstreckenl\u00e4ufer sind sie nicht.<\/p>\n<\/div><\/div>\n<div class=\"su-spoiler su-spoiler-style-default su-spoiler-icon-plus su-spoiler-closed\" data-scroll-offset=\"0\" data-anchor-in-url=\"no\"><div class=\"su-spoiler-title\" tabindex=\"0\" role=\"button\"><span class=\"su-spoiler-icon\"><\/span>Trittsiegel<\/div><div class=\"su-spoiler-content su-u-clearfix su-u-trim\">\n<div class=\"wp-block-image\">\n<figure class=\"aligncenter\"><img data-recalc-dims=\"1\" decoding=\"async\" src=\"https:\/\/i0.wp.com\/jagen.blog\/wp-content\/uploads\/2018\/11\/Trittsiegel-1.gif?w=1200&#038;ssl=1\" alt=\"\" class=\"wp-image-1436\"><figcaption>Trittsiegel Wildschwein<\/figcaption><\/figure>\n<\/div>\n<\/div><\/div>\n<div class=\"su-spoiler su-spoiler-style-default su-spoiler-icon-plus su-spoiler-closed\" data-scroll-offset=\"0\" data-anchor-in-url=\"no\"><div class=\"su-spoiler-title\" tabindex=\"0\" role=\"button\"><span class=\"su-spoiler-icon\"><\/span>Ern\u00e4hrung<\/div><div class=\"su-spoiler-content su-u-clearfix su-u-trim\">\n<p>Wildschweine sind Allesfresser und nehmen die Nahrung an die verf\u00fcgbar ist. Im Sommer sind dies viel Gras und Kr\u00e4uter, im Herbst Waldfr\u00fcchte (Eicheln, Bucheckern, Beeren und Obst). Die Versorgung mit tierischem Eiweiss stellen sie \u00fcber Insektenlarven und M\u00e4usenester, Aas, nesthockende Jungtiere (Junghasen und <a href=\"https:\/\/www.revier67.ch\/solothurn\/jagd\/unser-wild\/das-reh\/\" target=\"_blank\" aria-label=\"Rehkitze (opens in a new tab)\" rel=\"noreferrer noopener\" class=\"rank-math-link\">Rehkitze<\/a>) oder durch das Pl\u00fcndern der Nester von Bodenbr\u00fctern sicher.<\/p>\n<p>Bei der Suchen nach Insektenlarven und Wurzeln brechen die Wildschweine mit ihrem kr\u00e4ftigen R\u00fcssel den Boden auf. Dies f\u00fchrt in den Kulturlandschaften zu den gef\u00fcrchteten Wildsch\u00e4den. Was in den Kulturlandschaften gef\u00fcrchtet ist, f\u00f6rdert im Wald die Durchl\u00fcftung des Bodens und f\u00f6rdert die Pilzkeimung.<\/p>\n<p>Nach Eichen- und Bucheckernmastjahren bringen die Bachen besonders viele Frischlinge zur Welt, was wiederum zu einer Zunahme an Wildsch\u00e4den f\u00fchrt.<\/p>\n<\/div><\/div>\n<div class=\"su-spoiler su-spoiler-style-default su-spoiler-icon-plus su-spoiler-closed\" data-scroll-offset=\"0\" data-anchor-in-url=\"no\"><div class=\"su-spoiler-title\" tabindex=\"0\" role=\"button\"><span class=\"su-spoiler-icon\"><\/span>Losung<\/div><div class=\"su-spoiler-content su-u-clearfix su-u-trim\">\n<div class=\"wp-block-image\">\n<figure class=\"aligncenter size-large\"><a href=\"https:\/\/i0.wp.com\/jagen.blog\/wp-content\/uploads\/2021\/02\/Wildschwein_Losung-scaled.jpg?ssl=1\"><img data-recalc-dims=\"1\" height=\"683\" width=\"1024\" decoding=\"async\" src=\"https:\/\/i0.wp.com\/jagen.blog\/wp-content\/uploads\/2021\/02\/Wildschwein_Losung-1024x683.jpg?resize=1024%2C683&#038;ssl=1\" alt=\"\" class=\"wp-image-7528\"><\/a><\/figure>\n<\/div>\n<\/div><\/div>\n<div class=\"su-spoiler su-spoiler-style-default su-spoiler-icon-plus su-spoiler-closed\" data-scroll-offset=\"0\" data-anchor-in-url=\"no\"><div class=\"su-spoiler-title\" tabindex=\"0\" role=\"button\"><span class=\"su-spoiler-icon\"><\/span>Suhlen<\/div><div class=\"su-spoiler-content su-u-clearfix su-u-trim\">\n<p>Suhlen sind Schlamml\u00f6cher die noch feucht sind. Das Schwarzwild sucht diese auf um bei h\u00f6heren Temperaturen die K\u00f6rpertemperatur zu regulieren. Sie dienen aber auch zur Bek\u00e4mpfung von Parasitenbefall &#8211; M\u00fccken, Zecken. Die Wildschweine sind nach dem Suhlen oft am ganzen K\u00f6rper mit Schlamm bedeckt.<\/p>\n<div class=\"wp-block-image\">\n<figure class=\"aligncenter\"><img data-recalc-dims=\"1\" decoding=\"async\" src=\"https:\/\/i0.wp.com\/jagen.blog\/wp-content\/uploads\/2018\/10\/IMG_6057_resize.jpg?w=1200&#038;ssl=1\" alt=\"\" class=\"wp-image-1270\"><figcaption>Beispiel einer Suhle am Gempen bei Dornach<br \/>\n<\/figcaption><\/figure>\n<\/div>\n<div class=\"wp-block-image\">\n<figure class=\"aligncenter\"><img data-recalc-dims=\"1\" decoding=\"async\" src=\"https:\/\/i0.wp.com\/jagen.blog\/wp-content\/uploads\/2018\/10\/IMG_6058_resize.jpg?w=1200&#038;ssl=1\" alt=\"\" class=\"wp-image-1271\"><figcaption>Beispiel einer Suhle am Gempen bei Dornach &#8211; das an der Leine ist nur im weitesten Sinn eine Wildsau!<\/figcaption><\/figure>\n<\/div>\n<p>Bei dieser Suhle ist auch eine Kirrung, es sind einige N\u00fcsse auf dem Boden verteilt.<\/p>\n<\/div><\/div>\n<div class=\"su-spoiler su-spoiler-style-default su-spoiler-icon-plus su-spoiler-closed\" data-scroll-offset=\"0\" data-anchor-in-url=\"no\"><div class=\"su-spoiler-title\" tabindex=\"0\" role=\"button\"><span class=\"su-spoiler-icon\"><\/span>Malb\u00e4ume<\/div><div class=\"su-spoiler-content su-u-clearfix su-u-trim\">\n<p>Nachdem die Wildschweine gesuhlt haben, reiben sie die mit Borsten bewachsene Haut &#8211; die Schwarte &#8211; gerne an einzelnen B\u00e4umen, die sog. Malb\u00e4ume. Dabei hinterlassen sie markante Schlammspuren an der Rinde.<\/p>\n<p>Besonders Keiler hinterlassen beim Reiben des Kopfes Spuren von Speichel und Sekret aus den Augendr\u00fcsen, sie reissen mit ihren Hauern auch tiefe Kerben in der Baumrinde.<\/p>\n<p>Prim\u00e4r dient dieses Verhalten zu K\u00f6rperpflege, aber auch das Markieren spielt eine Rolle. Bei der K\u00f6rperpflege werden die Wildschweine auch Ektoparasiten, wie Zecken, L\u00e4use und Hirschlausfliegen, los.<\/p>\n<p>Malb\u00e4ume k\u00f6nne auch zur Weiterverbreitung von Krankheiten wie der&nbsp;Sarcoptesr\u00e4ude eine Rolle spielen. Die \u00dcbertragung erfolgt hierbei durch Ber\u00fchrung der Rottenmitglieder untereinander, \u00fcber mit den Milben verseuchte Lager oder eben an Scheuerstellen, die von vielen Mitglieder gemeinsam genutzt werden.<\/p>\n<div class=\"wp-block-image\">\n<figure class=\"aligncenter\"><img data-recalc-dims=\"1\" decoding=\"async\" src=\"https:\/\/i0.wp.com\/jagen.blog\/wp-content\/uploads\/2018\/11\/Hirschlausfliege.jpg?w=1200&#038;ssl=1\" alt=\"Hirschlausfliegen sind nicht wirtstreu und befallen neben Cerviden auch Sauen.\" class=\"wp-image-1317\"><figcaption>Hirschlausfliegen sind nicht wirtstreu und befallen neben Cerviden auch Sauen.<\/figcaption><\/figure>\n<\/div>\n<\/div><\/div>\n<div class=\"su-spoiler su-spoiler-style-default su-spoiler-icon-plus su-spoiler-closed\" data-scroll-offset=\"0\" data-anchor-in-url=\"no\"><div class=\"su-spoiler-title\" tabindex=\"0\" role=\"button\"><span class=\"su-spoiler-icon\"><\/span>Fortpflanzung<\/div><div class=\"su-spoiler-content su-u-clearfix su-u-trim\">\n<p>Die sog. Rauschzeit, die Zeit der Hauptfortpflanzung, findet im November bis Februar statt. Aufgrund falscher, unsachgem\u00e4sser Bejagung &#8211; die Rottenstruktur wird zerst\u00f6rt, des \u00fcberm\u00e4ssigen Nahrungsangebotes (hierbei z\u00e4hlt auch das ganzj\u00e4hrige F\u00fcttern, das sog. Kirren) erstreckt sich die Vermehrung mittlerweile \u00fcber das ganze Jahr.<\/p>\n<p>Die heutzutage hohen Temperaturen im Winter f\u00fchren zu einem nicht zu untersch\u00e4tzenden Zuwachs des Bestandes da die Frischligssterblichkeit geringer ist wie fr\u00fcher.<\/p>\n<h3>Die alten Keiler<\/h3>\n<p>W\u00e4hrend der Rauschzeit sch\u00e4umen die alten Keiler vor dem Wurf (Maul). Diesen Schaum verteilen sie sowohl an B\u00e4umen wie auch an Bachen. Der Schaum enth\u00e4lt Pheromone &#8211; also Sexuallockstoffe &#8211; welche die die Bachen Fortpflanzungsf\u00e4hig macht, sie werden rauschig.<br \/>\nEs sind aber nicht nur die alten Keiler die die anderen weiblichen Tiere der Rotte in Paarungsbereitschaft bringen, auch Leitbachen sondern Duftstoffe ab die diesen Zweck erf\u00fcllen.<\/p>\n<p>Nur zur Fortpflanzungszeit kommen die alten Keiler zur Rotte. In dieser Zeit kann es zu heftigen K\u00e4mpfen unter rivalisierenden Keilern kommen. Hierbei setzen&nbsp;sie ihre scharfen Eckz\u00e4hne in den Unterkiefern &#8211; die sog. Gewehre &#8211; als Waffe ein und versuchen den Gegner in die Seite zu treffen. Dieses Verhalten kann auch f\u00fcr den J\u00e4ger und seine Hunde zur t\u00f6dlichen Gefahr werden!<\/p>\n<div class=\"wp-block-image\">\n<figure class=\"aligncenter\"><img data-recalc-dims=\"1\" decoding=\"async\" src=\"https:\/\/i0.wp.com\/jagen.blog\/wp-content\/uploads\/2018\/11\/2583990.jpg?w=1200&#038;ssl=1\" alt=\"\" class=\"wp-image-1293\"><figcaption>Mit diesen Z\u00e4hnen m\u00f6chte niemand Bekanntschaft machen!<\/figcaption><\/figure>\n<\/div>\n<p>Der siegreiche Keiler beschl\u00e4gt alle Bachen und verl\u00e4sst die Rotte wieder ohne sich an der Aufzucht der Frischlinge zu beteiligen.<\/p>\n<p>Kurz vor der Geburt erstellt die Bache an einem ruhigen, windgesch\u00fctzten und besonnten Ort einen gepolsterten Wurfkessel. In diesem verbringen die Frischlinge die ersten Tage &#8211; sie k\u00f6nnen sich in diesem Alter noch nicht selbst warm halten. Nach ca. einer Woche kehrt die Bache mit dem Nachwuchs zur Rotte zur\u00fcck.<\/p>\n<p>Die S\u00e4ugezeit endet nach 3 bis 4 Monaten, die Jungen werden bis zum Ende des ersten Lebensjahres von der Bache gef\u00fchrt.<\/p>\n<p>Wenn die Rotte keine alten Bachen besitzt wird die Geschlechtsreife der Jungsauen alleine vom K\u00f6rpergewicht gesteuert. In diesen Situationen findet man durchaus Tier die als Frischlinge mit einem K\u00f6rpergewicht von 25kg beschlagen wurden!<\/p>\n<p>Die \u00dcberlebenschancen des Wurfes h\u00e4ngt stark vom alter und der Erfahrung der Bache ab &#8211; das Nahrungsangebot und die klimatischen Bedingungen spielen ebenfalls eine wichtige Rolle. Lange K\u00e4lteperioden und Schneereiche Winter k\u00f6nnen unter den Frischlingen zu grossen Verlusten f\u00fchren.<\/p>\n<\/div><\/div>\n<div class=\"su-spoiler su-spoiler-style-default su-spoiler-icon-plus su-spoiler-closed\" data-scroll-offset=\"0\" data-anchor-in-url=\"no\"><div class=\"su-spoiler-title\" tabindex=\"0\" role=\"button\"><span class=\"su-spoiler-icon\"><\/span>Population<\/div><div class=\"su-spoiler-content su-u-clearfix su-u-trim\">\n<p>Die Wildschweinpopulation in der Schweiz (und auch in anderen L\u00e4ndern) ist auf Grund der heimlichen und nachtaktiven Lebensweise kaum erfassbar. R\u00fcckschl\u00fcsse \u00fcber den Bestand und die Bestandsentwicklung geben nur Abschluss- und Fallwildstatistiken.<\/p>\n<p>In Mitteleuropa hat sich das Schwarzwild in den letzten 20 Jahren stark vermehrt. Dies ist auf das mildere Klima &#8211; es gibt weniger Schnee, weniger gefrorene B\u00f6den und ein fr\u00fcher, milder Fr\u00fchling&nbsp;sowie  hohes Nahrungsangebot (Buchen- und Eichenmastjahre gab es \u00f6fter) und geringer Jagddruck &#8211; zur\u00fcckzuf\u00fchren.<\/p>\n<p>Unter normalen Umst\u00e4nden rechnet man in der Schweiz mit eine durchschnittlichen j\u00e4hrlichen Zuwachsrate von 100-150% unter sehr guten Voraussetzungen kann dieser Wert auf 200% steigen!<\/p>\n<p class=\"has-text-align-center has-very-light-gray-background-color has-background\">Dies bedeutet, dass unter optimalen Umst\u00e4nden aus 100 Wildschweinen im Fr\u00fchling bis zum Herbst 200 bis 300 werden!<\/p>\n<p>Bei kaum einer anderen Wildart h\u00e4ngt der Anstieg des Bestandes vom Nahrungsangebot ab. Ist das Angebot gut, erzeugt es schwerere Bachen die mehr Frischlinge werfen wie leichtere Bachen. Die \u00dcberlebenschancen dieser Frischlinge sind h\u00f6her und sie werden auch fr\u00fcher Geschlechtsreif.<\/p>\n<p>Wir der Bestand nicht bejagt, stiegt er rasant an. Nur Krankheiten und Grossraubtiere wie der Wolf sind in der Lage in dieser Situation die Bestandeszunahme zu bremsen.<\/p>\n<\/div><\/div>\n<div class=\"su-spoiler su-spoiler-style-default su-spoiler-icon-plus su-spoiler-closed\" data-scroll-offset=\"0\" data-anchor-in-url=\"no\"><div class=\"su-spoiler-title\" tabindex=\"0\" role=\"button\"><span class=\"su-spoiler-icon\"><\/span>Konflikte<\/div><div class=\"su-spoiler-content su-u-clearfix su-u-trim\">\n<p>Da das Wildschwein sehr anpassungsf\u00e4hig ist hat es gelernt, landwirtschaftliche Kulturen als ergiebige Nahrungsquellen zu nutzen.<br \/>\nNebst dem Schaden an Saatgut und reifen Kulturen (Weizen, Mais, Trauben etc.) sind auch die Sch\u00e4den auf Weiden und Wiesen betr\u00e4chtlich.<\/p>\n<p>Als wirkungsvolle Gegenmassnahme hat sich der fr\u00fchzeitig aufgestellte und unterhaltene Elektrozaun bew\u00e4hrt. Der Nachteil dieser Methode liegt darin, dass grossfl\u00e4chiges Einz\u00e4unen sich negativ auf den Lebensraum anderer Wildtiere auswirkt.<\/p>\n<p>Durch den Abschuss von Jungtieren werden die Rotten vergr\u00e4mt. Die \u00fcberlebende Leitbache wird das Gebiet mit ihrer Rotte f\u00fcr l\u00e4ngere Zeit meiden.<\/p>\n<h3>Seuchen<\/h3>\n<p>Schwarzwild kann Seuchen wie die Schweinepest auf Hausschweine \u00fcbertragen. Durch Regulierung der Best\u00e4nde u.a. durch das Bejagen von Frischlingen, kann der J\u00e4ger mithelfen Seuchenausbr\u00fcche zu verhindern.<\/p>\n<p class=\"has-text-align-center has-very-light-gray-background-color has-background\">Hierzu geh\u00f6rt aber auch ein Verzicht der J\u00e4ger, Fleischabf\u00e4lle in Revier zu verteilen!<\/p>\n<\/div><\/div>\n<div class=\"su-spoiler su-spoiler-style-default su-spoiler-icon-plus su-spoiler-closed\" data-scroll-offset=\"0\" data-anchor-in-url=\"no\"><div class=\"su-spoiler-title\" tabindex=\"0\" role=\"button\"><span class=\"su-spoiler-icon\"><\/span>Ansprechen und Altersbestimmung<\/div><div class=\"su-spoiler-content su-u-clearfix su-u-trim\">\n<p>Erwachsenes Schwarzwild ist schwierig anzusprechen.<br \/>\nDas Geschlecht der erwachsenen Tiere l\u00e4sst sich im Feld anhand der sichtbaren Zitzen, dem Ges\u00e4uge,&nbsp; der Bache sowie anhand von Pinsel und Hoden bei Keiler, sowie von den langen Gewehren beim mehrj\u00e4hrigen Keiler absch\u00e4tzen.<\/p>\n<p>Einfach hingegen ist das Ansprechen der Jungtiere. Frischlinge haben w\u00e4hrend der ersten 5 Monaten ein gestreiftes und sp\u00e4ter eine r\u00f6tlich-braune Schwarte. Ihnen fehlt die Quaste, die langen Haare an der Spitze des Schwanzes (der P\u00fcrzel).<\/p>\n<p>Die Schwarte von \u00e4lteren Tieren ist silbern-beige oder schwarz, ihr P\u00fcrzel weist die oben erw\u00e4hnte Quaste auf.<\/p>\n<p>Bei erlegten Tier lassen sich anhand des Zahnwechsels Frischlinge, \u00dcberl\u00e4ufer und \u00e4ltere Sauen leicht unterscheiden.<\/p>\n<div class=\"wp-block-image\">\n<figure class=\"aligncenter\"><img data-recalc-dims=\"1\" decoding=\"async\" src=\"https:\/\/i0.wp.com\/jagen.blog\/wp-content\/uploads\/2018\/11\/wildschwein_alter.png?w=1200&#038;ssl=1\" alt=\"Zahnwechsel beim Schwarzwild\" class=\"wp-image-1310\"><figcaption>Zahnwechsel beim Schwarzwild<\/figcaption><\/figure>\n<\/div>\n<\/div><\/div>\n<div class=\"su-spoiler su-spoiler-style-default su-spoiler-icon-plus su-spoiler-closed\" data-scroll-offset=\"0\" data-anchor-in-url=\"no\"><div class=\"su-spoiler-title\" tabindex=\"0\" role=\"button\"><span class=\"su-spoiler-icon\"><\/span>Bejagung<\/div><div class=\"su-spoiler-content su-u-clearfix su-u-trim\">\n<p>Das Wildschwein wird auf zwei Arten bejagt. Durch Einzeljagd (Ansitz oder Pirsch) oder durch Bewegungsjagd mit Hunden.<\/p>\n<p>Die Kombination beider Methoden hat sich als besonders Effizient erwiesen. Die Einzeljagd erm\u00f6glicht den gezielten Abschuss eines Tieren z.b. der Beibachen sowie den Vergr\u00e4mungsabschuss auf dem Kulturland. Die Bewegungsjagd dient v.a. der Bestandesregulierung.<\/p>\n<p>Die Einzeljagd findet mehrheitlich in der Nacht statt am Tag wird die Bewegungsjagd durchgef\u00fchrt.<\/p>\n<p>Die Wildschweine werden mehrheitlich mit der Kugel oder dem Flintenlaufgeschoss erlegt, in einzelnen Kantonen ist der Einsatz von Schrot bei der Frischlingsjagd erlaubt.<\/p>\n<p>Auch die Jagd auf Wildschweine muss verschiedene Ziele erf\u00fcllen. Sie soll den Bestand regulieren und Sch\u00e4den vermindern oder vorbeugen (Vergr\u00e4mungsabsch\u00fcsse). Dabei sollen aber die Artgerechten Rottenstrukturen nicht zerst\u00f6rt werden &#8211; insbesondere die f\u00fchrenden Bachen sollen geschont werden.<\/p>\n<\/div><\/div>\n<div class=\"su-spoiler su-spoiler-style-default su-spoiler-icon-plus su-spoiler-closed\" data-scroll-offset=\"0\" data-anchor-in-url=\"no\"><div class=\"su-spoiler-title\" tabindex=\"0\" role=\"button\"><span class=\"su-spoiler-icon\"><\/span>Kirrungen<\/div><div class=\"su-spoiler-content su-u-clearfix su-u-trim\">\n<p>Das Anlocken von Wildschweinen mit Futter, das Kirren, soll die einzelne Bejagung erleichtern.<br \/>\nDie Kirrung birgt aber auch die Gefahr des Bestandeszuwachs durch erh\u00f6htes Futterangebot!<\/p>\n<p>Beim Kirren besteht auch die Gefahr, dass Schwarzwild unter Umst\u00e4nden an Orte gelockt werden, wo sie wiederum Sch\u00e4den anrichten.<\/p>\n<p>Das Auslegen von Fleischresten kann die Schweinepest in den Wildbestand gebracht werden.<\/p>\n<p class=\"has-text-align-center has-very-light-gray-background-color has-background\">Unter keinen Umst\u00e4nden d\u00fcrfen die Risiken die Vorz\u00fcge des Kirrens \u00fcberwiegen!<\/p>\n<div class=\"wp-block-image\">\n<figure class=\"aligncenter\"><img data-recalc-dims=\"1\" decoding=\"async\" src=\"https:\/\/i0.wp.com\/jagen.blog\/wp-content\/uploads\/2018\/11\/sauen-an-der-kirrung.jpg?w=1200&#038;ssl=1\" alt=\"Schwarzwild \" class=\"wp-image-1313\"><figcaption>Eine Rotte an der Kirrung<\/figcaption><\/figure>\n<\/div>\n<\/div><\/div>\n<\/div>\n","protected":false},"excerpt":{"rendered":"<p>Die Wildsau &#8211; einst galt es als ausgerottet ist es heute wieder auf den Vormarsch&#8230; Einleitung Die Wildsau &#8211; das Schwarzwild &#8211;&nbsp; lebt in vielen Teilen Europas und Asiens. Sie ist auf Grund von Aussetzungen heute praktisch auf der ganzen Welt zu finden. Dies ist nur m\u00f6glich durch die F\u00e4higkeit der Wildsau sich in verschiedenen [&hellip;]<\/p>\n","protected":false},"author":6,"featured_media":0,"parent":0,"menu_order":4,"comment_status":"closed","ping_status":"closed","template":"","meta":{"ocean_post_layout":"","ocean_both_sidebars_style":"","ocean_both_sidebars_content_width":0,"ocean_both_sidebars_sidebars_width":0,"ocean_sidebar":"0","ocean_second_sidebar":"0","ocean_disable_margins":"enable","ocean_add_body_class":"","ocean_shortcode_before_top_bar":"","ocean_shortcode_after_top_bar":"","ocean_shortcode_before_header":"","ocean_shortcode_after_header":"","ocean_has_shortcode":"","ocean_shortcode_after_title":"","ocean_shortcode_before_footer_widgets":"","ocean_shortcode_after_footer_widgets":"","ocean_shortcode_before_footer_bottom":"","ocean_shortcode_after_footer_bottom":"","ocean_display_top_bar":"default","ocean_display_header":"default","ocean_header_style":"","ocean_center_header_left_menu":"0","ocean_custom_header_template":"0","ocean_custom_logo":0,"ocean_custom_retina_logo":0,"ocean_custom_logo_max_width":0,"ocean_custom_logo_tablet_max_width":0,"ocean_custom_logo_mobile_max_width":0,"ocean_custom_logo_max_height":0,"ocean_custom_logo_tablet_max_height":0,"ocean_custom_logo_mobile_max_height":0,"ocean_header_custom_menu":"0","ocean_menu_typo_font_family":"0","ocean_menu_typo_font_subset":"","ocean_menu_typo_font_size":0,"ocean_menu_typo_font_size_tablet":0,"ocean_menu_typo_font_size_mobile":0,"ocean_menu_typo_font_size_unit":"px","ocean_menu_typo_font_weight":"","ocean_menu_typo_font_weight_tablet":"","ocean_menu_typo_font_weight_mobile":"","ocean_menu_typo_transform":"","ocean_menu_typo_transform_tablet":"","ocean_menu_typo_transform_mobile":"","ocean_menu_typo_line_height":0,"ocean_menu_typo_line_height_tablet":0,"ocean_menu_typo_line_height_mobile":0,"ocean_menu_typo_line_height_unit":"","ocean_menu_typo_spacing":0,"ocean_menu_typo_spacing_tablet":0,"ocean_menu_typo_spacing_mobile":0,"ocean_menu_typo_spacing_unit":"","ocean_menu_link_color":"","ocean_menu_link_color_hover":"","ocean_menu_link_color_active":"","ocean_menu_link_background":"","ocean_menu_link_hover_background":"","ocean_menu_link_active_background":"","ocean_menu_social_links_bg":"","ocean_menu_social_hover_links_bg":"","ocean_menu_social_links_color":"","ocean_menu_social_hover_links_color":"","ocean_disable_title":"default","ocean_disable_heading":"default","ocean_post_title":"","ocean_post_subheading":"","ocean_post_title_style":"","ocean_post_title_background_color":"","ocean_post_title_background":0,"ocean_post_title_bg_image_position":"","ocean_post_title_bg_image_attachment":"","ocean_post_title_bg_image_repeat":"","ocean_post_title_bg_image_size":"","ocean_post_title_height":0,"ocean_post_title_bg_overlay":0.5,"ocean_post_title_bg_overlay_color":"","ocean_disable_breadcrumbs":"default","ocean_breadcrumbs_color":"","ocean_breadcrumbs_separator_color":"","ocean_breadcrumbs_links_color":"","ocean_breadcrumbs_links_hover_color":"","ocean_display_footer_widgets":"default","ocean_display_footer_bottom":"default","ocean_custom_footer_template":"0","footnotes":""},"class_list":["post-448","page","type-page","status-publish","hentry","entry"],"featured_image_urls_v2":{"full":"","thumbnail":"","medium":"","medium_large":"","large":"","1536x1536":"","2048x2048":"","ocean-thumb-m":"","ocean-thumb-ml":"","ocean-thumb-l":""},"post_excerpt_stackable_v2":"<p>Die Wildsau &#8211; einst galt es als ausgerottet ist es heute wieder auf den Vormarsch&#8230; Einleitung Die Wildsau &#8211; das Schwarzwild &#8211;&nbsp; lebt in vielen Teilen Europas und Asiens. Sie ist auf Grund von Aussetzungen heute praktisch auf der ganzen Welt zu finden. Dies ist nur m\u00f6glich durch die F\u00e4higkeit der Wildsau sich in verschiedenen Lebensr\u00e4umen zurecht zu finden..In der Schweiz galt sie im 19. Jahrhundert als praktisch ausgerottet. Gr\u00fcnde daf\u00fcr waren ihr schlechter Ruf als Sch\u00e4dling in der Landwirtschaft aber auch der Verlust an Lebensraum in folge intensiver Waldnutzung.Da sie ein Kulturfolger mit hohem Fortpflanzungspotential ist hat sich der&hellip;<\/p>\n","category_list_v2":"","author_info_v2":{"name":"Peter Treier","url":"https:\/\/www.revier67.ch\/solothurn\/author\/peter-treier\/"},"comments_num_v2":"0 comments","jetpack_sharing_enabled":true,"_links":{"self":[{"href":"https:\/\/www.revier67.ch\/solothurn\/wp-json\/wp\/v2\/pages\/448","targetHints":{"allow":["GET"]}}],"collection":[{"href":"https:\/\/www.revier67.ch\/solothurn\/wp-json\/wp\/v2\/pages"}],"about":[{"href":"https:\/\/www.revier67.ch\/solothurn\/wp-json\/wp\/v2\/types\/page"}],"author":[{"embeddable":true,"href":"https:\/\/www.revier67.ch\/solothurn\/wp-json\/wp\/v2\/users\/6"}],"replies":[{"embeddable":true,"href":"https:\/\/www.revier67.ch\/solothurn\/wp-json\/wp\/v2\/comments?post=448"}],"version-history":[{"count":14,"href":"https:\/\/www.revier67.ch\/solothurn\/wp-json\/wp\/v2\/pages\/448\/revisions"}],"predecessor-version":[{"id":985,"href":"https:\/\/www.revier67.ch\/solothurn\/wp-json\/wp\/v2\/pages\/448\/revisions\/985"}],"wp:attachment":[{"href":"https:\/\/www.revier67.ch\/solothurn\/wp-json\/wp\/v2\/media?parent=448"}],"curies":[{"name":"wp","href":"https:\/\/api.w.org\/{rel}","templated":true}]}}