{"id":504,"date":"2021-06-10T17:40:40","date_gmt":"2021-06-10T17:40:40","guid":{"rendered":"https:\/\/www.revier67.ch\/solothurn\/?page_id=504"},"modified":"2021-06-10T17:45:44","modified_gmt":"2021-06-10T17:45:44","slug":"die-gams","status":"publish","type":"page","link":"https:\/\/www.revier67.ch\/solothurn\/die-jagd\/unser-wild\/die-gams\/","title":{"rendered":"Die Gams"},"content":{"rendered":"\n<figure class=\"wp-block-image size-large\"><img data-recalc-dims=\"1\" fetchpriority=\"high\" decoding=\"async\" width=\"870\" height=\"320\" src=\"https:\/\/i0.wp.com\/www.revier67.ch\/solothurn\/wp-content\/uploads\/2021\/05\/Title-1.jpg?resize=870%2C320&#038;ssl=1\" alt=\"Gams\" class=\"wp-image-402\" srcset=\"https:\/\/i0.wp.com\/www.revier67.ch\/solothurn\/wp-content\/uploads\/2021\/05\/Title-1.jpg?w=870&amp;ssl=1 870w, https:\/\/i0.wp.com\/www.revier67.ch\/solothurn\/wp-content\/uploads\/2021\/05\/Title-1.jpg?resize=300%2C110&amp;ssl=1 300w, https:\/\/i0.wp.com\/www.revier67.ch\/solothurn\/wp-content\/uploads\/2021\/05\/Title-1.jpg?resize=768%2C282&amp;ssl=1 768w\" sizes=\"(max-width: 870px) 100vw, 870px\" \/><\/figure>\n\n\n\n<blockquote class=\"wp-block-quote is-layout-flow wp-block-quote-is-layout-flow\"><p>Trittsicher und Schwindelfrei&#8230;<br>Gams-Kitze k\u00f6nnen ihrer Mutter schon wenige Stunden nach der Geburt in schwieriges Gel\u00e4nde folgen.<\/p><\/blockquote>\n\n\n<h2>Einleitung<\/h2>\n<p>Die G\u00e4mse \u00fcberlebte die ungeregelten Jagdverh\u00e4ltnisse im 19. Jahrhundert nur knapp, kleine Restbest\u00e4nde konnten sich in alpinen R\u00fcckzugsgebieten halten. Nach Inkrafttreten des neuen Jagdgesetzes im Jahr 1876 konnte sich die Wildart wieder ausbreiten.<br>In den Voralpen und dem Jura wurde die G\u00e4mse jedoch vollst\u00e4ndig ausgerottet. Der heutige Bestand geht auf Aussetzungen in den 50er und 60er Jahren des letzten Jahrhunderts zur\u00fcck (Waldenburg).<br>Der derzeitige Bestand wird auf rund 95&#8217;000 Tiere gesch\u00e4tzt, der j\u00e4hrliche Abschuss betr\u00e4gt ca. 14&#8217;500 St\u00fcck.<\/p>\n<div class=\"su-accordion su-u-trim\"> <div class=\"su-spoiler su-spoiler-style-default su-spoiler-icon-plus su-spoiler-closed\" data-scroll-offset=\"0\" data-anchor-in-url=\"no\"><div class=\"su-spoiler-title\" tabindex=\"0\" role=\"button\"><span class=\"su-spoiler-icon\"><\/span>Steckbrief<\/div><div class=\"su-spoiler-content su-u-clearfix su-u-trim\"> <\/p>\n<p><\/p>\n\n\n<figure class=\"wp-block-table\"><table class=\"has-fixed-layout\"><tbody><tr><td>Einordnung<\/td><td>Paarhufer &gt; Wiederk\u00e4uer &gt; Geh\u00f6rntr\u00e4ger<\/td><\/tr><tr><td>Gewicht<\/td><td>B\u00f6cke bis 35kg, Geissen bis 25kg<\/td><\/tr><tr><td>Paarungszeit (Brunft oder auch Blattzeit)<\/td><td>November\/Dezember<\/td><\/tr><tr><td>Tragzeit<\/td><td>ca. 6 Monate<\/td><\/tr><tr><td>Setzzeit<\/td><td>Mitte Mai bis Mitte Juni<\/td><\/tr><tr><td>Anzahl Junge (Kitze)<\/td><td>1<\/td><\/tr><tr><td>S\u00e4ugezeit<\/td><td>ca. 6 Monate<\/td><\/tr><tr><td>Geh\u00f6rn<\/td><td>Beide Geschlechter tragen rund 25cm lange hakig gekr\u00fcmmte H\u00f6rner (Kruken). Bockh\u00f6rner sind dicker und st\u00e4rker gekr\u00fcmmt. Es bilden sich j\u00e4hrliche Zuwachsringe.<\/td><\/tr><tr><td>Nahrung<\/td><td>Kr\u00e4uter, Triebe, Gr\u00e4ser, Bl\u00e4tter von Laubh\u00f6lzern, Str\u00e4uchen und Zwergstr\u00e4uchern. Nadeln von Nadelb\u00e4umen, Flechten<\/td><\/tr><tr><td>\u00c4sungstyp<\/td><td>Misch\u00e4ser<\/td><\/tr><tr><td>Nat\u00fcrliche Beutegreifer<\/td><td>Luchs, Wolf, Steinadler (besonders Jungtiere)<\/td><\/tr><tr><td>H\u00e4ufigste Sch\u00e4den<\/td><td>Verbisssch\u00e4den.<\/td><\/tr><tr><td>Verbreitungsgebiet (CH)<br><\/td><td>Ganzer Alpen- und Voralpenraum, Jura und kleine Kolonien im Mittelland.<\/td><\/tr><\/tbody><\/table><\/figure>\n\n\n<p><\/p>\n<p> <\/div><\/div>  <div class=\"su-spoiler su-spoiler-style-default su-spoiler-icon-plus su-spoiler-closed\" data-scroll-offset=\"0\" data-anchor-in-url=\"no\"><div class=\"su-spoiler-title\" tabindex=\"0\" role=\"button\"><span class=\"su-spoiler-icon\"><\/span>Jagdsprachliche Bezeichnungen<\/div><div class=\"su-spoiler-content su-u-clearfix su-u-trim\"> <\/p>\n<p><\/p>\n\n\n<figure class=\"wp-block-table\"><table class=\"has-fixed-layout\"><tbody><tr><td>Erwachsene Tiere<\/td><td>Bock \u2642 Geiss \u2640<\/td><\/tr><tr><td>Jungtiere<\/td><td>Kitz<\/td><\/tr><tr><td>Tiergruppe<\/td><td>Rudel<\/td><\/tr><tr><td>Fell<\/td><td>Decke<\/td><\/tr><tr><td>Augen<\/td><td>Lichter<\/td><\/tr><tr><td>Ohren<\/td><td>Lauscher<\/td><\/tr><tr><td>Beine \/ F\u00fcsse<\/td><td>L\u00e4ufe \/ Schalen<\/td><\/tr><tr><td>Schwanz <\/td><td>Wedel<\/td><\/tr><tr><td>Paarungszeit<\/td><td>Brunft<\/td><\/tr><tr><td>Geburt<\/td><td>Setzen<\/td><\/tr><\/tbody><\/table><\/figure>\n\n\n\n<div class=\"wp-block-image\"><figure class=\"aligncenter size-large\"><a href=\"https:\/\/i0.wp.com\/jagen.blog\/wp-content\/uploads\/2021\/06\/tatra-chamois-looking-from-dry-grass-autumn-scaled.jpg?ssl=1\"><img data-recalc-dims=\"1\" height=\"683\" width=\"1024\" decoding=\"async\" src=\"https:\/\/i0.wp.com\/jagen.blog\/wp-content\/uploads\/2021\/06\/tatra-chamois-looking-from-dry-grass-autumn-1024x683.jpg?resize=1024%2C683&#038;ssl=1\" alt=\"\" class=\"wp-image-7650\"\/><\/a><figcaption>G\u00e4mse<\/figcaption><\/figure><\/div>\n\n\n<p><\/p>\n<p> <\/div><\/div>  <div class=\"su-spoiler su-spoiler-style-default su-spoiler-icon-plus su-spoiler-closed\" data-scroll-offset=\"0\" data-anchor-in-url=\"no\"><div class=\"su-spoiler-title\" tabindex=\"0\" role=\"button\"><span class=\"su-spoiler-icon\"><\/span>Sinne<\/div><div class=\"su-spoiler-content su-u-clearfix su-u-trim\"> <\/p>\n<p>G\u00e4mse k\u00f6nnen gut sehen. Besonders Bewegungen nehmen sie schnell war, was wichtig ist, damit sie Feinde rechtzeitig erkennen. Der Geruchssinn der Tiere ist ebenfalls gut ausgepr\u00e4gt. Er ist wichtig f\u00fcr die soziale Interaktion. Obwohl G\u00e4mse sehr gut h\u00f6ren k\u00f6nnen, ist auf diesen Sinn nicht immer Verlass. Die Tiere lassen sich leicht vom Echo irritieren und laufen dann in die falsche Richtung.<\/p>\n<p> <\/div><\/div>  <div class=\"su-spoiler su-spoiler-style-default su-spoiler-icon-plus su-spoiler-closed\" data-scroll-offset=\"0\" data-anchor-in-url=\"no\"><div class=\"su-spoiler-title\" tabindex=\"0\" role=\"button\"><span class=\"su-spoiler-icon\"><\/span>Lebensraum<\/div><div class=\"su-spoiler-content su-u-clearfix su-u-trim\"> <\/p>\n<p>G\u00e4msen sind heute typische Gebirgsbewohner, die urspr\u00fcnglich jedoch auch in vielen Mittelgebirgen beheimatet waren. Im Sommer besiedeln sie die felsigen Hochlagen, Latschen- und Ger\u00f6llfelder und Almmatten und sind weniger im Wald anzutreffen. Bei hoher Schneelage ziehen sie sich in die Bergw\u00e4lder zur\u00fcck, wo sie noch Nahrung finden k\u00f6nnen.<\/p>\n<p>Bei Tieren in W\u00e4ldern in Tieflage sprechen wir von &#8218;Waldg\u00e4msen&#8216; bei Tieren die mehrheitlich in den Gipfelregionen der Alpen leben, spricht man von &#8218;Gratg\u00e4msen&#8216;.<\/p>\n<p>Ein optimales G\u00e4mshabitat besteht aus Verzahnungen von felsigem R\u00fcckzugbereichen mit Nahrungsreichen \u00c4sungsgebieten und schattigen, m\u00f6glichst bewaldeten Ruhepl\u00e4tzen. <br>G\u00e4msen meiden die Sommerhitze und suchen im Wald, in schattigen W\u00e4ldern oder auf Schneefeldern nach Abk\u00fchlung.<\/p>\n<p>Viele Tiere \u00fcberwintern steilen Waldgebieten, es gibt aber auch Best\u00e4nde die oberhalb der Waldgrenze \u00fcberwintern und dabei auf sonnige, schneearme H\u00e4nge und Kuppen zur Nahrungssuche angewiesen sind.<\/p>\n<p>Im Fr\u00fchjahr werden zu \u00c4sen gerne ausapernde Wiesen aufgesucht. Zum Ruhen w\u00e4hlen G\u00e4msen Sommer wie Winter gerne \u00fcbersichtliche Orte. Bevorzugte sommerliche Ruhepl\u00e4tze sind k\u00fchl, winterliche besonnt und m\u00f6glichst windfrei.<\/p>\n<p> <\/div><\/div>  <div class=\"su-spoiler su-spoiler-style-default su-spoiler-icon-plus su-spoiler-closed\" data-scroll-offset=\"0\" data-anchor-in-url=\"no\"><div class=\"su-spoiler-title\" tabindex=\"0\" role=\"button\"><span class=\"su-spoiler-icon\"><\/span>Das spezielle Leben in Hochlagen<\/div><div class=\"su-spoiler-content su-u-clearfix su-u-trim\"> <\/p>\n<p>Durch einen ungew\u00f6hnlich hohen Anteil roter Blutk\u00f6rperchen werden ihre K\u00f6rper auch bei hoher k\u00f6rperlicher Leistung mit ausreichend Sauerstoff versorgt. Das Besondere sind ihre Herzen: Ein Gamsherz hat ein sehr grosses Volumen und sein Muskel ist wesentlich dicker als bei \u201eFlachlandsportlern\u201c, wie etwa dem Reh. Dadurch \u00fcbersteht Gamswild wenn n\u00f6tig bis zu 200 Herzschl\u00e4ge pro Minute.<\/p>\n<p> <\/div><\/div>  <div class=\"su-spoiler su-spoiler-style-default su-spoiler-icon-plus su-spoiler-closed\" data-scroll-offset=\"0\" data-anchor-in-url=\"no\"><div class=\"su-spoiler-title\" tabindex=\"0\" role=\"button\"><span class=\"su-spoiler-icon\"><\/span>Verhalten<\/div><div class=\"su-spoiler-content su-u-clearfix su-u-trim\"> <\/p>\n<p>G\u00e4msen leben ganzj\u00e4hrig gesellig in Rudeln. Geissrudel bestehen aus Muttertieren mit ihre Kitzen, weiblichen Jungtieren und gelegentlich sind auch vereinzelt Jungb\u00f6cke zu beobachten. Die weiblichen Jungtiere bleiben h\u00e4ufig im Streifgebiet der Mutter, dies f\u00fchrt dazu dass Geissrudel meist aus m\u00fctterlich verwandten Tieren bestehen.<\/p>\n<p>Die Einstandsgebiete bleiben oft \u00fcber Jahrzehnte die selben.<\/p>\n<p>Die Erwachsenen Tiere des Rudels bilden unter sich eine recht stabile Rangordnung. Aus diesem Grund sind K\u00e4mpfe selten zu beobachten.  N\u00e4hert sich eine schw\u00e4chere G\u00e4mse, droht die st\u00e4rkere durch Senken ihrer Kruken.<\/p>\n<p>Gamsb\u00f6cke wandern meist im J\u00e4hrlingsalter vom Geissrudel ab. Junge und mittelalte (2-6 j\u00e4hrige) B\u00f6cke bilden Bockrudel. Alte B\u00f6cke (ab 7-8 j\u00e4hrig) leben ausserhalb des Brunftzeit meist einzelg\u00e4ngerisch und oft in Waldgebieten (Waldg\u00e4msen).<\/p>\n<p> <\/div><\/div> <div class=\"su-spoiler su-spoiler-style-default su-spoiler-icon-plus su-spoiler-closed\" data-scroll-offset=\"0\" data-anchor-in-url=\"no\"><div class=\"su-spoiler-title\" tabindex=\"0\" role=\"button\"><span class=\"su-spoiler-icon\"><\/span>Fortbewegung<\/div><div class=\"su-spoiler-content su-u-clearfix su-u-trim\"> <\/p>\n<p>Die G\u00e4mse ist ein sehr agiler und ausdauernder Kletterer mit einem grossen Sprungverm\u00f6gen. Dank ihrer spreizbaren Hufe (Schalen) und hartgummiartigen Sohlen k\u00f6nnen sie im felsigen Gel\u00e4nde bis zu zwei Meter hohe und sechs Meter weite Spr\u00fcnge absolvieren und in absch\u00fcssigem Gel\u00e4nde bis zu 50 km\/h schnell sein. Oft stehen sie auf winzigen Felsvorspr\u00fcngen. Die ausgepr\u00e4gt spreizbaren Schalen verhindern auch eine \u00fcberm\u00e4ssiges einsinken im Schnee.<\/p>\n\n\n<div class=\"wp-block-image\"><figure class=\"aligncenter size-large\"><a href=\"https:\/\/i0.wp.com\/jagen.blog\/wp-content\/uploads\/2021\/06\/t_00_279_toni_kerschbaumer.jpg?ssl=1\"><img data-recalc-dims=\"1\" decoding=\"async\" src=\"https:\/\/i0.wp.com\/jagen.blog\/wp-content\/uploads\/2021\/06\/t_00_279_toni_kerschbaumer.jpg?w=1200&#038;ssl=1\" alt=\"\" class=\"wp-image-7654\"\/><\/a><figcaption>Gams und Felsen &#8211; das passt.<\/figcaption><\/figure><\/div>\n\n\n<\/div><\/div> <div class=\"su-spoiler su-spoiler-style-default su-spoiler-icon-plus su-spoiler-closed\" data-scroll-offset=\"0\" data-anchor-in-url=\"no\"><div class=\"su-spoiler-title\" tabindex=\"0\" role=\"button\"><span class=\"su-spoiler-icon\"><\/span>Trittsiegel<\/div><div class=\"su-spoiler-content su-u-clearfix su-u-trim\">\n\n\n<div class=\"wp-block-image\"><figure class=\"aligncenter size-large\"><a href=\"https:\/\/i0.wp.com\/jagen.blog\/wp-content\/uploads\/2021\/06\/Trittsiegel.jpg?ssl=1\"><img data-recalc-dims=\"1\" decoding=\"async\" src=\"https:\/\/i0.wp.com\/jagen.blog\/wp-content\/uploads\/2021\/06\/Trittsiegel.jpg?w=1200&#038;ssl=1\" alt=\"\" class=\"wp-image-7656\"\/><\/a><figcaption>Trittsiegel einer Gams<\/figcaption><\/figure><\/div>\n\n\n<\/div><\/div> <div class=\"su-spoiler su-spoiler-style-default su-spoiler-icon-plus su-spoiler-closed\" data-scroll-offset=\"0\" data-anchor-in-url=\"no\"><div class=\"su-spoiler-title\" tabindex=\"0\" role=\"button\"><span class=\"su-spoiler-icon\"><\/span>Laute<\/div><div class=\"su-spoiler-content su-u-clearfix su-u-trim\">\n<p>G\u00e4msen verf\u00fcgen \u00fcber ein grosses Repertoire an Gestik und Laut\u00e4usserungen.<\/p>\n<ul>\n<li>\u201ePfeifen\u201c als Warnlaut z.B. f\u00fcr die Kitze beim Anflug von Steinadlern<\/li>\n<li>\u201eBl\u00e4dern\u201c der typische Brunftlaut des Bockes beim Ann\u00e4hern an die Geiss<\/li>\n<li>\u201eMeckern\u201c als Angst- und Suchlaut<\/li>\n<\/ul>\n\n\n<figure class=\"wp-block-embed is-type-video is-provider-youtube wp-block-embed-youtube wp-embed-aspect-16-9 wp-has-aspect-ratio\"><div class=\"wp-block-embed__wrapper\">\n<p class=\"responsive-video-wrap clr\"><iframe title=\"Pfeifender und stampfender Gamsbock in den Ammergauer Alpen\" width=\"1200\" height=\"675\" src=\"https:\/\/www.youtube.com\/embed\/JL_iyguMsho?feature=oembed\" frameborder=\"0\" allow=\"accelerometer; autoplay; clipboard-write; encrypted-media; gyroscope; picture-in-picture\" allowfullscreen><\/iframe><\/p>\n<\/div><figcaption>Pfeifender und stampfender Gamsbock in den Ammergauer Alpen<\/figcaption><\/figure>\n\n\n<\/div><\/div> <div class=\"su-spoiler su-spoiler-style-default su-spoiler-icon-plus su-spoiler-closed\" data-scroll-offset=\"0\" data-anchor-in-url=\"no\"><div class=\"su-spoiler-title\" tabindex=\"0\" role=\"button\"><span class=\"su-spoiler-icon\"><\/span>Geh\u00f6rn<\/div><div class=\"su-spoiler-content su-u-clearfix su-u-trim\">\n<p>Die H\u00f6rner der Gemse &#8211; sie werden Krickel oder Kruke genannt &#8211; sind wie bei allen Boviden, abgesehen von der \u00e4ussersten, keratinisierten ( verhornten ) Schicht, lebende Strukturen: Aus den beiden Stirnbeinen wachsen kleine Knochenh\u00f6cker, die sich allm\u00e4hlich zu Knochenzapfen heranbilden. Sie nehmen w\u00e4hrend des ganzen Lebens des Tieres an L\u00e4nge zu, wobei das Wachstum zuerst sehr schnell, ab sechs Jahren dann sehr langsam voran geht. Die Krickel sind bei alten B\u00f6cken zwischen 24 und 29 cm lang.<\/p>\n\n\n<div class=\"wp-block-image\"><figure class=\"aligncenter size-large\"><a href=\"https:\/\/i0.wp.com\/jagen.blog\/wp-content\/uploads\/2021\/06\/image-1.png?ssl=1\"><img data-recalc-dims=\"1\" decoding=\"async\" src=\"https:\/\/i0.wp.com\/jagen.blog\/wp-content\/uploads\/2021\/06\/image-1.png?w=1200&#038;ssl=1\" alt=\"\" class=\"wp-image-7660\"\/><\/a><figcaption>Gamsbock mit markierten Jahrringen (ca. 8 1\/2 Jahre alt).<\/figcaption><\/figure><\/div>\n\n\n<\/div><\/div> <div class=\"su-spoiler su-spoiler-style-default su-spoiler-icon-plus su-spoiler-closed\" data-scroll-offset=\"0\" data-anchor-in-url=\"no\"><div class=\"su-spoiler-title\" tabindex=\"0\" role=\"button\"><span class=\"su-spoiler-icon\"><\/span>Ern\u00e4hrung<\/div><div class=\"su-spoiler-content su-u-clearfix su-u-trim\"> <\/p>\n<p>Die Ern\u00e4hrung der G\u00e4msen \u00e4ndert im Laufe der Jahreszeit. Im Sommer \u00e4sen die G\u00e4msen zum gr\u00f6ssten Teil junge Gr\u00e4ser und Kr\u00e4uter &#8211; \u00e4hnlich wie ein Konzentrationsselektierers z.B. das <a href=\"https:\/\/jagen.blog\/2018\/10\/02\/waldbewohner-das-reh\/\" data-type=\"post\" data-id=\"863\" target=\"_blank\" rel=\"noreferrer noopener nofollow\">Reh<\/a>. Dank dieser Sommer\u00e4sung ist die Gams in der Lage eine \u00fcberlebenswichtigen Fettvorrat f\u00fcr den Winter anzulegen.<\/p>\n<p>Im Winter passt sich das Verdauungssystem der Gams der qualitativ schlechteren Nahrung an. In dieser Jahreszeit \u00e4st sie meist altes Gras, Flechten sowie Nadeln von Nadelb\u00e4umen und Zwergstr\u00e4uchern. Aus diesem Grund z\u00e4hlen wir die G\u00e4msen zum den Misch\u00e4sern.<\/p>\n<p> <\/div><\/div> <div class=\"su-spoiler su-spoiler-style-default su-spoiler-icon-plus su-spoiler-closed\" data-scroll-offset=\"0\" data-anchor-in-url=\"no\"><div class=\"su-spoiler-title\" tabindex=\"0\" role=\"button\"><span class=\"su-spoiler-icon\"><\/span>Losung<\/div><div class=\"su-spoiler-content su-u-clearfix su-u-trim\"> <\/p>\n<div class=\"wp-block-image\">\n<figure class=\"aligncenter size-large\"><a href=\"https:\/\/i0.wp.com\/jagen.blog\/wp-content\/uploads\/2021\/06\/Losung.jpg?ssl=1\"><img data-recalc-dims=\"1\" height=\"683\" width=\"1024\" decoding=\"async\" src=\"https:\/\/i0.wp.com\/jagen.blog\/wp-content\/uploads\/2021\/06\/Losung-1024x683.jpg?resize=1024%2C683&#038;ssl=1\" alt=\"\" class=\"wp-image-7662\"><\/a><figcaption>Gamslosung \u00a9Hauke Bendt<\/figcaption><\/figure>\n<\/div>\n<p> <\/div><\/div> <div class=\"su-spoiler su-spoiler-style-default su-spoiler-icon-plus su-spoiler-closed\" data-scroll-offset=\"0\" data-anchor-in-url=\"no\"><div class=\"su-spoiler-title\" tabindex=\"0\" role=\"button\"><span class=\"su-spoiler-icon\"><\/span>Fortpflanzung<\/div><div class=\"su-spoiler-content su-u-clearfix su-u-trim\"> <\/p>\n<p>Die Fortpflanzung findet haupts\u00e4chlich im November statt. Die Geissen werden \u00fcblicherweise im alter von 2 bis 3 Jahren Geschlechtsreif, die B\u00f6cke bereits als J\u00e4hrlinge. Die Jungb\u00f6cke bleiben meist durch die Anwesenheit \u00e4lterer B\u00f6cke von der Brunft ausgeschlossen &#8211; die alten Platzb\u00f6cke verteidigen die Geissrudel und sorgen daf\u00fcr, dass die Brunft f\u00fcr die Geissen ruhig verl\u00e4uft.<\/p>\n<p>Zum Beginn der Brunft nehmen die die Platzb\u00f6cke ihre Territorien in Beschlag und verteidigen diese heftig gegen\u00fcber ihren Konkurrenten.<br>Die Konkurrenten werden in wilder Hetzjagd verfolgt und vertrieben.<\/p>\n<p>Den Brunftzustand der Geissen riechen die B\u00f6cke an deren Harn. Im idealen Zustand duldet die Geiss nur w\u00e4hren 2-3 Tagen K\u00f6rperkontakt zu einem Bock, sollte es in dieser Zeit nicht zur Befruchtung reichen wird die Geiss 3 Wochen sp\u00e4ter nochmals brunftig.<\/p>\n<p>Zum setzten ziehen sich die Geissen an traditionelle Setzeinst\u00e4nde zur\u00fcck, Kitze aus dem Vorjahr werden vorher aktiv vertrieben. Als Nestfl\u00fcchter folgen die frisch gesetzten Jungen schon Stunden nach der Geburt der Geiss. Nach etwa einer Woche schliesst sich die Geiss mit dem Jungen wieder dem Rudel an. Der Kontakt zwischen Geiss und Kitz ist in den ersten Monaten sehr intensiv &#8211; bei Ruhen zum Beispiel liegen sie stets K\u00f6rper an K\u00f6rper. <\/p>\n<p>Geiss und Kitz erkennen sich \u00e4hnlich wie das <a href=\"https:\/\/jagen.blog\/2018\/10\/02\/waldbewohner-das-reh\/\" data-type=\"post\" data-id=\"863\" target=\"_blank\" rel=\"noreferrer noopener nofollow\">Reh <\/a>an Geruch und im Fall des Gams am meckernden Ruf. <\/p>\n<p>Bereits nach 14 Tagen naschen die Kitze die ersten Kr\u00e4uter und schon ab der 5. Lebenswoche stellt das \u00c4sen von Kr\u00e4utern eine wichtige Nahrungsquelle dar. Ab dem Herbst werden die Jungen nicht mehr ges\u00e4ugt sind aber trotzdem auf die F\u00fchrung der Geissen angewiesen &#8211; verwaiste Kitze werden vom Rudel verstossen und haben eine sehr geringe \u00dcberlebenschache.<\/p>\n<p> <\/div><\/div> <div class=\"su-spoiler su-spoiler-style-default su-spoiler-icon-plus su-spoiler-closed\" data-scroll-offset=\"0\" data-anchor-in-url=\"no\"><div class=\"su-spoiler-title\" tabindex=\"0\" role=\"button\"><span class=\"su-spoiler-icon\"><\/span>Population<\/div><div class=\"su-spoiler-content su-u-clearfix su-u-trim\"> <\/p>\n<p>G\u00e4msen haben eine sehr geringe Fortpflanzungsleistung im Vergleich zu andern Schalenwildarten. Einbr\u00fcche im Bestand &#8211; Krankheiten, Nahrungsmangel etc. &#8211; werden somit nur sehr langsam ausgeglichen.<\/p>\n<p>Die j\u00e4hrliche Zuwachsrate einer Gamspopulation betr\u00e4gt nur 10 bis 20%, abh\u00e4ngig von der H\u00e4rte der Lebensbedingungen. Diese tiefe Zuwachsrate wird jedoch durch eine relativ hohe Lebenserwartung der einzelnen Tiere (B\u00f6cke ca. 15 Jahre, Geissen ca. 18 Jahre) und eine lange Fortpflanzungsf\u00e4higkeit ausgeglichen.<\/p>\n<p>Kalte, Schnee- und Lawinenreiche Winter sowie Krankheiten wie die G\u00e4msblindheit und G\u00e4nsr\u00e4ude fordern hohe Verluste. Grossraubtiere &#8211; bei uns besonders der <a href=\"https:\/\/jagen.blog\/2019\/08\/06\/waldbewohner-der-luchs\/\" data-type=\"post\" data-id=\"3031\" target=\"_blank\" rel=\"noreferrer noopener\">Luchs<\/a>, k\u00f6nnen in Waldreichen Gamslebensr\u00e4umen zu einem regionalen R\u00fcckgang der Gamspopulation f\u00fchren.<\/p>\n<p> <\/div><\/div> <div class=\"su-spoiler su-spoiler-style-default su-spoiler-icon-plus su-spoiler-closed\" data-scroll-offset=\"0\" data-anchor-in-url=\"no\"><div class=\"su-spoiler-title\" tabindex=\"0\" role=\"button\"><span class=\"su-spoiler-icon\"><\/span>Konflikte<\/div><div class=\"su-spoiler-content su-u-clearfix su-u-trim\"> <\/p>\n<p>Die Nutzung von Alpfl\u00e4chen zu Haltung von Nutzvieh insbesondere Schafen kann zu Problemen im Bereich der Nahrungskonkurrenz f\u00fchren. Auch das \u00dcbertragen von Krankheiten vom Nutzvieh auf die G\u00e4mse ist immer wieder zu beobachten! Hier sei besonders die Gamsblindheit erw\u00e4hnt, eine bakterielle Erkrankung die fr\u00fcher oder sp\u00e4ter zur Erblindung der Gams f\u00fchrt und ihr somit die M\u00f6glichkeit nimmt sich sicher im Gel\u00e4nde zu bewegen.<\/p>\n<p>Die Nutzung der Lebensr\u00e4ume unseres Wildes f\u00fchrt ebenfalls zu Problemen. Bei den G\u00e4msen f\u00fchrt diese Nutzung dazu, dass die Tiere im Winter in den Wald abgedr\u00e4ngt werden und es dort zu Verbisssch\u00e4den kommt. Es kann sogar soweit kommen das die G\u00e4msen das ganze Gebiet verlassen. Dies f\u00fchrt besonders im Winter zu schwerwiegenden Energieengp\u00e4ssen, welche auch t\u00f6dlich enden k\u00f6nnen.<br>Wildruhezonen k\u00f6nnen hier ein Weg sein diese Problem zu entsch\u00e4rfen.<\/p>\n<p> <\/div><\/div> <div class=\"su-spoiler su-spoiler-style-default su-spoiler-icon-plus su-spoiler-closed\" data-scroll-offset=\"0\" data-anchor-in-url=\"no\"><div class=\"su-spoiler-title\" tabindex=\"0\" role=\"button\"><span class=\"su-spoiler-icon\"><\/span>Altersbestimmung<\/div><div class=\"su-spoiler-content su-u-clearfix su-u-trim\"> <\/p>\n<p>B\u00f6cke sind massiger und schwerer wie Geissen, sp\u00e4testens mit 3 Jahren wird beim Bock der Pinsel sichtbar. Geissen und m\u00e4nnliche Jungtiere (bis zum 2 1\/2 j\u00e4hrigen Bock) senken beim N\u00e4ssen das Becken. Beim Bock fliesst aufgrund des Pinsels der Harnstrahl nach vorne oder nach unten.<\/p>\n<p>Die Krickel der B\u00f6cke sind in der Regel dicker und an der Basis runder als bei den Geissen, sie weisen auch eine st\u00e4rkere Kr\u00fcmmung &#8211; die Hakelung, auf.<\/p>\n<p>F\u00fchrende Geissen sind praktisch nur durch Beobachtung durch das Spektiv erkennbar, das Ges\u00e4uge ist leicht geschwollen und weist die Form einer hohlen Hand auf<\/p>\n<p>Erlegte Tiere k\u00f6nnen anhand der Jahrringe am Geh\u00f6rn und bis zum 4. Lebensjahr am Gebiss bestimmt werden.<\/p>\n\n\n<div class=\"wp-block-image\"><figure class=\"aligncenter size-large\"><a href=\"https:\/\/i0.wp.com\/jagen.blog\/wp-content\/uploads\/2021\/06\/Gebiss-2.jpg?ssl=1\"><img data-recalc-dims=\"1\" decoding=\"async\" src=\"https:\/\/i0.wp.com\/jagen.blog\/wp-content\/uploads\/2021\/06\/Gebiss-2.jpg?w=1200&#038;ssl=1\" alt=\"\" class=\"wp-image-7669\"\/><\/a><figcaption>Das Gamsgebiss<\/figcaption><\/figure><\/div>\n\n\n<\/div><\/div> <\/div>","protected":false},"excerpt":{"rendered":"<p>Trittsicher und Schwindelfrei&#8230;Gams-Kitze k\u00f6nnen ihrer Mutter schon wenige Stunden nach der Geburt in schwieriges Gel\u00e4nde folgen. Einleitung Die G\u00e4mse \u00fcberlebte die ungeregelten Jagdverh\u00e4ltnisse im 19. Jahrhundert nur knapp, kleine Restbest\u00e4nde konnten sich in alpinen R\u00fcckzugsgebieten halten. Nach Inkrafttreten des neuen Jagdgesetzes im Jahr 1876 konnte sich die Wildart wieder ausbreiten.In den Voralpen und dem Jura [&hellip;]<\/p>\n","protected":false},"author":6,"featured_media":402,"parent":365,"menu_order":0,"comment_status":"closed","ping_status":"closed","template":"","meta":{"ocean_post_layout":"","ocean_both_sidebars_style":"","ocean_both_sidebars_content_width":0,"ocean_both_sidebars_sidebars_width":0,"ocean_sidebar":"0","ocean_second_sidebar":"0","ocean_disable_margins":"enable","ocean_add_body_class":"","ocean_shortcode_before_top_bar":"","ocean_shortcode_after_top_bar":"","ocean_shortcode_before_header":"","ocean_shortcode_after_header":"","ocean_has_shortcode":"","ocean_shortcode_after_title":"","ocean_shortcode_before_footer_widgets":"","ocean_shortcode_after_footer_widgets":"","ocean_shortcode_before_footer_bottom":"","ocean_shortcode_after_footer_bottom":"","ocean_display_top_bar":"default","ocean_display_header":"default","ocean_header_style":"","ocean_center_header_left_menu":"0","ocean_custom_header_template":"0","ocean_custom_logo":0,"ocean_custom_retina_logo":0,"ocean_custom_logo_max_width":0,"ocean_custom_logo_tablet_max_width":0,"ocean_custom_logo_mobile_max_width":0,"ocean_custom_logo_max_height":0,"ocean_custom_logo_tablet_max_height":0,"ocean_custom_logo_mobile_max_height":0,"ocean_header_custom_menu":"0","ocean_menu_typo_font_family":"0","ocean_menu_typo_font_subset":"","ocean_menu_typo_font_size":0,"ocean_menu_typo_font_size_tablet":0,"ocean_menu_typo_font_size_mobile":0,"ocean_menu_typo_font_size_unit":"px","ocean_menu_typo_font_weight":"","ocean_menu_typo_font_weight_tablet":"","ocean_menu_typo_font_weight_mobile":"","ocean_menu_typo_transform":"","ocean_menu_typo_transform_tablet":"","ocean_menu_typo_transform_mobile":"","ocean_menu_typo_line_height":0,"ocean_menu_typo_line_height_tablet":0,"ocean_menu_typo_line_height_mobile":0,"ocean_menu_typo_line_height_unit":"","ocean_menu_typo_spacing":0,"ocean_menu_typo_spacing_tablet":0,"ocean_menu_typo_spacing_mobile":0,"ocean_menu_typo_spacing_unit":"","ocean_menu_link_color":"","ocean_menu_link_color_hover":"","ocean_menu_link_color_active":"","ocean_menu_link_background":"","ocean_menu_link_hover_background":"","ocean_menu_link_active_background":"","ocean_menu_social_links_bg":"","ocean_menu_social_hover_links_bg":"","ocean_menu_social_links_color":"","ocean_menu_social_hover_links_color":"","ocean_disable_title":"default","ocean_disable_heading":"default","ocean_post_title":"","ocean_post_subheading":"","ocean_post_title_style":"","ocean_post_title_background_color":"","ocean_post_title_background":0,"ocean_post_title_bg_image_position":"","ocean_post_title_bg_image_attachment":"","ocean_post_title_bg_image_repeat":"","ocean_post_title_bg_image_size":"","ocean_post_title_height":0,"ocean_post_title_bg_overlay":0.5,"ocean_post_title_bg_overlay_color":"","ocean_disable_breadcrumbs":"default","ocean_breadcrumbs_color":"","ocean_breadcrumbs_separator_color":"","ocean_breadcrumbs_links_color":"","ocean_breadcrumbs_links_hover_color":"","ocean_display_footer_widgets":"default","ocean_display_footer_bottom":"default","ocean_custom_footer_template":"0","footnotes":""},"class_list":["post-504","page","type-page","status-publish","has-post-thumbnail","hentry","entry","has-media"],"featured_image_urls_v2":{"full":["https:\/\/i0.wp.com\/www.revier67.ch\/solothurn\/wp-content\/uploads\/2021\/05\/Title-1.jpg?fit=870%2C320&ssl=1",870,320,false],"thumbnail":["https:\/\/i0.wp.com\/www.revier67.ch\/solothurn\/wp-content\/uploads\/2021\/05\/Title-1.jpg?resize=150%2C150&ssl=1",150,150,true],"medium":["https:\/\/i0.wp.com\/www.revier67.ch\/solothurn\/wp-content\/uploads\/2021\/05\/Title-1.jpg?fit=300%2C110&ssl=1",300,110,true],"medium_large":["https:\/\/i0.wp.com\/www.revier67.ch\/solothurn\/wp-content\/uploads\/2021\/05\/Title-1.jpg?fit=768%2C282&ssl=1",768,282,true],"large":["https:\/\/i0.wp.com\/www.revier67.ch\/solothurn\/wp-content\/uploads\/2021\/05\/Title-1.jpg?fit=870%2C320&ssl=1",870,320,true],"1536x1536":["https:\/\/i0.wp.com\/www.revier67.ch\/solothurn\/wp-content\/uploads\/2021\/05\/Title-1.jpg?fit=870%2C320&ssl=1",870,320,true],"2048x2048":["https:\/\/i0.wp.com\/www.revier67.ch\/solothurn\/wp-content\/uploads\/2021\/05\/Title-1.jpg?fit=870%2C320&ssl=1",870,320,true],"ocean-thumb-m":["https:\/\/i0.wp.com\/www.revier67.ch\/solothurn\/wp-content\/uploads\/2021\/05\/Title-1.jpg?resize=600%2C320&ssl=1",600,320,true],"ocean-thumb-ml":["https:\/\/i0.wp.com\/www.revier67.ch\/solothurn\/wp-content\/uploads\/2021\/05\/Title-1.jpg?resize=800%2C320&ssl=1",800,320,true],"ocean-thumb-l":["https:\/\/i0.wp.com\/www.revier67.ch\/solothurn\/wp-content\/uploads\/2021\/05\/Title-1.jpg?resize=870%2C320&ssl=1",870,320,true]},"post_excerpt_stackable_v2":"<p>Trittsicher und Schwindelfrei&#8230;Gams-Kitze k\u00f6nnen ihrer Mutter schon wenige Stunden nach der Geburt in schwieriges Gel\u00e4nde folgen. Einleitung Die G\u00e4mse \u00fcberlebte die ungeregelten Jagdverh\u00e4ltnisse im 19. Jahrhundert nur knapp, kleine Restbest\u00e4nde konnten sich in alpinen R\u00fcckzugsgebieten halten. Nach Inkrafttreten des neuen Jagdgesetzes im Jahr 1876 konnte sich die Wildart wieder ausbreiten.In den Voralpen und dem Jura wurde die G\u00e4mse jedoch vollst\u00e4ndig ausgerottet. Der heutige Bestand geht auf Aussetzungen in den 50er und 60er Jahren des letzten Jahrhunderts zur\u00fcck (Waldenburg).Der derzeitige Bestand wird auf rund 95&#8217;000 Tiere gesch\u00e4tzt, der j\u00e4hrliche Abschuss betr\u00e4gt ca. 14&#8217;500 St\u00fcck. Steckbrief EinordnungPaarhufer &gt; Wiederk\u00e4uer &gt; Geh\u00f6rntr\u00e4gerGewichtB\u00f6cke bis&hellip;<\/p>\n","category_list_v2":"","author_info_v2":{"name":"Peter Treier","url":"https:\/\/www.revier67.ch\/solothurn\/author\/peter-treier\/"},"comments_num_v2":"0 comments","jetpack_sharing_enabled":true,"_links":{"self":[{"href":"https:\/\/www.revier67.ch\/solothurn\/wp-json\/wp\/v2\/pages\/504","targetHints":{"allow":["GET"]}}],"collection":[{"href":"https:\/\/www.revier67.ch\/solothurn\/wp-json\/wp\/v2\/pages"}],"about":[{"href":"https:\/\/www.revier67.ch\/solothurn\/wp-json\/wp\/v2\/types\/page"}],"author":[{"embeddable":true,"href":"https:\/\/www.revier67.ch\/solothurn\/wp-json\/wp\/v2\/users\/6"}],"replies":[{"embeddable":true,"href":"https:\/\/www.revier67.ch\/solothurn\/wp-json\/wp\/v2\/comments?post=504"}],"version-history":[{"count":11,"href":"https:\/\/www.revier67.ch\/solothurn\/wp-json\/wp\/v2\/pages\/504\/revisions"}],"predecessor-version":[{"id":520,"href":"https:\/\/www.revier67.ch\/solothurn\/wp-json\/wp\/v2\/pages\/504\/revisions\/520"}],"up":[{"embeddable":true,"href":"https:\/\/www.revier67.ch\/solothurn\/wp-json\/wp\/v2\/pages\/365"}],"wp:featuredmedia":[{"embeddable":true,"href":"https:\/\/www.revier67.ch\/solothurn\/wp-json\/wp\/v2\/media\/402"}],"wp:attachment":[{"href":"https:\/\/www.revier67.ch\/solothurn\/wp-json\/wp\/v2\/media?parent=504"}],"curies":[{"name":"wp","href":"https:\/\/api.w.org\/{rel}","templated":true}]}}